{"id":692,"date":"2020-05-12T11:24:10","date_gmt":"2020-05-12T15:24:10","guid":{"rendered":"http:\/\/psicologia.udd.cl\/unir\/?page_id=692"},"modified":"2021-03-23T11:41:09","modified_gmt":"2021-03-23T14:41:09","slug":"inicio","status":"publish","type":"page","link":"https:\/\/psicologia.udd.cl\/unir\/","title":{"rendered":"Inicio"},"content":{"rendered":"<section class=\"wp-block-udd-text-row block--bg-gray\">\n\t<div class=\"text-row\">\n\t\t<div class=\"text-row__content\">\n\t\t\t<div class=\"text-row__content-inner text\">\n\t\t\t\t\t\t\t\t\n<p>Buscamos conocer la realidad de la pareja contempor\u00e1nea, la expresi\u00f3n de sus problemas y el abordaje cl\u00ednico de los mismos, as\u00ed como fomentar investigaciones acerca de esta tem\u00e1tica<\/p>\n\t\t\t<\/div>\n\t\t<\/div>\n\t\t<div class=\"text-row__media\">\n\t\t\t<img loading=\"lazy\" decoding=\"async\" width=\"880\" height=\"534\" src=\"https:\/\/psicologia.udd.cl\/unir\/files\/2018\/01\/Foto-para-\u00e1rea-Cl\u00ednica-II-800x450.jpeg\" class=\"text-row__media-image lazyload\" alt=\"\" sizes=\"auto, (max-width: 880px) 100vw, 880px\" data-src=\"https:\/\/psicologia.udd.cl\/unir\/files\/2018\/01\/Foto-para-\u00e1rea-Cl\u00ednica-II.jpeg\" data-srcset=\"https:\/\/psicologia.udd.cl\/unir\/files\/2018\/01\/Foto-para-\u00e1rea-Cl\u00ednica-II.jpeg 4200w, https:\/\/psicologia.udd.cl\/unir\/files\/2018\/01\/Foto-para-\u00e1rea-Cl\u00ednica-II-300x182.jpeg 300w, https:\/\/psicologia.udd.cl\/unir\/files\/2018\/01\/Foto-para-\u00e1rea-Cl\u00ednica-II-768x466.jpeg 768w, https:\/\/psicologia.udd.cl\/unir\/files\/2018\/01\/Foto-para-\u00e1rea-Cl\u00ednica-II-1024x622.jpeg 1024w, https:\/\/psicologia.udd.cl\/unir\/files\/2018\/01\/Foto-para-\u00e1rea-Cl\u00ednica-II-960x583.jpeg 960w\" \/>\t\t<\/div>\n\t<\/div>\n<\/section>\n\n\n<!-- WP Block: UDD - Fullwidth Cards -->\n<section class=\"wp-block-udd-fullwidth-cards is-style-clear\">\n\t<div class=\"container\">\n\t\t<header class=\"block__header\">\n\t\t\t<h2 class=\"block__title\">Noticias<\/h2>\n\t\t\t\t\t\t<a href=\"https:\/\/psicologia.udd.cl\/unir\/noticias\/\" class=\"block__view-more\">\n\t\t\t\tVer m\u00e1s noticias\t\t\t<\/a>\n\t\t\t\t\t<\/header>\n\t\t<div class=\"block__content\">\n\t\t\t<div class=\"fullwidth-cards\">\n\t\t\t<div class=\"fullwidth-card-wrapper is-style-clear\">\n\t<a href=\"https:\/\/psicologia.udd.cl\/unir\/noticias\/2021\/03\/23\/profesor-investigador-psicologia-udd-comienza-su-segundo-programa-de-doctorado\/\" class=\"fullwidth-card fullwidth-card--linkable\">\n\t\t\t\t<img loading=\"lazy\" decoding=\"async\" width=\"500\" height=\"500\" src=\"https:\/\/psicologia.udd.cl\/unir\/files\/2021\/03\/Pablo-Fossa-2-62x62.jpg\" class=\"fullwidth-card__image wp-post-image lazyload\" alt=\"\" sizes=\"auto, (max-width: 500px) 100vw, 500px\" data-src=\"https:\/\/psicologia.udd.cl\/unir\/files\/2021\/03\/Pablo-Fossa-2-500x500.jpg\" data-srcset=\"https:\/\/psicologia.udd.cl\/unir\/files\/2021\/03\/Pablo-Fossa-2-500x500.jpg 500w, https:\/\/psicologia.udd.cl\/unir\/files\/2021\/03\/Pablo-Fossa-2-150x150.jpg 150w, https:\/\/psicologia.udd.cl\/unir\/files\/2021\/03\/Pablo-Fossa-2-62x62.jpg 62w, https:\/\/psicologia.udd.cl\/unir\/files\/2021\/03\/Pablo-Fossa-2-750x750.jpg 750w, https:\/\/psicologia.udd.cl\/unir\/files\/2021\/03\/Pablo-Fossa-2-250x250.jpg 250w, https:\/\/psicologia.udd.cl\/unir\/files\/2021\/03\/Pablo-Fossa-2-126x126.jpg 126w\" \/>\t\t\t\t<div class=\"fullwidth-card__content\">\n\t\t\t<span class=\"fullwidth-card__date\">\n\t\t\t\t23 de marzo 2021\t\t\t<\/span>\n\t\t\t<h3 class=\"fullwidth-card__title\">Profesor investigador Psicolog\u00eda UDD comienza su segundo programa de doctorado<\/h3>\n\t\t\t<span class=\"fullwidth-card__link\">\n\t\t\t\tConocer m\u00e1s\t\t\t<\/span>\n\t\t<\/div>\n\t<\/a>\n<\/div>\n<div class=\"fullwidth-card-wrapper is-style-clear\">\n\t<a href=\"https:\/\/psicologia.udd.cl\/unir\/noticias\/2021\/02\/24\/prensa-estudio-unir-udd-revela-fortalecimiento-de-la-pareja-durante-la-pandemia\/\" class=\"fullwidth-card fullwidth-card--linkable\">\n\t\t\t\t<img loading=\"lazy\" decoding=\"async\" width=\"500\" height=\"500\" src=\"https:\/\/psicologia.udd.cl\/unir\/files\/2021\/02\/Amor-en-tiempos-covid-62x62.jpg\" class=\"fullwidth-card__image wp-post-image lazyload\" alt=\"\" sizes=\"auto, (max-width: 500px) 100vw, 500px\" data-src=\"https:\/\/psicologia.udd.cl\/unir\/files\/2021\/02\/Amor-en-tiempos-covid-500x500.jpg\" data-srcset=\"https:\/\/psicologia.udd.cl\/unir\/files\/2021\/02\/Amor-en-tiempos-covid-500x500.jpg 500w, https:\/\/psicologia.udd.cl\/unir\/files\/2021\/02\/Amor-en-tiempos-covid-150x150.jpg 150w, https:\/\/psicologia.udd.cl\/unir\/files\/2021\/02\/Amor-en-tiempos-covid-62x62.jpg 62w, https:\/\/psicologia.udd.cl\/unir\/files\/2021\/02\/Amor-en-tiempos-covid-250x250.jpg 250w, https:\/\/psicologia.udd.cl\/unir\/files\/2021\/02\/Amor-en-tiempos-covid-126x126.jpg 126w\" \/>\t\t\t\t<div class=\"fullwidth-card__content\">\n\t\t\t<span class=\"fullwidth-card__date\">\n\t\t\t\t24 de febrero 2021\t\t\t<\/span>\n\t\t\t<h3 class=\"fullwidth-card__title\">#Prensa- Estudio UNIR UDD revela fortalecimiento de la pareja durante la pandemia<\/h3>\n\t\t\t<span class=\"fullwidth-card__link\">\n\t\t\t\tConocer m\u00e1s\t\t\t<\/span>\n\t\t<\/div>\n\t<\/a>\n<\/div>\n<div class=\"fullwidth-card-wrapper is-style-clear\">\n\t<a href=\"https:\/\/psicologia.udd.cl\/unir\/noticias\/2020\/01\/24\/primer-seminario-de-sexologia-clinica-aborda-tematica-interdisciplinariamente\/\" class=\"fullwidth-card fullwidth-card--linkable\">\n\t\t\t\t<img loading=\"lazy\" decoding=\"async\" width=\"375\" height=\"500\" src=\"https:\/\/psicologia.udd.cl\/unir\/files\/2020\/01\/279b61fc-b527-4d31-ae99-21b0fc0280e8-2.jpg\" class=\"fullwidth-card__image wp-post-image\" alt=\"\" \/>\t\t\t\t<div class=\"fullwidth-card__content\">\n\t\t\t<span class=\"fullwidth-card__date\">\n\t\t\t\t24 de enero 2020\t\t\t<\/span>\n\t\t\t<h3 class=\"fullwidth-card__title\">Primer seminario de Sexolog\u00eda Cl\u00ednica aborda tem\u00e1tica interdisciplinariamente<\/h3>\n\t\t\t<span class=\"fullwidth-card__link\">\n\t\t\t\tConocer m\u00e1s\t\t\t<\/span>\n\t\t<\/div>\n\t<\/a>\n<\/div>\n<div class=\"fullwidth-card-wrapper is-style-clear\">\n\t<a href=\"https:\/\/psicologia.udd.cl\/unir\/noticias\/2019\/07\/24\/dr-pablo-fossa-presenta-sus-investigaciones-en-congreso-interamericano-de-psicologia-en-cuba\/\" class=\"fullwidth-card fullwidth-card--linkable\">\n\t\t\t\t<img loading=\"lazy\" decoding=\"async\" width=\"375\" height=\"500\" src=\"https:\/\/psicologia.udd.cl\/unir\/files\/2019\/07\/IMG-20190721-WA0011-62x62.jpg\" class=\"fullwidth-card__image wp-post-image lazyload\" alt=\"\" sizes=\"auto, (max-width: 375px) 100vw, 375px\" data-src=\"https:\/\/psicologia.udd.cl\/unir\/files\/2019\/07\/IMG-20190721-WA0011.jpg\" data-srcset=\"https:\/\/psicologia.udd.cl\/unir\/files\/2019\/07\/IMG-20190721-WA0011.jpg 960w, https:\/\/psicologia.udd.cl\/unir\/files\/2019\/07\/IMG-20190721-WA0011-225x300.jpg 225w, https:\/\/psicologia.udd.cl\/unir\/files\/2019\/07\/IMG-20190721-WA0011-768x1024.jpg 768w, https:\/\/psicologia.udd.cl\/unir\/files\/2019\/07\/IMG-20190721-WA0011-720x960.jpg 720w\" \/>\t\t\t\t<div class=\"fullwidth-card__content\">\n\t\t\t<span class=\"fullwidth-card__date\">\n\t\t\t\t24 de julio 2019\t\t\t<\/span>\n\t\t\t<h3 class=\"fullwidth-card__title\">Dr. Pablo Fossa presenta sus investigaciones en Congreso Interamericano de Psicolog\u00eda en Cuba<\/h3>\n\t\t\t<span class=\"fullwidth-card__link\">\n\t\t\t\tConocer m\u00e1s\t\t\t<\/span>\n\t\t<\/div>\n\t<\/a>\n<\/div>\n<div class=\"fullwidth-card-wrapper is-style-clear\">\n\t<a href=\"https:\/\/psicologia.udd.cl\/unir\/noticias\/2018\/05\/30\/violencia-pololeo-dra-maria-elisa-molina\/\" class=\"fullwidth-card fullwidth-card--linkable\">\n\t\t\t\t<img loading=\"lazy\" decoding=\"async\" width=\"500\" height=\"375\" src=\"https:\/\/psicologia.udd.cl\/unir\/files\/2013\/07\/IMG_1667-62x62.jpg\" class=\"fullwidth-card__image wp-post-image lazyload\" alt=\"\" sizes=\"auto, (max-width: 500px) 100vw, 500px\" data-src=\"https:\/\/psicologia.udd.cl\/unir\/files\/2013\/07\/IMG_1667.jpg\" data-srcset=\"https:\/\/psicologia.udd.cl\/unir\/files\/2013\/07\/IMG_1667.jpg 4608w, https:\/\/psicologia.udd.cl\/unir\/files\/2013\/07\/IMG_1667-300x225.jpg 300w, https:\/\/psicologia.udd.cl\/unir\/files\/2013\/07\/IMG_1667-768x576.jpg 768w, https:\/\/psicologia.udd.cl\/unir\/files\/2013\/07\/IMG_1667-1024x768.jpg 1024w, https:\/\/psicologia.udd.cl\/unir\/files\/2013\/07\/IMG_1667-960x720.jpg 960w\" \/>\t\t\t\t<div class=\"fullwidth-card__content\">\n\t\t\t<span class=\"fullwidth-card__date\">\n\t\t\t\t30 de mayo 2018\t\t\t<\/span>\n\t\t\t<h3 class=\"fullwidth-card__title\">Violencia en el pololeo- Dra. Mar\u00eda Elisa Molina<\/h3>\n\t\t\t<span class=\"fullwidth-card__link\">\n\t\t\t\tConocer m\u00e1s\t\t\t<\/span>\n\t\t<\/div>\n\t<\/a>\n<\/div>\n\t\t\t<\/div>\n\t\t<\/div>\n\t<\/div>\n<\/section>\n\n\n<!-- WP Block: UDD - People -->\n<section class=\"wp-block-udd-people\">\n\t<div class=\"container\">\n\t\t<header class=\"block__header\">\n\t\t\t<h2 class=\"block__title\">Equipo<\/h2>\n\t\t\t\t\t\t<a href=\"https:\/\/psicologia.udd.cl\/unir\/personas\/equipo\/\" class=\"block__view-more\">\n\t\t\t\tVer todos\t\t\t<\/a>\n\t\t\t\t\t<\/header>\n\t\t<div class=\"people-cards\">\n\t\t\t\t\t<div class=\"person-card\">\n\t<a href=\"https:\/\/psicologia.udd.cl\/unir\/persona\/maria-elisa-molina-pavez\/\"\n\t\tclass=\"person-card__inner js-person-modal\"\n\t\tdata-post-id=\"307\"\n\t\tdata-postid=\"307\"\n\t>\n\t\t\t<div class=\"person-card__media\">\n\t\t\t<img loading=\"lazy\" decoding=\"async\" width=\"500\" height=\"375\" src=\"https:\/\/psicologia.udd.cl\/unir\/files\/2013\/07\/IMG_1667-62x62.jpg\" class=\"person-card__image wp-post-image lazyload\" alt=\"\" sizes=\"auto, (max-width: 500px) 100vw, 500px\" data-src=\"https:\/\/psicologia.udd.cl\/unir\/files\/2013\/07\/IMG_1667.jpg\" data-srcset=\"https:\/\/psicologia.udd.cl\/unir\/files\/2013\/07\/IMG_1667.jpg 4608w, https:\/\/psicologia.udd.cl\/unir\/files\/2013\/07\/IMG_1667-300x225.jpg 300w, https:\/\/psicologia.udd.cl\/unir\/files\/2013\/07\/IMG_1667-768x576.jpg 768w, https:\/\/psicologia.udd.cl\/unir\/files\/2013\/07\/IMG_1667-1024x768.jpg 1024w, https:\/\/psicologia.udd.cl\/unir\/files\/2013\/07\/IMG_1667-960x720.jpg 960w\" \/>\t\t<\/div>\n\t\t\t<div class=\"person-card__content\">\n\t\t\t<h3 class=\"person-card__name\">Mar\u00eda Elisa Molina Pavez<\/h3>\n\t\t\t\t\t<span class=\"person-card__description\">Directora UNIR<\/span>\n\t\t\t\t\t<span class=\"person-card__cta\">Ver perfil<\/span>\n\t\t<\/div>\n\t<\/a>\n<\/div>\n\t\t\t\t\t<div class=\"person-card\">\n\t<a href=\"https:\/\/psicologia.udd.cl\/unir\/persona\/pablo-fossa-arcila\/\"\n\t\tclass=\"person-card__inner js-person-modal\"\n\t\tdata-post-id=\"493\"\n\t\tdata-postid=\"493\"\n\t>\n\t\t\t<div class=\"person-card__media\">\n\t\t\t<img loading=\"lazy\" decoding=\"async\" width=\"500\" height=\"375\" src=\"https:\/\/psicologia.udd.cl\/unir\/files\/2017\/03\/Pablo-Fossa-2-62x62.jpg\" class=\"person-card__image wp-post-image lazyload\" alt=\"\" sizes=\"auto, (max-width: 500px) 100vw, 500px\" data-src=\"https:\/\/psicologia.udd.cl\/unir\/files\/2017\/03\/Pablo-Fossa-2.jpg\" data-srcset=\"https:\/\/psicologia.udd.cl\/unir\/files\/2017\/03\/Pablo-Fossa-2.jpg 4608w, https:\/\/psicologia.udd.cl\/unir\/files\/2017\/03\/Pablo-Fossa-2-300x225.jpg 300w, https:\/\/psicologia.udd.cl\/unir\/files\/2017\/03\/Pablo-Fossa-2-768x576.jpg 768w, https:\/\/psicologia.udd.cl\/unir\/files\/2017\/03\/Pablo-Fossa-2-1024x768.jpg 1024w, https:\/\/psicologia.udd.cl\/unir\/files\/2017\/03\/Pablo-Fossa-2-960x720.jpg 960w\" \/>\t\t<\/div>\n\t\t\t<div class=\"person-card__content\">\n\t\t\t<h3 class=\"person-card__name\">Pablo Fossa Arcila<\/h3>\n\t\t\t\t\t<span class=\"person-card__description\">Investigador<\/span>\n\t\t\t\t\t<span class=\"person-card__cta\">Ver perfil<\/span>\n\t\t<\/div>\n\t<\/a>\n<\/div>\n\t\t\t\t\t<div class=\"person-card\">\n\t<a href=\"https:\/\/psicologia.udd.cl\/unir\/persona\/ximena-pereira-lopez\/\"\n\t\tclass=\"person-card__inner js-person-modal\"\n\t\tdata-post-id=\"313\"\n\t\tdata-postid=\"313\"\n\t>\n\t\t\t<div class=\"person-card__media\">\n\t\t\t<img loading=\"lazy\" decoding=\"async\" width=\"500\" height=\"375\" src=\"https:\/\/psicologia.udd.cl\/unir\/files\/2013\/07\/IMG_4657-62x62.jpg\" class=\"person-card__image wp-post-image lazyload\" alt=\"\" sizes=\"auto, (max-width: 500px) 100vw, 500px\" data-src=\"https:\/\/psicologia.udd.cl\/unir\/files\/2013\/07\/IMG_4657.jpg\" data-srcset=\"https:\/\/psicologia.udd.cl\/unir\/files\/2013\/07\/IMG_4657.jpg 3072w, https:\/\/psicologia.udd.cl\/unir\/files\/2013\/07\/IMG_4657-300x225.jpg 300w, https:\/\/psicologia.udd.cl\/unir\/files\/2013\/07\/IMG_4657-1024x768.jpg 1024w, https:\/\/psicologia.udd.cl\/unir\/files\/2013\/07\/IMG_4657-960x720.jpg 960w\" \/>\t\t<\/div>\n\t\t\t<div class=\"person-card__content\">\n\t\t\t<h3 class=\"person-card__name\">Ximena Pereira L\u00f3pez<\/h3>\n\t\t\t\t\t<span class=\"person-card__description\">Investigadora<\/span>\n\t\t\t\t\t<span class=\"person-card__cta\">Ver perfil<\/span>\n\t\t<\/div>\n\t<\/a>\n<\/div>\n\t\t\t\t<\/div>\n\t<\/div>\n<\/section>\n","protected":false},"excerpt":{"rendered":"","protected":false},"author":9192211,"featured_media":0,"parent":0,"menu_order":0,"comment_status":"closed","ping_status":"closed","template":"","meta":{"footnotes":""},"class_list":["post-692","page","type-page","status-publish","hentry"],"_links":{"self":[{"href":"https:\/\/psicologia.udd.cl\/unir\/wp-json\/wp\/v2\/pages\/692","targetHints":{"allow":["GET"]}}],"collection":[{"href":"https:\/\/psicologia.udd.cl\/unir\/wp-json\/wp\/v2\/pages"}],"about":[{"href":"https:\/\/psicologia.udd.cl\/unir\/wp-json\/wp\/v2\/types\/page"}],"author":[{"embeddable":true,"href":"https:\/\/psicologia.udd.cl\/unir\/wp-json\/wp\/v2\/users\/9192211"}],"replies":[{"embeddable":true,"href":"https:\/\/psicologia.udd.cl\/unir\/wp-json\/wp\/v2\/comments?post=692"}],"version-history":[{"count":8,"href":"https:\/\/psicologia.udd.cl\/unir\/wp-json\/wp\/v2\/pages\/692\/revisions"}],"predecessor-version":[{"id":785,"href":"https:\/\/psicologia.udd.cl\/unir\/wp-json\/wp\/v2\/pages\/692\/revisions\/785"}],"wp:attachment":[{"href":"https:\/\/psicologia.udd.cl\/unir\/wp-json\/wp\/v2\/media?parent=692"}],"curies":[{"name":"wp","href":"https:\/\/api.w.org\/{rel}","templated":true}]}}