{"id":246,"date":"2022-11-05T15:01:26","date_gmt":"2022-11-05T15:01:26","guid":{"rendered":"https:\/\/psicologia.udd.cl\/ibem\/?post_type=person&#038;p=246"},"modified":"2024-01-23T16:34:27","modified_gmt":"2024-01-23T19:34:27","slug":"pablo-fossa","status":"publish","type":"person","link":"https:\/\/psicologia.udd.cl\/ibem\/persona\/pablo-fossa\/","featured_media":247,"template":"","people_tax":[3],"people_areas":[],"people_levels":[],"class_list":["post-246","person","type-person","status-publish","has-post-thumbnail","hentry","people_tax-ibem"],"yoast_head":"<!-- This site is optimized with the Yoast SEO plugin v26.9 - https:\/\/yoast.com\/product\/yoast-seo-wordpress\/ -->\n<title>Pablo Fossa - Instituto de Bienestar Socioemocional<\/title>\n<meta name=\"robots\" content=\"index, follow, max-snippet:-1, max-image-preview:large, max-video-preview:-1\" \/>\n<link rel=\"canonical\" href=\"https:\/\/psicologia.udd.cl\/ibem\/persona\/pablo-fossa\/\" \/>\n<meta property=\"og:locale\" content=\"es_ES\" \/>\n<meta property=\"og:type\" content=\"article\" \/>\n<meta property=\"og:title\" content=\"Pablo Fossa - Instituto de Bienestar Socioemocional\" \/>\n<meta property=\"og:url\" content=\"https:\/\/psicologia.udd.cl\/ibem\/persona\/pablo-fossa\/\" \/>\n<meta property=\"og:site_name\" content=\"Instituto de Bienestar Socioemocional\" \/>\n<meta property=\"article:modified_time\" content=\"2024-01-23T19:34:27+00:00\" \/>\n<meta property=\"og:image\" content=\"https:\/\/psicologia.udd.cl\/ibem\/files\/2022\/11\/pablo-fossa-500x500-1.png\" \/>\n\t<meta property=\"og:image:width\" content=\"500\" \/>\n\t<meta property=\"og:image:height\" content=\"500\" \/>\n\t<meta property=\"og:image:type\" content=\"image\/png\" \/>\n<meta name=\"twitter:card\" content=\"summary_large_image\" \/>\n<script type=\"application\/ld+json\" class=\"yoast-schema-graph\">{\"@context\":\"https:\/\/schema.org\",\"@graph\":[{\"@type\":\"WebPage\",\"@id\":\"https:\/\/psicologia.udd.cl\/ibem\/persona\/pablo-fossa\/\",\"url\":\"https:\/\/psicologia.udd.cl\/ibem\/persona\/pablo-fossa\/\",\"name\":\"Pablo Fossa - Instituto de Bienestar Socioemocional\",\"isPartOf\":{\"@id\":\"https:\/\/psicologia.udd.cl\/ibem\/#website\"},\"primaryImageOfPage\":{\"@id\":\"https:\/\/psicologia.udd.cl\/ibem\/persona\/pablo-fossa\/#primaryimage\"},\"image\":{\"@id\":\"https:\/\/psicologia.udd.cl\/ibem\/persona\/pablo-fossa\/#primaryimage\"},\"thumbnailUrl\":\"https:\/\/psicologia.udd.cl\/ibem\/files\/2022\/11\/pablo-fossa-500x500-1.png\",\"datePublished\":\"2022-11-05T15:01:26+00:00\",\"dateModified\":\"2024-01-23T19:34:27+00:00\",\"breadcrumb\":{\"@id\":\"https:\/\/psicologia.udd.cl\/ibem\/persona\/pablo-fossa\/#breadcrumb\"},\"inLanguage\":\"es\",\"potentialAction\":[{\"@type\":\"ReadAction\",\"target\":[\"https:\/\/psicologia.udd.cl\/ibem\/persona\/pablo-fossa\/\"]}]},{\"@type\":\"ImageObject\",\"inLanguage\":\"es\",\"@id\":\"https:\/\/psicologia.udd.cl\/ibem\/persona\/pablo-fossa\/#primaryimage\",\"url\":\"https:\/\/psicologia.udd.cl\/ibem\/files\/2022\/11\/pablo-fossa-500x500-1.png\",\"contentUrl\":\"https:\/\/psicologia.udd.cl\/ibem\/files\/2022\/11\/pablo-fossa-500x500-1.png\",\"width\":500,\"height\":500},{\"@type\":\"BreadcrumbList\",\"@id\":\"https:\/\/psicologia.udd.cl\/ibem\/persona\/pablo-fossa\/#breadcrumb\",\"itemListElement\":[{\"@type\":\"ListItem\",\"position\":1,\"name\":\"Portada\",\"item\":\"https:\/\/psicologia.udd.cl\/ibem\/\"},{\"@type\":\"ListItem\",\"position\":2,\"name\":\"Personas\",\"item\":\"https:\/\/psicologia.udd.cl\/ibem\/persona\/\"},{\"@type\":\"ListItem\",\"position\":3,\"name\":\"Pablo Fossa\"}]},{\"@type\":\"WebSite\",\"@id\":\"https:\/\/psicologia.udd.cl\/ibem\/#website\",\"url\":\"https:\/\/psicologia.udd.cl\/ibem\/\",\"name\":\"Instituto de Bienestar Socioemocional\",\"description\":\"Otro sitio m\u00e1s de Psicologia\",\"publisher\":{\"@id\":\"https:\/\/psicologia.udd.cl\/ibem\/#organization\"},\"inLanguage\":\"es\"},{\"@type\":\"Organization\",\"@id\":\"https:\/\/psicologia.udd.cl\/ibem\/#organization\",\"name\":\"Instituto de Bienestar Socioemocional\",\"url\":\"https:\/\/psicologia.udd.cl\/ibem\/\",\"logo\":{\"@type\":\"ImageObject\",\"inLanguage\":\"es\",\"@id\":\"https:\/\/psicologia.udd.cl\/ibem\/#\/schema\/logo\/image\/\",\"url\":\"https:\/\/psicologia.udd.cl\/ibem\/files\/2022\/11\/ibem-logo-2.jpg\",\"contentUrl\":\"https:\/\/psicologia.udd.cl\/ibem\/files\/2022\/11\/ibem-logo-2.jpg\",\"width\":952,\"height\":534,\"caption\":\"Instituto de Bienestar Socioemocional\"},\"image\":{\"@id\":\"https:\/\/psicologia.udd.cl\/ibem\/#\/schema\/logo\/image\/\"},\"sameAs\":[\"https:\/\/www.instagram.com\/ibemudd\/?hl=es-la\"]}]}<\/script>\n<!-- \/ Yoast SEO plugin. -->","yoast_head_json":{"title":"Pablo Fossa - Instituto de Bienestar Socioemocional","robots":{"index":"index","follow":"follow","max-snippet":"max-snippet:-1","max-image-preview":"max-image-preview:large","max-video-preview":"max-video-preview:-1"},"canonical":"https:\/\/psicologia.udd.cl\/ibem\/persona\/pablo-fossa\/","og_locale":"es_ES","og_type":"article","og_title":"Pablo Fossa - Instituto de Bienestar Socioemocional","og_url":"https:\/\/psicologia.udd.cl\/ibem\/persona\/pablo-fossa\/","og_site_name":"Instituto de Bienestar Socioemocional","article_modified_time":"2024-01-23T19:34:27+00:00","og_image":[{"width":500,"height":500,"url":"https:\/\/psicologia.udd.cl\/ibem\/files\/2022\/11\/pablo-fossa-500x500-1.png","type":"image\/png"}],"twitter_card":"summary_large_image","schema":{"@context":"https:\/\/schema.org","@graph":[{"@type":"WebPage","@id":"https:\/\/psicologia.udd.cl\/ibem\/persona\/pablo-fossa\/","url":"https:\/\/psicologia.udd.cl\/ibem\/persona\/pablo-fossa\/","name":"Pablo Fossa - Instituto de Bienestar Socioemocional","isPartOf":{"@id":"https:\/\/psicologia.udd.cl\/ibem\/#website"},"primaryImageOfPage":{"@id":"https:\/\/psicologia.udd.cl\/ibem\/persona\/pablo-fossa\/#primaryimage"},"image":{"@id":"https:\/\/psicologia.udd.cl\/ibem\/persona\/pablo-fossa\/#primaryimage"},"thumbnailUrl":"https:\/\/psicologia.udd.cl\/ibem\/files\/2022\/11\/pablo-fossa-500x500-1.png","datePublished":"2022-11-05T15:01:26+00:00","dateModified":"2024-01-23T19:34:27+00:00","breadcrumb":{"@id":"https:\/\/psicologia.udd.cl\/ibem\/persona\/pablo-fossa\/#breadcrumb"},"inLanguage":"es","potentialAction":[{"@type":"ReadAction","target":["https:\/\/psicologia.udd.cl\/ibem\/persona\/pablo-fossa\/"]}]},{"@type":"ImageObject","inLanguage":"es","@id":"https:\/\/psicologia.udd.cl\/ibem\/persona\/pablo-fossa\/#primaryimage","url":"https:\/\/psicologia.udd.cl\/ibem\/files\/2022\/11\/pablo-fossa-500x500-1.png","contentUrl":"https:\/\/psicologia.udd.cl\/ibem\/files\/2022\/11\/pablo-fossa-500x500-1.png","width":500,"height":500},{"@type":"BreadcrumbList","@id":"https:\/\/psicologia.udd.cl\/ibem\/persona\/pablo-fossa\/#breadcrumb","itemListElement":[{"@type":"ListItem","position":1,"name":"Portada","item":"https:\/\/psicologia.udd.cl\/ibem\/"},{"@type":"ListItem","position":2,"name":"Personas","item":"https:\/\/psicologia.udd.cl\/ibem\/persona\/"},{"@type":"ListItem","position":3,"name":"Pablo Fossa"}]},{"@type":"WebSite","@id":"https:\/\/psicologia.udd.cl\/ibem\/#website","url":"https:\/\/psicologia.udd.cl\/ibem\/","name":"Instituto de Bienestar Socioemocional","description":"Otro sitio m\u00e1s de Psicologia","publisher":{"@id":"https:\/\/psicologia.udd.cl\/ibem\/#organization"},"inLanguage":"es"},{"@type":"Organization","@id":"https:\/\/psicologia.udd.cl\/ibem\/#organization","name":"Instituto de Bienestar Socioemocional","url":"https:\/\/psicologia.udd.cl\/ibem\/","logo":{"@type":"ImageObject","inLanguage":"es","@id":"https:\/\/psicologia.udd.cl\/ibem\/#\/schema\/logo\/image\/","url":"https:\/\/psicologia.udd.cl\/ibem\/files\/2022\/11\/ibem-logo-2.jpg","contentUrl":"https:\/\/psicologia.udd.cl\/ibem\/files\/2022\/11\/ibem-logo-2.jpg","width":952,"height":534,"caption":"Instituto de Bienestar Socioemocional"},"image":{"@id":"https:\/\/psicologia.udd.cl\/ibem\/#\/schema\/logo\/image\/"},"sameAs":["https:\/\/www.instagram.com\/ibemudd\/?hl=es-la"]}]}},"label":"Pablo Fossa","title":{"rendered":"Pablo Fossa"},"role":"Director Laboratorio Cognici\u00f3n & Cultura (C&C) ","thumbnail_url":"https:\/\/psicologia.udd.cl\/ibem\/files\/2022\/11\/pablo-fossa-500x500-1.png","email":"pfossaa@udd.cl","tel_job":"","content":{"rendered":"<div class=\"person-modal person-modal--scl\">\n\t<header class=\"person-modal__header\">\n\t\t<div class=\"person-modal__bg\"><\/div>\n\t\t<div class=\"modal-container\">\n\t\t\t\t\t\t<div class=\"person-modal__media\">\n\t\t\t\t<img width=\"500\" height=\"500\" src=\"https:\/\/psicologia.udd.cl\/ibem\/files\/2022\/11\/pablo-fossa-500x500-1-62x62.png\" class=\"person-modal__image wp-post-image lazyload\" alt=\"\" decoding=\"async\" loading=\"lazy\" sizes=\"auto, (max-width: 500px) 100vw, 500px\" data-src=\"https:\/\/psicologia.udd.cl\/ibem\/files\/2022\/11\/pablo-fossa-500x500-1.png\" data-srcset=\"https:\/\/psicologia.udd.cl\/ibem\/files\/2022\/11\/pablo-fossa-500x500-1.png 500w, https:\/\/psicologia.udd.cl\/ibem\/files\/2022\/11\/pablo-fossa-500x500-1-300x300.png 300w, https:\/\/psicologia.udd.cl\/ibem\/files\/2022\/11\/pablo-fossa-500x500-1-150x150.png 150w, https:\/\/psicologia.udd.cl\/ibem\/files\/2022\/11\/pablo-fossa-500x500-1-62x62.png 62w, https:\/\/psicologia.udd.cl\/ibem\/files\/2022\/11\/pablo-fossa-500x500-1-250x250.png 250w, https:\/\/psicologia.udd.cl\/ibem\/files\/2022\/11\/pablo-fossa-500x500-1-126x126.png 126w\" \/>\t\t\t<\/div>\n\t\t\t\t\t\t<div class=\"person-modal__data\">\n\t\t\t\t<h1 class=\"person-modal__name\">Pablo Fossa<\/h1>\n\t\t\t\t\t\t\t<span class=\"person-modal__description\">Director Laboratorio Cognici\u00f3n &amp; Cultura (C&amp;C) <\/span>\n\t\t\t\t\t\t\t\t\t\t\t\t\t<a href=\"mailto:p&#102;o&#115;s&#097;a&#064;&#117;&#100;d&#046;&#099;l\" class=\"person-modal__email\">&#112;f&#111;&#115;&#115;&#97;&#97;&#64;u&#100;&#100;&#46;cl<\/a>\n\t\t\t\t\t\t\t\t\t<\/div>\n\t\t<\/div>\n\t<\/header>\n\t<div class=\"modal-container\">\n\t\t\t<div class=\"person-modal__content text\">\n\t\t\t\t\t\t\t<ul>\n\t\t\t\t\t\t\t<li>PhD(c) en Filosof\u00eda, Universidad de Navarra, Espa\u00f1a.<\/li>\n\t\t\t\t\t\t\t<li>Becario Postdoctoral, Comisi\u00f3n Nacional de Investigaci\u00f3n Cient\u00edfica y Tecnol\u00f3gica (CONICYT) de Chile.<\/li>\n\t\t\t\t\t\t\t<li>Doctor en Psicoterapia, Pontificia Universidad Cat\u00f3lica de Chile. <\/li>\n\t\t\t\t\t\t\t<li>Miembro de la International Society of Cultural-Historical Activity Research (ISCAR).<\/li>\n\t\t\t\t\t\t\t<li>Miembro Unidad de Investigaci\u00f3n en Procesos Relacionales y Psicoterap\u00e9uticos, Facultad de Psicolog\u00eda Universidad del Desarrollo. <\/li>\n\t\t\t\t\t\t\t<li>Miembro de la Society for Psychotherapy Research (SPR). <\/li>\n\t\t\t\t\t\t\t<li>Diploma en Facial Analysis Coding System (FACS), Departamento de Psicolog\u00eda. Universidad de Innsbruck, Austria.<\/li>\n\t\t\t\t\t\t\t<li>Mag\u00edster en Psicoterapia, Pontificia Universidad Cat\u00f3lica<\/li>\n\t\t\t\t\t\t\t<li>Mag\u00edster en Psicolog\u00eda Cl\u00ednica, Universidad del Desarrollo.<\/li>\n\t\t\t\t\t\t\t<li>Psic\u00f3logo, Universidad del Desarrollo.<\/li>\n\t\t\t\t\t\t<\/ul>\n\t\t\t\t\t\t\t\t<p class=\"MsoNormal\"><strong>Pablo Fossa<\/strong>\u00a0es Doctor en Psicoterapia con Mag\u00edster en Psicoterapia de la Pontificia Universidad Cat\u00f3lica de Chile y Magister en Psicolog\u00eda con menci\u00f3n en Psicolog\u00eda Cl\u00ednica Adulto otorgada por la Universidad del Desarrollo. Adem\u00e1s cuenta con un diploma en Facial Analysis Coding System (FACS), otorgado por el Departamento de Psicolog\u00eda de la Universidad de Innsbruck,<br \/>\nAustria. Psic\u00f3logo y Bachiller con menci\u00f3n en Ciencias Sociales de la Universidad del Desarrollo.<\/p>\n<p>Actualmente es Director Laboratorio Cognici\u00f3n &amp; Cultura (C&amp;C) del\u00a0<strong><span>Instituto de Bienestar Socioemocional\u00a0<a href=\"http:\/\/psicologia,udd,cl\/ibem\">(IBEM UDD).<\/a><\/span><\/strong><\/p>\n<p class=\"MsoNormal\"><strong>Para m\u00e1s informaci\u00f3n sobre su perfil de investigaci\u00f3n visitar:<\/strong><\/p>\n<ul>\n<li><a href=\"https:\/\/orcid.org\/0000-0002-9975-8537\" target=\"_blank\" rel=\"noopener\">ORCID<\/a><\/li>\n<li><a href=\"https:\/\/investigadores.udd.cl\/entities\/person\/pfossa\/publications\" target=\"_blank\" rel=\"noopener\">DSpace CRIS<\/a><\/li>\n<\/ul>\n\t\t<\/div>\n\t<\/div>\n<\/div>\n"},"identifier":"69231b95e5d61bc71ae12344d20f47723843046d","has_credential":["PhD(c) en Filosof\u00eda, Universidad de Navarra, Espa\u00f1a.","Becario Postdoctoral, Comisi\u00f3n Nacional de Investigaci\u00f3n Cient\u00edfica y Tecnol\u00f3gica (CONICYT) de Chile.","Doctor en Psicoterapia, Pontificia Universidad Cat\u00f3lica de Chile. ","Miembro de la International Society of Cultural-Historical Activity Research (ISCAR).","Miembro Unidad de Investigaci\u00f3n en Procesos Relacionales y Psicoterap\u00e9uticos, Facultad de Psicolog\u00eda Universidad del Desarrollo. ","Miembro de la Society for Psychotherapy Research (SPR). ","Diploma en Facial Analysis Coding System (FACS), Departamento de Psicolog\u00eda. Universidad de Innsbruck, Austria.","Mag\u00edster en Psicoterapia, Pontificia Universidad Cat\u00f3lica","Mag\u00edster en Psicolog\u00eda Cl\u00ednica, Universidad del Desarrollo.","Psic\u00f3logo, Universidad del Desarrollo."],"given_name":"Pablo","family_name":"Fossa","name":"Pablo Fossa","job_title":"Director Laboratorio Cognici\u00f3n & Cultura (C&C) ","telephone":"","note":"","im":"","_self_schedule":null,"_links":{"self":[{"href":"https:\/\/psicologia.udd.cl\/ibem\/wp-json\/wp\/v2\/people\/246","targetHints":{"allow":["GET"]}}],"collection":[{"href":"https:\/\/psicologia.udd.cl\/ibem\/wp-json\/wp\/v2\/people"}],"about":[{"href":"https:\/\/psicologia.udd.cl\/ibem\/wp-json\/wp\/v2\/types\/person"}],"wp:featuredmedia":[{"embeddable":true,"href":"https:\/\/psicologia.udd.cl\/ibem\/wp-json\/wp\/v2\/media\/247"}],"wp:attachment":[{"href":"https:\/\/psicologia.udd.cl\/ibem\/wp-json\/wp\/v2\/media?parent=246"}],"wp:term":[{"taxonomy":"people_tax","embeddable":true,"href":"https:\/\/psicologia.udd.cl\/ibem\/wp-json\/wp\/v2\/people_tax?post=246"},{"taxonomy":"people_areas","embeddable":true,"href":"https:\/\/psicologia.udd.cl\/ibem\/wp-json\/wp\/v2\/people_areas?post=246"},{"taxonomy":"people_levels","embeddable":true,"href":"https:\/\/psicologia.udd.cl\/ibem\/wp-json\/wp\/v2\/people_levels?post=246"}],"curies":[{"name":"wp","href":"https:\/\/api.w.org\/{rel}","templated":true}]}}