{"id":879,"date":"2023-07-27T19:16:09","date_gmt":"2023-07-27T19:16:09","guid":{"rendered":"https:\/\/psicologia.udd.cl\/ibem\/?page_id=879"},"modified":"2024-10-29T13:34:31","modified_gmt":"2024-10-29T16:34:31","slug":"laboratorio-bienestar-subjetivo-en-ninez-y-adolescencia","status":"publish","type":"page","link":"https:\/\/psicologia.udd.cl\/ibem\/laboratorio-bienestar-subjetivo-en-ninez-y-adolescencia\/","title":{"rendered":"Laboratorio Bienestar Subjetivo en Ni\u00f1ez y Adolescencia"},"content":{"rendered":"\n<p><\/p>\n\n\n\n<p class=\"has-text-align-left has-xx-large-font-size\"><img loading=\"lazy\" decoding=\"async\" width=\"80\" height=\"80\" class=\"wp-image-609\" style=\"width: 80px;\" src=\"https:\/\/psicologia.udd.cl\/ibem\/files\/2023\/07\/lab-ico1-1.jpg\" alt=\"\" srcset=\"https:\/\/psicologia.udd.cl\/ibem\/files\/2023\/07\/lab-ico1-1.jpg 153w, https:\/\/psicologia.udd.cl\/ibem\/files\/2023\/07\/lab-ico1-1-150x150.jpg 150w, https:\/\/psicologia.udd.cl\/ibem\/files\/2023\/07\/lab-ico1-1-62x62.jpg 62w, https:\/\/psicologia.udd.cl\/ibem\/files\/2023\/07\/lab-ico1-1-126x126.jpg 126w\" sizes=\"auto, (max-width: 80px) 100vw, 80px\" \/>  <strong>Foco l\u00ednea de investigaci\u00f3n<\/strong><\/p>\n\n\n\n<p class=\"aligncenter\"><\/p>\n\n\n\n<p class=\"aligncenter\">El Laboratorio tiene como prop\u00f3sito el estudio de la relaci\u00f3n entre la experiencia subjetiva de bienestar y satisfacci\u00f3n vital de ni\u00f1os, ni\u00f1as y adolescentes, y las din\u00e1micas de interrelaci\u00f3n social, ocurridas en los m\u00faltiples niveles sist\u00e9micos de pertenencia, con especial \u00e9nfasis en los niveles micro y meso sist\u00e9micos.<\/p>\n\n\n\n<p class=\"has-text-align-left has-xx-large-font-size\"><img loading=\"lazy\" decoding=\"async\" width=\"80\" height=\"80\" class=\"wp-image-572\" style=\"width: 80px;\" src=\"https:\/\/psicologia.udd.cl\/ibem\/files\/2023\/07\/lab-ico3.jpg\" alt=\"\" srcset=\"https:\/\/psicologia.udd.cl\/ibem\/files\/2023\/07\/lab-ico3.jpg 153w, https:\/\/psicologia.udd.cl\/ibem\/files\/2023\/07\/lab-ico3-150x150.jpg 150w, https:\/\/psicologia.udd.cl\/ibem\/files\/2023\/07\/lab-ico3-62x62.jpg 62w, https:\/\/psicologia.udd.cl\/ibem\/files\/2023\/07\/lab-ico3-126x126.jpg 126w\" sizes=\"auto, (max-width: 80px) 100vw, 80px\" \/>  <strong>Objetivo<\/strong><\/p>\n\n\n\n<p class=\"aligncenter\">Contribuir al conocimiento de los determinantes del Bienestar Subjetivo en la ni\u00f1ez y adolescencia, diferenciado seg\u00fan grupos sociales de pertenencia, destacando variables del entorno de relaciones de los contextos sociales de vida cotidiana y contribuir al desarrollo y evaluaci\u00f3n de programas de promoci\u00f3n del Bienestar Subjetivo en contextos escolares y comunitarios.<\/p>\n\n\n\n<p class=\"has-text-align-left has-xx-large-font-size\"><img loading=\"lazy\" decoding=\"async\" width=\"80\" height=\"80\" class=\"wp-image-573\" style=\"width: 80px;\" src=\"https:\/\/psicologia.udd.cl\/ibem\/files\/2023\/07\/log-icon-4.jpg\" alt=\"\" srcset=\"https:\/\/psicologia.udd.cl\/ibem\/files\/2023\/07\/log-icon-4.jpg 153w, https:\/\/psicologia.udd.cl\/ibem\/files\/2023\/07\/log-icon-4-150x150.jpg 150w, https:\/\/psicologia.udd.cl\/ibem\/files\/2023\/07\/log-icon-4-62x62.jpg 62w, https:\/\/psicologia.udd.cl\/ibem\/files\/2023\/07\/log-icon-4-126x126.jpg 126w\" sizes=\"auto, (max-width: 80px) 100vw, 80px\" \/>  <strong>Equipo<\/strong><\/p>\n\n\n<!-- WP Block: UDD - Access Image -->\n<section class=\"wp-block-udd-access-image\n has-even-elements has-3x-elements\">\n\t<div class=\"container\">\n\t\t\t\t<div class=\"block__content\">\n\t\t\t<div class=\"access-images\">\n\t\t\t\t\t\t\t<div class=\"access-image-wrapper\">\n\t\t\t\t\t<a href=\"https:\/\/psicologia.udd.cl\/persona\/jaime-alfaro-2\/\" data-url=\"https:\/\/psicologia.udd.cl\/persona\/jaime-alfaro-2\/\" class=\"access-image\">\n\t\t\t\t\t<img loading=\"lazy\" decoding=\"async\" width=\"500\" height=\"382\" src=\"https:\/\/psicologia.udd.cl\/ibem\/files\/2023\/07\/jaime-alfaro.jpg\" class=\"access-image__image lazyload\" alt=\"\" sizes=\"auto, (max-width: 500px) 100vw, 500px\" data-src=\"https:\/\/psicologia.udd.cl\/ibem\/files\/2023\/07\/jaime-alfaro.jpg\" data-srcset=\"https:\/\/psicologia.udd.cl\/ibem\/files\/2023\/07\/jaime-alfaro.jpg 500w, https:\/\/psicologia.udd.cl\/ibem\/files\/2023\/07\/jaime-alfaro-300x229.jpg 300w, https:\/\/psicologia.udd.cl\/ibem\/files\/2023\/07\/jaime-alfaro-182x140.jpg 182w\" \/>\t\t\t\t\t\t<div class=\"access-image__content\">\n\t\t\t\t\t\t\t<h3 class=\"access-image__title\">Dr. Jaime Alfaro I. &#8211; Investigador Responsable<\/h3>\n\t\t\t\t\t\t\t<span class=\"access-image__action\">Conocer m\u00e1s<\/span>\n\t\t\t\t\t\t<\/div>\n\t\t\t\t\t<\/a>\n\t\t\t\t<\/div>\n\t\t\t\t\t\t\t<div class=\"access-image-wrapper\">\n\t\t\t\t\t<a href=\"https:\/\/psicologia.udd.cl\/persona\/rodrigo-quiroz-saavedra\/\" data-url=\"https:\/\/psicologia.udd.cl\/persona\/rodrigo-quiroz-saavedra\/\" class=\"access-image\">\n\t\t\t\t\t<img loading=\"lazy\" decoding=\"async\" width=\"500\" height=\"382\" src=\"https:\/\/psicologia.udd.cl\/ibem\/files\/2023\/07\/rodrigo-quiroz.jpg\" class=\"access-image__image lazyload\" alt=\"\" sizes=\"auto, (max-width: 500px) 100vw, 500px\" data-src=\"https:\/\/psicologia.udd.cl\/ibem\/files\/2023\/07\/rodrigo-quiroz.jpg\" data-srcset=\"https:\/\/psicologia.udd.cl\/ibem\/files\/2023\/07\/rodrigo-quiroz.jpg 500w, https:\/\/psicologia.udd.cl\/ibem\/files\/2023\/07\/rodrigo-quiroz-300x229.jpg 300w, https:\/\/psicologia.udd.cl\/ibem\/files\/2023\/07\/rodrigo-quiroz-182x140.jpg 182w\" \/>\t\t\t\t\t\t<div class=\"access-image__content\">\n\t\t\t\t\t\t\t<h3 class=\"access-image__title\">Dr. Rodrigo Quiroz &#8211; Investigador Asociado<\/h3>\n\t\t\t\t\t\t\t<span class=\"access-image__action\">Conocer m\u00e1s<\/span>\n\t\t\t\t\t\t<\/div>\n\t\t\t\t\t<\/a>\n\t\t\t\t<\/div>\n\t\t\t\t\t\t\t<div class=\"access-image-wrapper\">\n\t\t\t\t\t<a href=\"https:\/\/psicologia.udd.cl\/persona\/maria-carolina-aspillaga-hesse\/\" data-url=\"https:\/\/psicologia.udd.cl\/persona\/maria-carolina-aspillaga-hesse\/\" class=\"access-image\">\n\t\t\t\t\t<img loading=\"lazy\" decoding=\"async\" width=\"500\" height=\"382\" src=\"https:\/\/psicologia.udd.cl\/ibem\/files\/2023\/07\/carolina-aspillaga.jpg\" class=\"access-image__image lazyload\" alt=\"\" sizes=\"auto, (max-width: 500px) 100vw, 500px\" data-src=\"https:\/\/psicologia.udd.cl\/ibem\/files\/2023\/07\/carolina-aspillaga.jpg\" data-srcset=\"https:\/\/psicologia.udd.cl\/ibem\/files\/2023\/07\/carolina-aspillaga.jpg 500w, https:\/\/psicologia.udd.cl\/ibem\/files\/2023\/07\/carolina-aspillaga-300x229.jpg 300w, https:\/\/psicologia.udd.cl\/ibem\/files\/2023\/07\/carolina-aspillaga-182x140.jpg 182w\" \/>\t\t\t\t\t\t<div class=\"access-image__content\">\n\t\t\t\t\t\t\t<h3 class=\"access-image__title\">Dra. Carolina Aspillaga &#8211; Investigadora Asociada<\/h3>\n\t\t\t\t\t\t\t<span class=\"access-image__action\">Conocer m\u00e1s<\/span>\n\t\t\t\t\t\t<\/div>\n\t\t\t\t\t<\/a>\n\t\t\t\t<\/div>\n\t\t\t\t\t\t\t<div class=\"access-image-wrapper\">\n\t\t\t\t\t<a href=\"https:\/\/psicologia.udd.cl\/persona\/ana-loreto-ditzel-lacoa\/\" data-url=\"https:\/\/psicologia.udd.cl\/persona\/ana-loreto-ditzel-lacoa\/\" class=\"access-image\">\n\t\t\t\t\t<img loading=\"lazy\" decoding=\"async\" width=\"500\" height=\"382\" src=\"https:\/\/psicologia.udd.cl\/ibem\/files\/2023\/07\/loreto-ditzel.jpg\" class=\"access-image__image lazyload\" alt=\"\" sizes=\"auto, (max-width: 500px) 100vw, 500px\" data-src=\"https:\/\/psicologia.udd.cl\/ibem\/files\/2023\/07\/loreto-ditzel.jpg\" data-srcset=\"https:\/\/psicologia.udd.cl\/ibem\/files\/2023\/07\/loreto-ditzel.jpg 500w, https:\/\/psicologia.udd.cl\/ibem\/files\/2023\/07\/loreto-ditzel-300x229.jpg 300w, https:\/\/psicologia.udd.cl\/ibem\/files\/2023\/07\/loreto-ditzel-182x140.jpg 182w\" \/>\t\t\t\t\t\t<div class=\"access-image__content\">\n\t\t\t\t\t\t\t<h3 class=\"access-image__title\">Dra. Loreto Ditzel &#8211; Investigadora Asociada<\/h3>\n\t\t\t\t\t\t\t<span class=\"access-image__action\">Conocer m\u00e1s<\/span>\n\t\t\t\t\t\t<\/div>\n\t\t\t\t\t<\/a>\n\t\t\t\t<\/div>\n\t\t\t\t\t\t\t<div class=\"access-image-wrapper\">\n\t\t\t\t\t<a href=\"https:\/\/psicologia.udd.cl\/persona\/fernando-reyes-reyes\/\" data-url=\"https:\/\/psicologia.udd.cl\/persona\/fernando-reyes-reyes\/\" class=\"access-image\">\n\t\t\t\t\t<img loading=\"lazy\" decoding=\"async\" width=\"500\" height=\"382\" src=\"https:\/\/psicologia.udd.cl\/ibem\/files\/2023\/07\/fernando-reyes.jpg\" class=\"access-image__image lazyload\" alt=\"\" sizes=\"auto, (max-width: 500px) 100vw, 500px\" data-src=\"https:\/\/psicologia.udd.cl\/ibem\/files\/2023\/07\/fernando-reyes.jpg\" data-srcset=\"https:\/\/psicologia.udd.cl\/ibem\/files\/2023\/07\/fernando-reyes.jpg 500w, https:\/\/psicologia.udd.cl\/ibem\/files\/2023\/07\/fernando-reyes-300x229.jpg 300w, https:\/\/psicologia.udd.cl\/ibem\/files\/2023\/07\/fernando-reyes-182x140.jpg 182w\" \/>\t\t\t\t\t\t<div class=\"access-image__content\">\n\t\t\t\t\t\t\t<h3 class=\"access-image__title\">Dr.(c) Fernando Reyes &#8211; Investigador Asociado<\/h3>\n\t\t\t\t\t\t\t<span class=\"access-image__action\">Conocer m\u00e1s<\/span>\n\t\t\t\t\t\t<\/div>\n\t\t\t\t\t<\/a>\n\t\t\t\t<\/div>\n\t\t\t\t\t\t\t<div class=\"access-image-wrapper\">\n\t\t\t\t\t<a href=\"https:\/\/psicologia.udd.cl\/persona\/gisela-carrillo\/\" data-url=\"https:\/\/psicologia.udd.cl\/persona\/gisela-carrillo\/\" class=\"access-image\">\n\t\t\t\t\t<img loading=\"lazy\" decoding=\"async\" width=\"500\" height=\"382\" src=\"https:\/\/psicologia.udd.cl\/ibem\/files\/2023\/07\/gisela-carrillo.jpg\" class=\"access-image__image lazyload\" alt=\"\" sizes=\"auto, (max-width: 500px) 100vw, 500px\" data-src=\"https:\/\/psicologia.udd.cl\/ibem\/files\/2023\/07\/gisela-carrillo.jpg\" data-srcset=\"https:\/\/psicologia.udd.cl\/ibem\/files\/2023\/07\/gisela-carrillo.jpg 500w, https:\/\/psicologia.udd.cl\/ibem\/files\/2023\/07\/gisela-carrillo-300x229.jpg 300w, https:\/\/psicologia.udd.cl\/ibem\/files\/2023\/07\/gisela-carrillo-182x140.jpg 182w\" \/>\t\t\t\t\t\t<div class=\"access-image__content\">\n\t\t\t\t\t\t\t<h3 class=\"access-image__title\">Gisela Carrillo Tesista &#8211; Doctorante<\/h3>\n\t\t\t\t\t\t\t<span class=\"access-image__action\">Conocer m\u00e1s<\/span>\n\t\t\t\t\t\t<\/div>\n\t\t\t\t\t<\/a>\n\t\t\t\t<\/div>\n\t\t\t\t\t\t\t<div class=\"access-image-wrapper\">\n\t\t\t\t\t<a href=\"https:\/\/psicologia.udd.cl\/persona\/alejandra-villarroel-gutierrez\/\" data-url=\"https:\/\/psicologia.udd.cl\/persona\/alejandra-villarroel-gutierrez\/\" class=\"access-image\">\n\t\t\t\t\t<img loading=\"lazy\" decoding=\"async\" width=\"500\" height=\"382\" src=\"https:\/\/psicologia.udd.cl\/ibem\/files\/2023\/07\/alejandra-villarroel.jpg\" class=\"access-image__image lazyload\" alt=\"\" sizes=\"auto, (max-width: 500px) 100vw, 500px\" data-src=\"https:\/\/psicologia.udd.cl\/ibem\/files\/2023\/07\/alejandra-villarroel.jpg\" data-srcset=\"https:\/\/psicologia.udd.cl\/ibem\/files\/2023\/07\/alejandra-villarroel.jpg 500w, https:\/\/psicologia.udd.cl\/ibem\/files\/2023\/07\/alejandra-villarroel-300x229.jpg 300w, https:\/\/psicologia.udd.cl\/ibem\/files\/2023\/07\/alejandra-villarroel-182x140.jpg 182w\" \/>\t\t\t\t\t\t<div class=\"access-image__content\">\n\t\t\t\t\t\t\t<h3 class=\"access-image__title\">Alejandra Villarroel &#8211; Tesista Doctorante<\/h3>\n\t\t\t\t\t\t\t<span class=\"access-image__action\">Conocer m\u00e1s<\/span>\n\t\t\t\t\t\t<\/div>\n\t\t\t\t\t<\/a>\n\t\t\t\t<\/div>\n\t\t\t\t\t\t\t<div class=\"access-image-wrapper\">\n\t\t\t\t\t<a href=\"\" data-url=\"\" class=\"access-image\">\n\t\t\t\t\t<img loading=\"lazy\" decoding=\"async\" width=\"500\" height=\"382\" src=\"https:\/\/psicologia.udd.cl\/ibem\/files\/2023\/07\/miguel-salazar.jpg\" class=\"access-image__image lazyload\" alt=\"\" sizes=\"auto, (max-width: 500px) 100vw, 500px\" data-src=\"https:\/\/psicologia.udd.cl\/ibem\/files\/2023\/07\/miguel-salazar.jpg\" data-srcset=\"https:\/\/psicologia.udd.cl\/ibem\/files\/2023\/07\/miguel-salazar.jpg 500w, https:\/\/psicologia.udd.cl\/ibem\/files\/2023\/07\/miguel-salazar-300x229.jpg 300w, https:\/\/psicologia.udd.cl\/ibem\/files\/2023\/07\/miguel-salazar-182x140.jpg 182w\" \/>\t\t\t\t\t\t<div class=\"access-image__content\">\n\t\t\t\t\t\t\t<h3 class=\"access-image__title\">Miguel Salazar &#8211; Tesista Doctorante<\/h3>\n\t\t\t\t\t\t\t<span class=\"access-image__action\">Conocer m\u00e1s<\/span>\n\t\t\t\t\t\t<\/div>\n\t\t\t\t\t<\/a>\n\t\t\t\t<\/div>\n\t\t\t\t\t\t\t<div class=\"access-image-wrapper\">\n\t\t\t\t\t<a href=\"https:\/\/psicologia.udd.cl\/persona\/maria-josefina-chuecas-jofre\/\" data-url=\"https:\/\/psicologia.udd.cl\/persona\/maria-josefina-chuecas-jofre\/\" class=\"access-image\">\n\t\t\t\t\t<img loading=\"lazy\" decoding=\"async\" width=\"500\" height=\"382\" src=\"https:\/\/psicologia.udd.cl\/ibem\/files\/2023\/07\/josefina-chuecas.jpg\" class=\"access-image__image lazyload\" alt=\"\" sizes=\"auto, (max-width: 500px) 100vw, 500px\" data-src=\"https:\/\/psicologia.udd.cl\/ibem\/files\/2023\/07\/josefina-chuecas.jpg\" data-srcset=\"https:\/\/psicologia.udd.cl\/ibem\/files\/2023\/07\/josefina-chuecas.jpg 500w, https:\/\/psicologia.udd.cl\/ibem\/files\/2023\/07\/josefina-chuecas-300x229.jpg 300w, https:\/\/psicologia.udd.cl\/ibem\/files\/2023\/07\/josefina-chuecas-182x140.jpg 182w\" \/>\t\t\t\t\t\t<div class=\"access-image__content\">\n\t\t\t\t\t\t\t<h3 class=\"access-image__title\">Mg. Josefina Chuecas &#8211; Investigadora Asociada<\/h3>\n\t\t\t\t\t\t\t<span class=\"access-image__action\">Conocer m\u00e1s<\/span>\n\t\t\t\t\t\t<\/div>\n\t\t\t\t\t<\/a>\n\t\t\t\t<\/div>\n\t\t\t\t\t\t\t<div class=\"access-image-wrapper\">\n\t\t\t\t\t<a href=\"\" data-url=\"\" class=\"access-image\">\n\t\t\t\t\t<img loading=\"lazy\" decoding=\"async\" width=\"500\" height=\"382\" src=\"https:\/\/psicologia.udd.cl\/ibem\/files\/2023\/07\/matias-rodriguez.jpg\" class=\"access-image__image lazyload\" alt=\"\" sizes=\"auto, (max-width: 500px) 100vw, 500px\" data-src=\"https:\/\/psicologia.udd.cl\/ibem\/files\/2023\/07\/matias-rodriguez.jpg\" data-srcset=\"https:\/\/psicologia.udd.cl\/ibem\/files\/2023\/07\/matias-rodriguez.jpg 500w, https:\/\/psicologia.udd.cl\/ibem\/files\/2023\/07\/matias-rodriguez-300x229.jpg 300w, https:\/\/psicologia.udd.cl\/ibem\/files\/2023\/07\/matias-rodriguez-182x140.jpg 182w\" \/>\t\t\t\t\t\t<div class=\"access-image__content\">\n\t\t\t\t\t\t\t<h3 class=\"access-image__title\">Mg. Mati\u0301as Rodri\u0301guez &#8211; Estudiante Doctoral Colaborador<\/h3>\n\t\t\t\t\t\t\t<span class=\"access-image__action\">Conocer m\u00e1s<\/span>\n\t\t\t\t\t\t<\/div>\n\t\t\t\t\t<\/a>\n\t\t\t\t<\/div>\n\t\t\t\t\t\t\t<div class=\"access-image-wrapper\">\n\t\t\t\t\t<a href=\"\" data-url=\"\" class=\"access-image\">\n\t\t\t\t\t<img loading=\"lazy\" decoding=\"async\" width=\"500\" height=\"382\" src=\"https:\/\/psicologia.udd.cl\/ibem\/files\/2023\/07\/veronica-serruto.jpg\" class=\"access-image__image lazyload\" alt=\"\" sizes=\"auto, (max-width: 500px) 100vw, 500px\" data-src=\"https:\/\/psicologia.udd.cl\/ibem\/files\/2023\/07\/veronica-serruto.jpg\" data-srcset=\"https:\/\/psicologia.udd.cl\/ibem\/files\/2023\/07\/veronica-serruto.jpg 500w, https:\/\/psicologia.udd.cl\/ibem\/files\/2023\/07\/veronica-serruto-300x229.jpg 300w, https:\/\/psicologia.udd.cl\/ibem\/files\/2023\/07\/veronica-serruto-182x140.jpg 182w\" \/>\t\t\t\t\t\t<div class=\"access-image__content\">\n\t\t\t\t\t\t\t<h3 class=\"access-image__title\">Mg. Vero\u0301nica Serruto &#8211; Estudiante Doctoral Colaborador<\/h3>\n\t\t\t\t\t\t\t<span class=\"access-image__action\">Conocer m\u00e1s<\/span>\n\t\t\t\t\t\t<\/div>\n\t\t\t\t\t<\/a>\n\t\t\t\t<\/div>\n\t\t\t\t\t\t\t<div class=\"access-image-wrapper\">\n\t\t\t\t\t<a href=\"\" data-url=\"\" class=\"access-image\">\n\t\t\t\t\t<img loading=\"lazy\" decoding=\"async\" width=\"500\" height=\"382\" src=\"https:\/\/psicologia.udd.cl\/ibem\/files\/2023\/07\/paula-villacura-1.jpg\" class=\"access-image__image lazyload\" alt=\"\" sizes=\"auto, (max-width: 500px) 100vw, 500px\" data-src=\"https:\/\/psicologia.udd.cl\/ibem\/files\/2023\/07\/paula-villacura-1.jpg\" data-srcset=\"https:\/\/psicologia.udd.cl\/ibem\/files\/2023\/07\/paula-villacura-1.jpg 500w, https:\/\/psicologia.udd.cl\/ibem\/files\/2023\/07\/paula-villacura-1-300x229.jpg 300w, https:\/\/psicologia.udd.cl\/ibem\/files\/2023\/07\/paula-villacura-1-182x140.jpg 182w\" \/>\t\t\t\t\t\t<div class=\"access-image__content\">\n\t\t\t\t\t\t\t<h3 class=\"access-image__title\">Mg. Paula Villacura &#8211; Estudiante Doctoral Colaborador<\/h3>\n\t\t\t\t\t\t\t<span class=\"access-image__action\">Conocer m\u00e1s<\/span>\n\t\t\t\t\t\t<\/div>\n\t\t\t\t\t<\/a>\n\t\t\t\t<\/div>\n\t\t\t\t\t<\/div>\n\t<\/div>\n<\/section>\n\n\n\n<p class=\"has-text-align-left has-xx-large-font-size\"><img loading=\"lazy\" decoding=\"async\" width=\"80\" height=\"80\" class=\"wp-image-574\" style=\"width: 80px;\" src=\"https:\/\/psicologia.udd.cl\/ibem\/files\/2023\/07\/log-icon-5.jpg\" alt=\"\" srcset=\"https:\/\/psicologia.udd.cl\/ibem\/files\/2023\/07\/log-icon-5.jpg 153w, https:\/\/psicologia.udd.cl\/ibem\/files\/2023\/07\/log-icon-5-150x150.jpg 150w, https:\/\/psicologia.udd.cl\/ibem\/files\/2023\/07\/log-icon-5-62x62.jpg 62w, https:\/\/psicologia.udd.cl\/ibem\/files\/2023\/07\/log-icon-5-126x126.jpg 126w\" sizes=\"auto, (max-width: 80px) 100vw, 80px\" \/>  <strong>Redes y trabajo colaborativo<\/strong><\/p>\n\n\n\n<p class=\"aligncenter\">Equip de Recerca sobre Infants, Adolescents, Drets dels Infants i la seva Qualitat de Vida; el proyecto de investigaci\u00f3n Children\u2019s Worlds: International Survey of Children\u2019s Well-Being; la red internacional de investigaci\u00f3n Children\u2019s Understandings of Well-being: Global and Local Contexts; el Grupo de Pesquisa em Psicologia Comunit\u00e1ria da Universidade Federal do Rio Grande do Sul y el Centro de Investigaci\u00f3n en Ciencias Sociales, de Facultad de Ciencias Sociales Universidad de Palermo, Argentina.<\/p>\n\n\n\n<p class=\"has-text-align-left has-xx-large-font-size\"><img loading=\"lazy\" decoding=\"async\" width=\"80\" height=\"80\" class=\"wp-image-612\" style=\"width: 80px;\" src=\"https:\/\/psicologia.udd.cl\/ibem\/files\/2023\/07\/lab-ico2-2.jpg\" alt=\"\" srcset=\"https:\/\/psicologia.udd.cl\/ibem\/files\/2023\/07\/lab-ico2-2.jpg 153w, https:\/\/psicologia.udd.cl\/ibem\/files\/2023\/07\/lab-ico2-2-150x150.jpg 150w, https:\/\/psicologia.udd.cl\/ibem\/files\/2023\/07\/lab-ico2-2-62x62.jpg 62w, https:\/\/psicologia.udd.cl\/ibem\/files\/2023\/07\/lab-ico2-2-126x126.jpg 126w\" sizes=\"auto, (max-width: 80px) 100vw, 80px\" \/><strong>Proyectos en curso<\/strong><\/p>\n\n\n<!-- WP Block: UDD - Cards Alternate -->\n<section class=\"wp-block-udd-access-cards\">\n\t<div class=\"container\">\n\t\t\t\t<div class=\"block__content\">\n\t\t\t<div class=\"access-cards\">\n\t\t\t\t\t\t\t<div class=\"access-card-wrapper\">\n\t\t\t\t\t\t\t\t\t\t<div class=\"access-card\">\n\t\t\t\t\t\t<h3 class=\"access-card__title\">Fondecyt Regular<\/h3>\n\t\t\t\t\t\t<p class=\"access-card__description\">\n\t\t\t\t\t\t\t\u201cEstudio longitudinal de factores individuales y escolares predictores de la trayectoria del Bienestar Subjetivo durante la adolescencia\u201d. <strong>ANID<\/strong>.\t\t\t\t\t\t<\/p>\n\t\t\t\t\t\t\t\t\t\t\t\t\t\t\t\t<\/div>\n\t\t\t\t<\/div>\n\t\t\t\t\t\t\t<div class=\"access-card-wrapper\">\n\t\t\t\t\t\t\t\t\t\t<div class=\"access-card\">\n\t\t\t\t\t\t<h3 class=\"access-card__title\">Fondef IDeA I+D<\/h3>\n\t\t\t\t\t\t<p class=\"access-card__description\">\n\t\t\t\t\t\t\t\u201cPrograma Multidimensional de Promoci\u00f3n del Bienestar en la Escuela\u201d. <strong>ANID<\/strong>.\t\t\t\t\t\t<\/p>\n\t\t\t\t\t\t\t\t\t\t\t\t\t\t\t\t<\/div>\n\t\t\t\t<\/div>\n\t\t\t\t\t\t<\/div>\n\t\t<\/div>\n\t<\/div>\n<\/section>\n","protected":false},"excerpt":{"rendered":"<p>Foco l\u00ednea de investigaci\u00f3n El Laboratorio tiene como prop\u00f3sito el estudio de la relaci\u00f3n entre la experiencia subjetiva de bienestar y satisfacci\u00f3n vital de ni\u00f1os, ni\u00f1as y adolescentes, y las din\u00e1micas de interrelaci\u00f3n social, ocurridas en los m\u00faltiples niveles sist\u00e9micos de pertenencia, con especial \u00e9nfasis en los niveles micro y meso sist\u00e9micos. Objetivo Contribuir al [&hellip;]<\/p>\n","protected":false},"author":36,"featured_media":881,"parent":0,"menu_order":0,"comment_status":"closed","ping_status":"closed","template":"","meta":{"footnotes":""},"class_list":["post-879","page","type-page","status-publish","has-post-thumbnail","hentry"],"yoast_head":"<!-- This site is optimized with the Yoast SEO plugin v26.9 - https:\/\/yoast.com\/product\/yoast-seo-wordpress\/ -->\n<title>Laboratorio Bienestar Subjetivo en Ni\u00f1ez y Adolescencia - Instituto de Bienestar Socioemocional<\/title>\n<meta name=\"description\" content=\"Contribuimos al conocimiento de los determinantes del Bienestar Subjetivo en la ni\u00f1ez y adolescencia.\" \/>\n<meta name=\"robots\" content=\"index, follow, max-snippet:-1, max-image-preview:large, max-video-preview:-1\" \/>\n<link rel=\"canonical\" href=\"https:\/\/psicologia.udd.cl\/ibem\/laboratorio-bienestar-subjetivo-en-ninez-y-adolescencia\/\" \/>\n<meta property=\"og:locale\" content=\"es_ES\" \/>\n<meta property=\"og:type\" content=\"article\" \/>\n<meta property=\"og:title\" content=\"Laboratorio bienestar subjetivo en ni\u00f1ez y adolescencia - IBEM UDD\" \/>\n<meta property=\"og:description\" content=\"Contribuir al conocimiento de los determinantes del Bienestar Subjetivo en la ni\u00f1ez y adolescencia, diferenciado seg\u00fan grupos sociales de pertenencia, destacando variables del entorno de relaciones.\" \/>\n<meta property=\"og:url\" content=\"https:\/\/psicologia.udd.cl\/ibem\/laboratorio-bienestar-subjetivo-en-ninez-y-adolescencia\/\" \/>\n<meta property=\"og:site_name\" content=\"Instituto de Bienestar Socioemocional\" \/>\n<meta property=\"article:modified_time\" content=\"2024-10-29T16:34:31+00:00\" \/>\n<meta property=\"og:image\" content=\"https:\/\/psicologia.udd.cl\/ibem\/files\/2023\/08\/laboratorio-bienestar-subjetivo-en-ninez-y-adolescencia-ibem-udd.jpg\" \/>\n\t<meta property=\"og:image:width\" content=\"1110\" \/>\n\t<meta property=\"og:image:height\" content=\"589\" \/>\n\t<meta property=\"og:image:type\" content=\"image\/jpeg\" \/>\n<meta name=\"twitter:card\" content=\"summary_large_image\" \/>\n<meta name=\"twitter:title\" content=\"Laboratorio bienestar subjetivo en ni\u00f1ez y adolescencia - IBEM UDD\" \/>\n<meta name=\"twitter:description\" content=\"Contribuir al conocimiento de los determinantes del Bienestar Subjetivo en la ni\u00f1ez y adolescencia, diferenciado seg\u00fan grupos sociales de pertenencia, destacando variables del entorno de relaciones.\" \/>\n<meta name=\"twitter:image\" content=\"https:\/\/psicologia.udd.cl\/ibem\/files\/2023\/08\/laboratorio-bienestar-subjetivo-en-ninez-y-adolescencia-ibem-udd.jpg\" \/>\n<meta name=\"twitter:label1\" content=\"Tiempo de lectura\" \/>\n\t<meta name=\"twitter:data1\" content=\"3 minutos\" \/>\n<script type=\"application\/ld+json\" class=\"yoast-schema-graph\">{\"@context\":\"https:\/\/schema.org\",\"@graph\":[{\"@type\":\"WebPage\",\"@id\":\"https:\/\/psicologia.udd.cl\/ibem\/laboratorio-bienestar-subjetivo-en-ninez-y-adolescencia\/\",\"url\":\"https:\/\/psicologia.udd.cl\/ibem\/laboratorio-bienestar-subjetivo-en-ninez-y-adolescencia\/\",\"name\":\"Laboratorio Bienestar Subjetivo en Ni\u00f1ez y Adolescencia - Instituto de Bienestar Socioemocional\",\"isPartOf\":{\"@id\":\"https:\/\/psicologia.udd.cl\/ibem\/#website\"},\"primaryImageOfPage\":{\"@id\":\"https:\/\/psicologia.udd.cl\/ibem\/laboratorio-bienestar-subjetivo-en-ninez-y-adolescencia\/#primaryimage\"},\"image\":{\"@id\":\"https:\/\/psicologia.udd.cl\/ibem\/laboratorio-bienestar-subjetivo-en-ninez-y-adolescencia\/#primaryimage\"},\"thumbnailUrl\":\"https:\/\/psicologia.udd.cl\/ibem\/files\/2023\/07\/banner_lab_bienestar-subjetivo-ibem.jpg\",\"datePublished\":\"2023-07-27T19:16:09+00:00\",\"dateModified\":\"2024-10-29T16:34:31+00:00\",\"description\":\"Contribuimos al conocimiento de los determinantes del Bienestar Subjetivo en la ni\u00f1ez y adolescencia.\",\"breadcrumb\":{\"@id\":\"https:\/\/psicologia.udd.cl\/ibem\/laboratorio-bienestar-subjetivo-en-ninez-y-adolescencia\/#breadcrumb\"},\"inLanguage\":\"es\",\"potentialAction\":[{\"@type\":\"ReadAction\",\"target\":[\"https:\/\/psicologia.udd.cl\/ibem\/laboratorio-bienestar-subjetivo-en-ninez-y-adolescencia\/\"]}]},{\"@type\":\"ImageObject\",\"inLanguage\":\"es\",\"@id\":\"https:\/\/psicologia.udd.cl\/ibem\/laboratorio-bienestar-subjetivo-en-ninez-y-adolescencia\/#primaryimage\",\"url\":\"https:\/\/psicologia.udd.cl\/ibem\/files\/2023\/07\/banner_lab_bienestar-subjetivo-ibem.jpg\",\"contentUrl\":\"https:\/\/psicologia.udd.cl\/ibem\/files\/2023\/07\/banner_lab_bienestar-subjetivo-ibem.jpg\",\"width\":1920,\"height\":616},{\"@type\":\"BreadcrumbList\",\"@id\":\"https:\/\/psicologia.udd.cl\/ibem\/laboratorio-bienestar-subjetivo-en-ninez-y-adolescencia\/#breadcrumb\",\"itemListElement\":[{\"@type\":\"ListItem\",\"position\":1,\"name\":\"Portada\",\"item\":\"https:\/\/psicologia.udd.cl\/ibem\/\"},{\"@type\":\"ListItem\",\"position\":2,\"name\":\"Laboratorio bienestar subjetivo en ni\u00f1ez y adolescencia - IBEM UDD\"}]},{\"@type\":\"WebSite\",\"@id\":\"https:\/\/psicologia.udd.cl\/ibem\/#website\",\"url\":\"https:\/\/psicologia.udd.cl\/ibem\/\",\"name\":\"Instituto de Bienestar Socioemocional\",\"description\":\"Otro sitio m\u00e1s de Psicologia\",\"publisher\":{\"@id\":\"https:\/\/psicologia.udd.cl\/ibem\/#organization\"},\"inLanguage\":\"es\"},{\"@type\":\"Organization\",\"@id\":\"https:\/\/psicologia.udd.cl\/ibem\/#organization\",\"name\":\"Instituto de Bienestar Socioemocional\",\"url\":\"https:\/\/psicologia.udd.cl\/ibem\/\",\"logo\":{\"@type\":\"ImageObject\",\"inLanguage\":\"es\",\"@id\":\"https:\/\/psicologia.udd.cl\/ibem\/#\/schema\/logo\/image\/\",\"url\":\"https:\/\/psicologia.udd.cl\/ibem\/files\/2022\/11\/ibem-logo-2.jpg\",\"contentUrl\":\"https:\/\/psicologia.udd.cl\/ibem\/files\/2022\/11\/ibem-logo-2.jpg\",\"width\":952,\"height\":534,\"caption\":\"Instituto de Bienestar Socioemocional\"},\"image\":{\"@id\":\"https:\/\/psicologia.udd.cl\/ibem\/#\/schema\/logo\/image\/\"},\"sameAs\":[\"https:\/\/www.instagram.com\/ibemudd\/?hl=es-la\"]}]}<\/script>\n<!-- \/ Yoast SEO plugin. -->","yoast_head_json":{"title":"Laboratorio Bienestar Subjetivo en Ni\u00f1ez y Adolescencia - Instituto de Bienestar Socioemocional","description":"Contribuimos al conocimiento de los determinantes del Bienestar Subjetivo en la ni\u00f1ez y adolescencia.","robots":{"index":"index","follow":"follow","max-snippet":"max-snippet:-1","max-image-preview":"max-image-preview:large","max-video-preview":"max-video-preview:-1"},"canonical":"https:\/\/psicologia.udd.cl\/ibem\/laboratorio-bienestar-subjetivo-en-ninez-y-adolescencia\/","og_locale":"es_ES","og_type":"article","og_title":"Laboratorio bienestar subjetivo en ni\u00f1ez y adolescencia - IBEM UDD","og_description":"Contribuir al conocimiento de los determinantes del Bienestar Subjetivo en la ni\u00f1ez y adolescencia, diferenciado seg\u00fan grupos sociales de pertenencia, destacando variables del entorno de relaciones.","og_url":"https:\/\/psicologia.udd.cl\/ibem\/laboratorio-bienestar-subjetivo-en-ninez-y-adolescencia\/","og_site_name":"Instituto de Bienestar Socioemocional","article_modified_time":"2024-10-29T16:34:31+00:00","og_image":[{"width":1110,"height":589,"url":"https:\/\/psicologia.udd.cl\/ibem\/files\/2023\/08\/laboratorio-bienestar-subjetivo-en-ninez-y-adolescencia-ibem-udd.jpg","type":"image\/jpeg"}],"twitter_card":"summary_large_image","twitter_title":"Laboratorio bienestar subjetivo en ni\u00f1ez y adolescencia - IBEM UDD","twitter_description":"Contribuir al conocimiento de los determinantes del Bienestar Subjetivo en la ni\u00f1ez y adolescencia, diferenciado seg\u00fan grupos sociales de pertenencia, destacando variables del entorno de relaciones.","twitter_image":"https:\/\/psicologia.udd.cl\/ibem\/files\/2023\/08\/laboratorio-bienestar-subjetivo-en-ninez-y-adolescencia-ibem-udd.jpg","twitter_misc":{"Tiempo de lectura":"3 minutos"},"schema":{"@context":"https:\/\/schema.org","@graph":[{"@type":"WebPage","@id":"https:\/\/psicologia.udd.cl\/ibem\/laboratorio-bienestar-subjetivo-en-ninez-y-adolescencia\/","url":"https:\/\/psicologia.udd.cl\/ibem\/laboratorio-bienestar-subjetivo-en-ninez-y-adolescencia\/","name":"Laboratorio Bienestar Subjetivo en Ni\u00f1ez y Adolescencia - Instituto de Bienestar Socioemocional","isPartOf":{"@id":"https:\/\/psicologia.udd.cl\/ibem\/#website"},"primaryImageOfPage":{"@id":"https:\/\/psicologia.udd.cl\/ibem\/laboratorio-bienestar-subjetivo-en-ninez-y-adolescencia\/#primaryimage"},"image":{"@id":"https:\/\/psicologia.udd.cl\/ibem\/laboratorio-bienestar-subjetivo-en-ninez-y-adolescencia\/#primaryimage"},"thumbnailUrl":"https:\/\/psicologia.udd.cl\/ibem\/files\/2023\/07\/banner_lab_bienestar-subjetivo-ibem.jpg","datePublished":"2023-07-27T19:16:09+00:00","dateModified":"2024-10-29T16:34:31+00:00","description":"Contribuimos al conocimiento de los determinantes del Bienestar Subjetivo en la ni\u00f1ez y adolescencia.","breadcrumb":{"@id":"https:\/\/psicologia.udd.cl\/ibem\/laboratorio-bienestar-subjetivo-en-ninez-y-adolescencia\/#breadcrumb"},"inLanguage":"es","potentialAction":[{"@type":"ReadAction","target":["https:\/\/psicologia.udd.cl\/ibem\/laboratorio-bienestar-subjetivo-en-ninez-y-adolescencia\/"]}]},{"@type":"ImageObject","inLanguage":"es","@id":"https:\/\/psicologia.udd.cl\/ibem\/laboratorio-bienestar-subjetivo-en-ninez-y-adolescencia\/#primaryimage","url":"https:\/\/psicologia.udd.cl\/ibem\/files\/2023\/07\/banner_lab_bienestar-subjetivo-ibem.jpg","contentUrl":"https:\/\/psicologia.udd.cl\/ibem\/files\/2023\/07\/banner_lab_bienestar-subjetivo-ibem.jpg","width":1920,"height":616},{"@type":"BreadcrumbList","@id":"https:\/\/psicologia.udd.cl\/ibem\/laboratorio-bienestar-subjetivo-en-ninez-y-adolescencia\/#breadcrumb","itemListElement":[{"@type":"ListItem","position":1,"name":"Portada","item":"https:\/\/psicologia.udd.cl\/ibem\/"},{"@type":"ListItem","position":2,"name":"Laboratorio bienestar subjetivo en ni\u00f1ez y adolescencia - IBEM UDD"}]},{"@type":"WebSite","@id":"https:\/\/psicologia.udd.cl\/ibem\/#website","url":"https:\/\/psicologia.udd.cl\/ibem\/","name":"Instituto de Bienestar Socioemocional","description":"Otro sitio m\u00e1s de Psicologia","publisher":{"@id":"https:\/\/psicologia.udd.cl\/ibem\/#organization"},"inLanguage":"es"},{"@type":"Organization","@id":"https:\/\/psicologia.udd.cl\/ibem\/#organization","name":"Instituto de Bienestar Socioemocional","url":"https:\/\/psicologia.udd.cl\/ibem\/","logo":{"@type":"ImageObject","inLanguage":"es","@id":"https:\/\/psicologia.udd.cl\/ibem\/#\/schema\/logo\/image\/","url":"https:\/\/psicologia.udd.cl\/ibem\/files\/2022\/11\/ibem-logo-2.jpg","contentUrl":"https:\/\/psicologia.udd.cl\/ibem\/files\/2022\/11\/ibem-logo-2.jpg","width":952,"height":534,"caption":"Instituto de Bienestar Socioemocional"},"image":{"@id":"https:\/\/psicologia.udd.cl\/ibem\/#\/schema\/logo\/image\/"},"sameAs":["https:\/\/www.instagram.com\/ibemudd\/?hl=es-la"]}]}},"_links":{"self":[{"href":"https:\/\/psicologia.udd.cl\/ibem\/wp-json\/wp\/v2\/pages\/879","targetHints":{"allow":["GET"]}}],"collection":[{"href":"https:\/\/psicologia.udd.cl\/ibem\/wp-json\/wp\/v2\/pages"}],"about":[{"href":"https:\/\/psicologia.udd.cl\/ibem\/wp-json\/wp\/v2\/types\/page"}],"author":[{"embeddable":true,"href":"https:\/\/psicologia.udd.cl\/ibem\/wp-json\/wp\/v2\/users\/36"}],"replies":[{"embeddable":true,"href":"https:\/\/psicologia.udd.cl\/ibem\/wp-json\/wp\/v2\/comments?post=879"}],"version-history":[{"count":8,"href":"https:\/\/psicologia.udd.cl\/ibem\/wp-json\/wp\/v2\/pages\/879\/revisions"}],"predecessor-version":[{"id":2640,"href":"https:\/\/psicologia.udd.cl\/ibem\/wp-json\/wp\/v2\/pages\/879\/revisions\/2640"}],"wp:featuredmedia":[{"embeddable":true,"href":"https:\/\/psicologia.udd.cl\/ibem\/wp-json\/wp\/v2\/media\/881"}],"wp:attachment":[{"href":"https:\/\/psicologia.udd.cl\/ibem\/wp-json\/wp\/v2\/media?parent=879"}],"curies":[{"name":"wp","href":"https:\/\/api.w.org\/{rel}","templated":true}]}}