{"id":149,"date":"2023-09-20T16:16:13","date_gmt":"2023-09-20T16:16:13","guid":{"rendered":"https:\/\/psicologia.udd.cl\/enprimerapersona\/?page_id=149"},"modified":"2023-10-06T15:36:47","modified_gmt":"2023-10-06T15:36:47","slug":"cristian-cortes-en-primera-persona","status":"publish","type":"page","link":"https:\/\/psicologia.udd.cl\/enprimerapersona\/testimonios\/cristian-cortes-en-primera-persona\/","title":{"rendered":"Cristian Cort\u00e9s | Egresado DCDP"},"content":{"rendered":"\n<div class=\"wp-block-media-text alignfull is-stacked-on-mobile\" style=\"grid-template-columns:35% auto\"><figure class=\"wp-block-media-text__media\"><img loading=\"lazy\" decoding=\"async\" width=\"401\" height=\"550\" src=\"https:\/\/psicologia.udd.cl\/enprimerapersona\/files\/2023\/09\/8.png\" alt=\"\" class=\"wp-image-78 size-large\" srcset=\"https:\/\/psicologia.udd.cl\/enprimerapersona\/files\/2023\/09\/8.png 401w, https:\/\/psicologia.udd.cl\/enprimerapersona\/files\/2023\/09\/8-219x300.png 219w\" sizes=\"auto, (max-width: 401px) 100vw, 401px\" \/><\/figure><div class=\"wp-block-media-text__content\">\n<p><\/p>\n\n\n\n<h2 class=\"wp-block-heading\">EN PRIMERA PERSONA<br><\/h2>\n\n\n\n<p>\u00abIntegrar la primera generaci\u00f3n del doctorado ten\u00eda una parte de riesgo y otra de oportunidad. El riego era cursar un programa nuevo, con desaf\u00edos de construcci\u00f3n, y la oportunidad no s\u00f3lo era ser parte de un programa desafiante, sino que adem\u00e1s, interdisciplinario\u00bb.<\/p>\n<\/div><\/div>\n\n\n\n<h3 class=\"wp-block-heading\">Escucha la entrevista ac\u00e1:<\/h3>\n\n\n\n<figure class=\"wp-block-audio\"><audio controls src=\"https:\/\/psicologia.udd.cl\/enprimerapersona\/files\/2023\/10\/cristiancortes.mp3\"><\/audio><\/figure>\n","protected":false},"excerpt":{"rendered":"<p>EN PRIMERA PERSONA \u00abIntegrar la primera generaci\u00f3n del doctorado ten\u00eda una parte de riesgo y otra de oportunidad. El riego era cursar un programa nuevo, con desaf\u00edos de construcci\u00f3n, y la oportunidad no s\u00f3lo era ser parte de un programa desafiante, sino que adem\u00e1s, interdisciplinario\u00bb. Escucha la entrevista ac\u00e1:<\/p>\n","protected":false},"author":36,"featured_media":0,"parent":19,"menu_order":15,"comment_status":"closed","ping_status":"closed","template":"","meta":{"footnotes":""},"class_list":["post-149","page","type-page","status-publish","hentry"],"yoast_head":"<!-- This site is optimized with the Yoast SEO plugin v26.9 - https:\/\/yoast.com\/product\/yoast-seo-wordpress\/ -->\n<title>Cristian Cort\u00e9s | Egresado DCDP - Psicolog\u00eda UDD | 25 a\u00f1os<\/title>\n<meta name=\"description\" content=\"Conoce el testimonio En Primera Persona de Cristian Cort\u00e9s, primer egresado del DCDP, por los 25 a\u00f1os de Psicolog\u00eda UDD.\" \/>\n<meta name=\"robots\" content=\"index, follow, max-snippet:-1, max-image-preview:large, max-video-preview:-1\" \/>\n<link rel=\"canonical\" href=\"https:\/\/psicologia.udd.cl\/enprimerapersona\/testimonios\/cristian-cortes-en-primera-persona\/\" \/>\n<meta property=\"og:locale\" content=\"es_ES\" \/>\n<meta property=\"og:type\" content=\"article\" \/>\n<meta property=\"og:title\" content=\"Cristian Cort\u00e9s | Egresado DCDP - Psicolog\u00eda UDD | 25 a\u00f1os\" \/>\n<meta property=\"og:description\" content=\"Conoce el testimonio En Primera Persona de Cristian Cort\u00e9s, primer egresado del DCDP, por los 25 a\u00f1os de Psicolog\u00eda UDD.\" \/>\n<meta property=\"og:url\" content=\"https:\/\/psicologia.udd.cl\/enprimerapersona\/testimonios\/cristian-cortes-en-primera-persona\/\" \/>\n<meta property=\"og:site_name\" content=\"Psicolog\u00eda UDD | 25 a\u00f1os\" \/>\n<meta property=\"article:modified_time\" content=\"2023-10-06T15:36:47+00:00\" \/>\n<meta property=\"og:image\" content=\"https:\/\/psicologia.udd.cl\/enprimerapersona\/files\/2023\/09\/8.png\" \/>\n<meta name=\"twitter:card\" content=\"summary_large_image\" \/>\n<meta name=\"twitter:label1\" content=\"Tiempo de lectura\" \/>\n\t<meta name=\"twitter:data1\" content=\"1 minuto\" \/>\n<script type=\"application\/ld+json\" class=\"yoast-schema-graph\">{\"@context\":\"https:\/\/schema.org\",\"@graph\":[{\"@type\":\"WebPage\",\"@id\":\"https:\/\/psicologia.udd.cl\/enprimerapersona\/testimonios\/cristian-cortes-en-primera-persona\/\",\"url\":\"https:\/\/psicologia.udd.cl\/enprimerapersona\/testimonios\/cristian-cortes-en-primera-persona\/\",\"name\":\"Cristian Cort\u00e9s | Egresado DCDP - Psicolog\u00eda UDD | 25 a\u00f1os\",\"isPartOf\":{\"@id\":\"https:\/\/psicologia.udd.cl\/enprimerapersona\/#website\"},\"primaryImageOfPage\":{\"@id\":\"https:\/\/psicologia.udd.cl\/enprimerapersona\/testimonios\/cristian-cortes-en-primera-persona\/#primaryimage\"},\"image\":{\"@id\":\"https:\/\/psicologia.udd.cl\/enprimerapersona\/testimonios\/cristian-cortes-en-primera-persona\/#primaryimage\"},\"thumbnailUrl\":\"https:\/\/psicologia.udd.cl\/enprimerapersona\/files\/2023\/09\/8.png\",\"datePublished\":\"2023-09-20T16:16:13+00:00\",\"dateModified\":\"2023-10-06T15:36:47+00:00\",\"description\":\"Conoce el testimonio En Primera Persona de Cristian Cort\u00e9s, primer egresado del DCDP, por los 25 a\u00f1os de Psicolog\u00eda UDD.\",\"breadcrumb\":{\"@id\":\"https:\/\/psicologia.udd.cl\/enprimerapersona\/testimonios\/cristian-cortes-en-primera-persona\/#breadcrumb\"},\"inLanguage\":\"es\",\"potentialAction\":[{\"@type\":\"ReadAction\",\"target\":[\"https:\/\/psicologia.udd.cl\/enprimerapersona\/testimonios\/cristian-cortes-en-primera-persona\/\"]}]},{\"@type\":\"ImageObject\",\"inLanguage\":\"es\",\"@id\":\"https:\/\/psicologia.udd.cl\/enprimerapersona\/testimonios\/cristian-cortes-en-primera-persona\/#primaryimage\",\"url\":\"https:\/\/psicologia.udd.cl\/enprimerapersona\/files\/2023\/09\/8.png\",\"contentUrl\":\"https:\/\/psicologia.udd.cl\/enprimerapersona\/files\/2023\/09\/8.png\",\"width\":401,\"height\":550},{\"@type\":\"BreadcrumbList\",\"@id\":\"https:\/\/psicologia.udd.cl\/enprimerapersona\/testimonios\/cristian-cortes-en-primera-persona\/#breadcrumb\",\"itemListElement\":[{\"@type\":\"ListItem\",\"position\":1,\"name\":\"Portada\",\"item\":\"https:\/\/psicologia.udd.cl\/enprimerapersona\/\"},{\"@type\":\"ListItem\",\"position\":2,\"name\":\"Testimonios\",\"item\":\"https:\/\/psicologia.udd.cl\/enprimerapersona\/testimonios\/\"},{\"@type\":\"ListItem\",\"position\":3,\"name\":\"Cristian Cort\u00e9s | Egresado DCDP\"}]},{\"@type\":\"WebSite\",\"@id\":\"https:\/\/psicologia.udd.cl\/enprimerapersona\/#website\",\"url\":\"https:\/\/psicologia.udd.cl\/enprimerapersona\/\",\"name\":\"Psicolog\u00eda UDD | 25 a\u00f1os\",\"description\":\"Nuestra historia\",\"inLanguage\":\"es\"}]}<\/script>\n<!-- \/ Yoast SEO plugin. -->","yoast_head_json":{"title":"Cristian Cort\u00e9s | Egresado DCDP - Psicolog\u00eda UDD | 25 a\u00f1os","description":"Conoce el testimonio En Primera Persona de Cristian Cort\u00e9s, primer egresado del DCDP, por los 25 a\u00f1os de Psicolog\u00eda UDD.","robots":{"index":"index","follow":"follow","max-snippet":"max-snippet:-1","max-image-preview":"max-image-preview:large","max-video-preview":"max-video-preview:-1"},"canonical":"https:\/\/psicologia.udd.cl\/enprimerapersona\/testimonios\/cristian-cortes-en-primera-persona\/","og_locale":"es_ES","og_type":"article","og_title":"Cristian Cort\u00e9s | Egresado DCDP - Psicolog\u00eda UDD | 25 a\u00f1os","og_description":"Conoce el testimonio En Primera Persona de Cristian Cort\u00e9s, primer egresado del DCDP, por los 25 a\u00f1os de Psicolog\u00eda UDD.","og_url":"https:\/\/psicologia.udd.cl\/enprimerapersona\/testimonios\/cristian-cortes-en-primera-persona\/","og_site_name":"Psicolog\u00eda UDD | 25 a\u00f1os","article_modified_time":"2023-10-06T15:36:47+00:00","og_image":[{"url":"https:\/\/psicologia.udd.cl\/enprimerapersona\/files\/2023\/09\/8.png","type":"","width":"","height":""}],"twitter_card":"summary_large_image","twitter_misc":{"Tiempo de lectura":"1 minuto"},"schema":{"@context":"https:\/\/schema.org","@graph":[{"@type":"WebPage","@id":"https:\/\/psicologia.udd.cl\/enprimerapersona\/testimonios\/cristian-cortes-en-primera-persona\/","url":"https:\/\/psicologia.udd.cl\/enprimerapersona\/testimonios\/cristian-cortes-en-primera-persona\/","name":"Cristian Cort\u00e9s | Egresado DCDP - Psicolog\u00eda UDD | 25 a\u00f1os","isPartOf":{"@id":"https:\/\/psicologia.udd.cl\/enprimerapersona\/#website"},"primaryImageOfPage":{"@id":"https:\/\/psicologia.udd.cl\/enprimerapersona\/testimonios\/cristian-cortes-en-primera-persona\/#primaryimage"},"image":{"@id":"https:\/\/psicologia.udd.cl\/enprimerapersona\/testimonios\/cristian-cortes-en-primera-persona\/#primaryimage"},"thumbnailUrl":"https:\/\/psicologia.udd.cl\/enprimerapersona\/files\/2023\/09\/8.png","datePublished":"2023-09-20T16:16:13+00:00","dateModified":"2023-10-06T15:36:47+00:00","description":"Conoce el testimonio En Primera Persona de Cristian Cort\u00e9s, primer egresado del DCDP, por los 25 a\u00f1os de Psicolog\u00eda UDD.","breadcrumb":{"@id":"https:\/\/psicologia.udd.cl\/enprimerapersona\/testimonios\/cristian-cortes-en-primera-persona\/#breadcrumb"},"inLanguage":"es","potentialAction":[{"@type":"ReadAction","target":["https:\/\/psicologia.udd.cl\/enprimerapersona\/testimonios\/cristian-cortes-en-primera-persona\/"]}]},{"@type":"ImageObject","inLanguage":"es","@id":"https:\/\/psicologia.udd.cl\/enprimerapersona\/testimonios\/cristian-cortes-en-primera-persona\/#primaryimage","url":"https:\/\/psicologia.udd.cl\/enprimerapersona\/files\/2023\/09\/8.png","contentUrl":"https:\/\/psicologia.udd.cl\/enprimerapersona\/files\/2023\/09\/8.png","width":401,"height":550},{"@type":"BreadcrumbList","@id":"https:\/\/psicologia.udd.cl\/enprimerapersona\/testimonios\/cristian-cortes-en-primera-persona\/#breadcrumb","itemListElement":[{"@type":"ListItem","position":1,"name":"Portada","item":"https:\/\/psicologia.udd.cl\/enprimerapersona\/"},{"@type":"ListItem","position":2,"name":"Testimonios","item":"https:\/\/psicologia.udd.cl\/enprimerapersona\/testimonios\/"},{"@type":"ListItem","position":3,"name":"Cristian Cort\u00e9s | Egresado DCDP"}]},{"@type":"WebSite","@id":"https:\/\/psicologia.udd.cl\/enprimerapersona\/#website","url":"https:\/\/psicologia.udd.cl\/enprimerapersona\/","name":"Psicolog\u00eda UDD | 25 a\u00f1os","description":"Nuestra historia","inLanguage":"es"}]}},"_links":{"self":[{"href":"https:\/\/psicologia.udd.cl\/enprimerapersona\/wp-json\/wp\/v2\/pages\/149","targetHints":{"allow":["GET"]}}],"collection":[{"href":"https:\/\/psicologia.udd.cl\/enprimerapersona\/wp-json\/wp\/v2\/pages"}],"about":[{"href":"https:\/\/psicologia.udd.cl\/enprimerapersona\/wp-json\/wp\/v2\/types\/page"}],"author":[{"embeddable":true,"href":"https:\/\/psicologia.udd.cl\/enprimerapersona\/wp-json\/wp\/v2\/users\/36"}],"replies":[{"embeddable":true,"href":"https:\/\/psicologia.udd.cl\/enprimerapersona\/wp-json\/wp\/v2\/comments?post=149"}],"version-history":[{"count":3,"href":"https:\/\/psicologia.udd.cl\/enprimerapersona\/wp-json\/wp\/v2\/pages\/149\/revisions"}],"predecessor-version":[{"id":311,"href":"https:\/\/psicologia.udd.cl\/enprimerapersona\/wp-json\/wp\/v2\/pages\/149\/revisions\/311"}],"up":[{"embeddable":true,"href":"https:\/\/psicologia.udd.cl\/enprimerapersona\/wp-json\/wp\/v2\/pages\/19"}],"wp:attachment":[{"href":"https:\/\/psicologia.udd.cl\/enprimerapersona\/wp-json\/wp\/v2\/media?parent=149"}],"curies":[{"name":"wp","href":"https:\/\/api.w.org\/{rel}","templated":true}]}}