{"id":2304,"date":"2024-03-07T15:02:42","date_gmt":"2024-03-07T18:02:42","guid":{"rendered":"https:\/\/psicologia.udd.cl\/doctorado\/?post_type=person&amp;p=2304"},"modified":"2024-03-07T15:02:42","modified_gmt":"2024-03-07T18:02:42","slug":"jeanette-andrea-paez-videla","status":"publish","type":"person","link":"https:\/\/psicologia.udd.cl\/doctorado\/es\/persona\/jeanette-andrea-paez-videla\/","featured_media":2274,"template":"","people_tax":[],"people_areas":[],"people_levels":[],"class_list":["post-2304","person","type-person","status-publish","has-post-thumbnail","hentry","people_list-estudiantes-dcdp-2024"],"yoast_head":"<!-- This site is optimized with the Yoast SEO plugin v26.9 - https:\/\/yoast.com\/product\/yoast-seo-wordpress\/ -->\n<title>Jeanette Andrea P\u00e1ez Videla - Doctorado en Ciencias del Desarrollo y Psicopatolog\u00eda<\/title>\n<meta name=\"robots\" content=\"index, follow, max-snippet:-1, max-image-preview:large, max-video-preview:-1\" \/>\n<link rel=\"canonical\" href=\"https:\/\/psicologia.udd.cl\/doctorado\/es\/persona\/jeanette-andrea-paez-videla\/\" \/>\n<meta property=\"og:locale\" content=\"es_ES\" \/>\n<meta property=\"og:type\" content=\"article\" \/>\n<meta property=\"og:title\" content=\"Jeanette Andrea P\u00e1ez Videla - Doctorado en Ciencias del Desarrollo y Psicopatolog\u00eda\" \/>\n<meta property=\"og:url\" content=\"https:\/\/psicologia.udd.cl\/doctorado\/es\/persona\/jeanette-andrea-paez-videla\/\" \/>\n<meta property=\"og:site_name\" content=\"Doctorado en Ciencias del Desarrollo y Psicopatolog\u00eda\" \/>\n<meta property=\"og:image\" content=\"https:\/\/psicologia.udd.cl\/doctorado\/files\/2024\/03\/4_22.png\" \/>\n\t<meta property=\"og:image:width\" content=\"1080\" \/>\n\t<meta property=\"og:image:height\" content=\"1080\" \/>\n\t<meta property=\"og:image:type\" content=\"image\/png\" \/>\n<meta name=\"twitter:card\" content=\"summary_large_image\" \/>\n<meta name=\"twitter:label1\" content=\"Tiempo de lectura\" \/>\n\t<meta name=\"twitter:data1\" content=\"1 minuto\" \/>\n<script type=\"application\/ld+json\" class=\"yoast-schema-graph\">{\"@context\":\"https:\/\/schema.org\",\"@graph\":[{\"@type\":\"WebPage\",\"@id\":\"https:\/\/psicologia.udd.cl\/doctorado\/es\/persona\/jeanette-andrea-paez-videla\/\",\"url\":\"https:\/\/psicologia.udd.cl\/doctorado\/es\/persona\/jeanette-andrea-paez-videla\/\",\"name\":\"Jeanette Andrea P\u00e1ez Videla - Doctorado en Ciencias del Desarrollo y Psicopatolog\u00eda\",\"isPartOf\":{\"@id\":\"https:\/\/psicologia.udd.cl\/doctorado\/#website\"},\"primaryImageOfPage\":{\"@id\":\"https:\/\/psicologia.udd.cl\/doctorado\/es\/persona\/jeanette-andrea-paez-videla\/#primaryimage\"},\"image\":{\"@id\":\"https:\/\/psicologia.udd.cl\/doctorado\/es\/persona\/jeanette-andrea-paez-videla\/#primaryimage\"},\"thumbnailUrl\":\"https:\/\/psicologia.udd.cl\/doctorado\/files\/2024\/03\/4_22.png\",\"datePublished\":\"2024-03-07T18:02:42+00:00\",\"breadcrumb\":{\"@id\":\"https:\/\/psicologia.udd.cl\/doctorado\/es\/persona\/jeanette-andrea-paez-videla\/#breadcrumb\"},\"inLanguage\":\"es\",\"potentialAction\":[{\"@type\":\"ReadAction\",\"target\":[\"https:\/\/psicologia.udd.cl\/doctorado\/es\/persona\/jeanette-andrea-paez-videla\/\"]}]},{\"@type\":\"ImageObject\",\"inLanguage\":\"es\",\"@id\":\"https:\/\/psicologia.udd.cl\/doctorado\/es\/persona\/jeanette-andrea-paez-videla\/#primaryimage\",\"url\":\"https:\/\/psicologia.udd.cl\/doctorado\/files\/2024\/03\/4_22.png\",\"contentUrl\":\"https:\/\/psicologia.udd.cl\/doctorado\/files\/2024\/03\/4_22.png\",\"width\":1080,\"height\":1080},{\"@type\":\"BreadcrumbList\",\"@id\":\"https:\/\/psicologia.udd.cl\/doctorado\/es\/persona\/jeanette-andrea-paez-videla\/#breadcrumb\",\"itemListElement\":[{\"@type\":\"ListItem\",\"position\":1,\"name\":\"Personas\",\"item\":\"https:\/\/psicologia.udd.cl\/doctorado\/persona\/\"},{\"@type\":\"ListItem\",\"position\":2,\"name\":\"Jeanette Andrea P\u00e1ez Videla\"}]},{\"@type\":\"WebSite\",\"@id\":\"https:\/\/psicologia.udd.cl\/doctorado\/#website\",\"url\":\"https:\/\/psicologia.udd.cl\/doctorado\/\",\"name\":\"Doctorado en Ciencias del Desarrollo y Psicopatolog\u00eda\",\"description\":\"\",\"inLanguage\":\"es\"}]}<\/script>\n<!-- \/ Yoast SEO plugin. -->","yoast_head_json":{"title":"Jeanette Andrea P\u00e1ez Videla - Doctorado en Ciencias del Desarrollo y Psicopatolog\u00eda","robots":{"index":"index","follow":"follow","max-snippet":"max-snippet:-1","max-image-preview":"max-image-preview:large","max-video-preview":"max-video-preview:-1"},"canonical":"https:\/\/psicologia.udd.cl\/doctorado\/es\/persona\/jeanette-andrea-paez-videla\/","og_locale":"es_ES","og_type":"article","og_title":"Jeanette Andrea P\u00e1ez Videla - Doctorado en Ciencias del Desarrollo y Psicopatolog\u00eda","og_url":"https:\/\/psicologia.udd.cl\/doctorado\/es\/persona\/jeanette-andrea-paez-videla\/","og_site_name":"Doctorado en Ciencias del Desarrollo y Psicopatolog\u00eda","og_image":[{"width":1080,"height":1080,"url":"https:\/\/psicologia.udd.cl\/doctorado\/files\/2024\/03\/4_22.png","type":"image\/png"}],"twitter_card":"summary_large_image","twitter_misc":{"Tiempo de lectura":"1 minuto"},"schema":{"@context":"https:\/\/schema.org","@graph":[{"@type":"WebPage","@id":"https:\/\/psicologia.udd.cl\/doctorado\/es\/persona\/jeanette-andrea-paez-videla\/","url":"https:\/\/psicologia.udd.cl\/doctorado\/es\/persona\/jeanette-andrea-paez-videla\/","name":"Jeanette Andrea P\u00e1ez Videla - Doctorado en Ciencias del Desarrollo y Psicopatolog\u00eda","isPartOf":{"@id":"https:\/\/psicologia.udd.cl\/doctorado\/#website"},"primaryImageOfPage":{"@id":"https:\/\/psicologia.udd.cl\/doctorado\/es\/persona\/jeanette-andrea-paez-videla\/#primaryimage"},"image":{"@id":"https:\/\/psicologia.udd.cl\/doctorado\/es\/persona\/jeanette-andrea-paez-videla\/#primaryimage"},"thumbnailUrl":"https:\/\/psicologia.udd.cl\/doctorado\/files\/2024\/03\/4_22.png","datePublished":"2024-03-07T18:02:42+00:00","breadcrumb":{"@id":"https:\/\/psicologia.udd.cl\/doctorado\/es\/persona\/jeanette-andrea-paez-videla\/#breadcrumb"},"inLanguage":"es","potentialAction":[{"@type":"ReadAction","target":["https:\/\/psicologia.udd.cl\/doctorado\/es\/persona\/jeanette-andrea-paez-videla\/"]}]},{"@type":"ImageObject","inLanguage":"es","@id":"https:\/\/psicologia.udd.cl\/doctorado\/es\/persona\/jeanette-andrea-paez-videla\/#primaryimage","url":"https:\/\/psicologia.udd.cl\/doctorado\/files\/2024\/03\/4_22.png","contentUrl":"https:\/\/psicologia.udd.cl\/doctorado\/files\/2024\/03\/4_22.png","width":1080,"height":1080},{"@type":"BreadcrumbList","@id":"https:\/\/psicologia.udd.cl\/doctorado\/es\/persona\/jeanette-andrea-paez-videla\/#breadcrumb","itemListElement":[{"@type":"ListItem","position":1,"name":"Personas","item":"https:\/\/psicologia.udd.cl\/doctorado\/persona\/"},{"@type":"ListItem","position":2,"name":"Jeanette Andrea P\u00e1ez Videla"}]},{"@type":"WebSite","@id":"https:\/\/psicologia.udd.cl\/doctorado\/#website","url":"https:\/\/psicologia.udd.cl\/doctorado\/","name":"Doctorado en Ciencias del Desarrollo y Psicopatolog\u00eda","description":"","inLanguage":"es"}]}},"label":"Jeanette Andrea  P\u00e1ez Videla","title":{"rendered":"Jeanette Andrea  P\u00e1ez Videla"},"role":"Estudiante DCDP - Generaci\u00f3n 2024","thumbnail_url":"https:\/\/psicologia.udd.cl\/doctorado\/files\/2024\/03\/4_22-500x500.png","email":"","tel_job":"","content":{"rendered":"<div class=\"person-modal person-modal--scl\">\n\t<header class=\"person-modal__header\">\n\t\t<div class=\"person-modal__bg\"><\/div>\n\t\t<div class=\"modal-container\">\n\t\t\t\t\t\t<div class=\"person-modal__media\">\n\t\t\t\t<img width=\"500\" height=\"500\" src=\"https:\/\/psicologia.udd.cl\/doctorado\/files\/2024\/03\/4_22-62x62.png\" class=\"person-modal__image wp-post-image lazyload\" alt=\"\" decoding=\"async\" loading=\"lazy\" sizes=\"auto, (max-width: 500px) 100vw, 500px\" data-src=\"https:\/\/psicologia.udd.cl\/doctorado\/files\/2024\/03\/4_22-500x500.png\" data-srcset=\"https:\/\/psicologia.udd.cl\/doctorado\/files\/2024\/03\/4_22-500x500.png 500w, https:\/\/psicologia.udd.cl\/doctorado\/files\/2024\/03\/4_22-300x300.png 300w, https:\/\/psicologia.udd.cl\/doctorado\/files\/2024\/03\/4_22-1024x1024.png 1024w, https:\/\/psicologia.udd.cl\/doctorado\/files\/2024\/03\/4_22-150x150.png 150w, https:\/\/psicologia.udd.cl\/doctorado\/files\/2024\/03\/4_22-768x768.png 768w, https:\/\/psicologia.udd.cl\/doctorado\/files\/2024\/03\/4_22-62x62.png 62w, https:\/\/psicologia.udd.cl\/doctorado\/files\/2024\/03\/4_22-750x750.png 750w, https:\/\/psicologia.udd.cl\/doctorado\/files\/2024\/03\/4_22-250x250.png 250w, https:\/\/psicologia.udd.cl\/doctorado\/files\/2024\/03\/4_22-126x126.png 126w, https:\/\/psicologia.udd.cl\/doctorado\/files\/2024\/03\/4_22.png 1080w\" \/>\t\t\t<\/div>\n\t\t\t\t\t\t<div class=\"person-modal__data\">\n\t\t\t\t<h1 class=\"person-modal__name\">Jeanette Andrea  P\u00e1ez Videla<\/h1>\n\t\t\t\t\t\t\t<span class=\"person-modal__description\">Estudiante DCDP - Generaci\u00f3n 2024<\/span>\n\t\t\t\t\t\t\t\t\t\t\t\t\t\t\t<\/div>\n\t\t<\/div>\n\t<\/header>\n\t<div class=\"modal-container\">\n\t\t\t<div class=\"person-modal__content text\">\n\t\t\t\t\t\t\t\t\t\t<p><strong>Antecedentes acad\u00e9micos:<\/strong><\/p>\n<ul>\n<li>Licenciatura en Enfermer\u00eda. Facultad de Medicina, Universidad de Buenos Aires. Argentina.<\/li>\n<li>Enfermer\u00eda Universitaria. Facultad de Medicina, Universidad de Buenos Aires. Argentina.<\/li>\n<li>Mag\u00edster en Enfermer\u00eda con menci\u00f3n en Gesti\u00f3n del Cuidado, Universidad Cat\u00f3lica del Maule, Chile.<\/li>\n<li>Diplomado en neurociencias. Universidad Cat\u00f3lica del Maule, Talca, Chile.<\/li>\n<li>Diplomado en Educaci\u00f3n para Ciencias de la Salud. Universidad Cat\u00f3lica del Maule, Talca, Chile.<\/li>\n<\/ul>\n<p><strong>Experiencia en investigaci\u00f3n:<\/strong><\/p>\n<p>2022-2023<\/p>\n<p>Ayudante de investigaci\u00f3n 2022-2023. Proyecto Fondecyt de Iniciaci\u00f3n 2022 N\u00ba 11221172. T\u00edtulo: \u201cContribuciones de la modelizaci\u00f3n en el aula de ciencias en el desarrollo de concepciones informadas sobre la ciencia de estudiantes de educaci\u00f3n media, como componente fundamental de la formaci\u00f3n ciudadana\u201d. IR: Dr. Yefrin Ariza. Financiado por la Agencia Nacional de Investigaci\u00f3n y Desarrollo, Chile.<\/p>\n<p>2021- Actualmente<\/p>\n<p>Integrante del equipo investigador Proyecto con Financiamiento Interno, Universidad Cat\u00f3lica del\u00a0Maule 2021, titulado: \u201cExperiencias de duelo en tiempos de pandemia: vulnerabilidad, espiritualidad y auto trascendencia en equipos de salud\u201d. Investigadora Responsable Dra. Margarita Poblete.<\/p>\n<p>2021-2022<\/p>\n<p>Investigadora responsable proyecto de investigaci\u00f3n con financiamiento interno, Universidad Cat\u00f3lica del Maule. L\u00ednea tesis de postgrado titulado \u201cCuidados de enfermer\u00eda que protegen el neurodesarrollo en prematuros de la Regi\u00f3n del Maule\u201d. Universidad Cat\u00f3lica del Maule.<\/p>\n<p><strong>Publicaciones y\/o Congresos:<\/strong><\/p>\n<p>1. Publicaciones<\/p>\n<p>Guerra Guerrero, Veronica Teresa; Correa Schnake, Marcelo; Poblete Troncoso, Margarita; P\u00e1ez Videla, Jeanette Andrea; Daneck, Mar\u00eda Carolina. (2023). \u201cSpirituality of health professionals in Critical Patients Units in Chile during the COVID-19\u201d. Journal of Holistic Nursing (Scopus). Art\u00edculo Sometido.<\/p>\n<p>P\u00e1ez, A. (2022). \u201cLa experiencia del ni\u00f1o prematuro, una mirada desde la fenomenolog\u00eda para enfermer\u00eda\u201d. Ciencia y Enfermer\u00eda (Scopus). Art\u00edculo Sometido.<\/p>\n<p>P\u00e1ez, A., Poblete, M. (2023). \u201cReconstrucci\u00f3n hist\u00f3rica de la enfermer\u00eda neonatal\u201d. Fundasamin. (Latindex). Art\u00edculo enviado.<\/p>\n<p>2. Participaci\u00f3n en eventos cient\u00edficos<\/p>\n<p>2023<\/p>\n<p>P\u00e1ez, Andrea. La pandemia COVID-19 y los cuidados en neurodesarrollo, experiencia de una neonatolog\u00eda en un Hospital Regional de Chile. XIX Congreso de la Sociedad Iberoamericana de Neonatolog\u00eda. Mar del Plata, Argentina. 28,29 y 30 de noviembre de 2023. (Aceptado)<\/p>\n<p>2022<\/p>\n<p>P\u00e1ez Andrea, \u201cCuidados de enfermer\u00eda que protegen el neurodesarrollo en prematuros de la Regi\u00f3n del Maule\u201d. 4ta Escuela de Invierno, \u201cinspiremos para innovar en el cuidado de enfermer\u00eda\u201d, VII Seminario de Tesis 2022, \u201cMi tesis en 3 minutos\u201d. Universidad de Concepci\u00f3n, Concepci\u00f3n, Chile. 5 de agosto<\/p>\n<p>2021<\/p>\n<p>P\u00e1ez Andrea, \u201cCuidados de en enfermer\u00eda protectores del neurodesarrollo en prematuro de la Regi\u00f3n del Maule, avances en la investigaci\u00f3n\u201d. VI Congreso Nacional y I Congreso Internacional de Enfermer\u00eda Uninavarra, Colombia, 05 de noviembre de 2021.<\/p>\n<p>P\u00e1ez, Andrea. \u201cCuidados de enfermer\u00eda que protegen el neurodesarrollo en prematuros de la Regi\u00f3n del Maule\u201d, un proyecto de investigaci\u00f3n. I Jornada Nacional de Investigaci\u00f3n en Enfermer\u00eda: desarrollando la innovaci\u00f3n en los cuidados. 20 de agosto de 2021. Escuela de Enfermer\u00eda, Universidad de Valpara\u00edso, Chile.<\/p>\n<p>2017<\/p>\n<p>P\u00e1ez, Andrea. \u201cHumanizaci\u00f3n de los Cuidados: Terapias abiertas, beneficios en la recuperaci\u00f3n\u201d. VI Congreso de Enfermer\u00eda \u201cEst\u00e1ndares y Resultados: desaf\u00edos del hoy y del ma\u00f1ana\u201d. Departamento de Enfermer\u00eda, Hospital Italiano de Buenos Aires. 5 y de octubre de 2017. Buenos Aires, Argentina.<\/p>\n<p><strong>Participaci\u00f3n en redes cient\u00edficas nacionales\/ internacionales<\/strong><\/p>\n<p>2023-actualmente<\/p>\n<p>Miembro activo de la Sociedad Iberoamericana de Neonatolog\u00eda (SIBEN).<\/p>\n<p>2022 -Actualmente<\/p>\n<p>Miembro de la mesa regional de sexualidad, Servicio de Salud del Maule.<\/p>\n\t\t<\/div>\n\t<\/div>\n<\/div>\n"},"identifier":"2c27f141cb9020fe7d857f723a0be5d123fe73fa","has_credential":[],"given_name":"Jeanette Andrea ","family_name":"P\u00e1ez Videla","name":"Jeanette Andrea  P\u00e1ez Videla","job_title":"Estudiante DCDP - Generaci\u00f3n 2024","telephone":"","note":"","im":"","_self_schedule":null,"_links":{"self":[{"href":"https:\/\/psicologia.udd.cl\/doctorado\/wp-json\/wp\/v2\/people\/2304","targetHints":{"allow":["GET"]}}],"collection":[{"href":"https:\/\/psicologia.udd.cl\/doctorado\/wp-json\/wp\/v2\/people"}],"about":[{"href":"https:\/\/psicologia.udd.cl\/doctorado\/wp-json\/wp\/v2\/types\/person"}],"wp:featuredmedia":[{"embeddable":true,"href":"https:\/\/psicologia.udd.cl\/doctorado\/wp-json\/wp\/v2\/media\/2274"}],"wp:attachment":[{"href":"https:\/\/psicologia.udd.cl\/doctorado\/wp-json\/wp\/v2\/media?parent=2304"}],"wp:term":[{"taxonomy":"people_tax","embeddable":true,"href":"https:\/\/psicologia.udd.cl\/doctorado\/wp-json\/wp\/v2\/people_tax?post=2304"},{"taxonomy":"people_areas","embeddable":true,"href":"https:\/\/psicologia.udd.cl\/doctorado\/wp-json\/wp\/v2\/people_areas?post=2304"},{"taxonomy":"people_levels","embeddable":true,"href":"https:\/\/psicologia.udd.cl\/doctorado\/wp-json\/wp\/v2\/people_levels?post=2304"}],"curies":[{"name":"wp","href":"https:\/\/api.w.org\/{rel}","templated":true}]}}