{"id":230,"date":"2016-09-09T15:09:21","date_gmt":"2016-09-09T15:09:21","guid":{"rendered":"http:\/\/psicologia.udd.cl\/doctorado\/?post_type=person&amp;p=230"},"modified":"2016-09-09T15:09:21","modified_gmt":"2016-09-09T15:09:21","slug":"gabriel-reyes-munoz","status":"publish","type":"person","link":"https:\/\/psicologia.udd.cl\/doctorado\/en\/persona\/gabriel-reyes-munoz\/","featured_media":1824,"template":"","people_tax":[],"people_areas":[],"people_levels":[],"class_list":["post-230","person","type-person","status-publish","has-post-thumbnail","hentry","people_list-academic-staff"],"yoast_head":"<!-- This site is optimized with the Yoast SEO plugin v26.9 - https:\/\/yoast.com\/product\/yoast-seo-wordpress\/ -->\n<title>Gabriel Reyes Mu\u00f1oz - Doctorado en Ciencias del Desarrollo y Psicopatolog\u00eda<\/title>\n<meta name=\"robots\" content=\"index, follow, max-snippet:-1, max-image-preview:large, max-video-preview:-1\" \/>\n<link rel=\"canonical\" href=\"https:\/\/psicologia.udd.cl\/doctorado\/en\/persona\/gabriel-reyes-munoz\/\" \/>\n<meta property=\"og:locale\" content=\"es_ES\" \/>\n<meta property=\"og:type\" content=\"article\" \/>\n<meta property=\"og:title\" content=\"Gabriel Reyes Mu\u00f1oz - Doctorado en Ciencias del Desarrollo y Psicopatolog\u00eda\" \/>\n<meta property=\"og:url\" content=\"https:\/\/psicologia.udd.cl\/doctorado\/en\/persona\/gabriel-reyes-munoz\/\" \/>\n<meta property=\"og:site_name\" content=\"Doctorado en Ciencias del Desarrollo y Psicopatolog\u00eda\" \/>\n<meta property=\"og:image\" content=\"https:\/\/psicologia.udd.cl\/doctorado\/files\/2016\/09\/gabriel-reyes-2-683x1024-1-e1660055729444.jpg\" \/>\n\t<meta property=\"og:image:width\" content=\"683\" \/>\n\t<meta property=\"og:image:height\" content=\"599\" \/>\n\t<meta property=\"og:image:type\" content=\"image\/jpeg\" \/>\n<meta name=\"twitter:card\" content=\"summary_large_image\" \/>\n<script type=\"application\/ld+json\" class=\"yoast-schema-graph\">{\"@context\":\"https:\/\/schema.org\",\"@graph\":[{\"@type\":\"WebPage\",\"@id\":\"https:\/\/psicologia.udd.cl\/doctorado\/en\/persona\/gabriel-reyes-munoz\/\",\"url\":\"https:\/\/psicologia.udd.cl\/doctorado\/en\/persona\/gabriel-reyes-munoz\/\",\"name\":\"Gabriel Reyes Mu\u00f1oz - Doctorado en Ciencias del Desarrollo y Psicopatolog\u00eda\",\"isPartOf\":{\"@id\":\"https:\/\/psicologia.udd.cl\/doctorado\/#website\"},\"primaryImageOfPage\":{\"@id\":\"https:\/\/psicologia.udd.cl\/doctorado\/en\/persona\/gabriel-reyes-munoz\/#primaryimage\"},\"image\":{\"@id\":\"https:\/\/psicologia.udd.cl\/doctorado\/en\/persona\/gabriel-reyes-munoz\/#primaryimage\"},\"thumbnailUrl\":\"https:\/\/psicologia.udd.cl\/doctorado\/files\/2016\/09\/gabriel-reyes-2-683x1024-1-e1660055729444.jpg\",\"datePublished\":\"2016-09-09T15:09:21+00:00\",\"breadcrumb\":{\"@id\":\"https:\/\/psicologia.udd.cl\/doctorado\/en\/persona\/gabriel-reyes-munoz\/#breadcrumb\"},\"inLanguage\":\"es\",\"potentialAction\":[{\"@type\":\"ReadAction\",\"target\":[\"https:\/\/psicologia.udd.cl\/doctorado\/en\/persona\/gabriel-reyes-munoz\/\"]}]},{\"@type\":\"ImageObject\",\"inLanguage\":\"es\",\"@id\":\"https:\/\/psicologia.udd.cl\/doctorado\/en\/persona\/gabriel-reyes-munoz\/#primaryimage\",\"url\":\"https:\/\/psicologia.udd.cl\/doctorado\/files\/2016\/09\/gabriel-reyes-2-683x1024-1-e1660055729444.jpg\",\"contentUrl\":\"https:\/\/psicologia.udd.cl\/doctorado\/files\/2016\/09\/gabriel-reyes-2-683x1024-1-e1660055729444.jpg\",\"width\":683,\"height\":599},{\"@type\":\"BreadcrumbList\",\"@id\":\"https:\/\/psicologia.udd.cl\/doctorado\/en\/persona\/gabriel-reyes-munoz\/#breadcrumb\",\"itemListElement\":[{\"@type\":\"ListItem\",\"position\":1,\"name\":\"Personas\",\"item\":\"https:\/\/psicologia.udd.cl\/doctorado\/persona\/\"},{\"@type\":\"ListItem\",\"position\":2,\"name\":\"Gabriel Reyes Mu\u00f1oz\"}]},{\"@type\":\"WebSite\",\"@id\":\"https:\/\/psicologia.udd.cl\/doctorado\/#website\",\"url\":\"https:\/\/psicologia.udd.cl\/doctorado\/\",\"name\":\"Doctorado en Ciencias del Desarrollo y Psicopatolog\u00eda\",\"description\":\"\",\"inLanguage\":\"es\"}]}<\/script>\n<!-- \/ Yoast SEO plugin. -->","yoast_head_json":{"title":"Gabriel Reyes Mu\u00f1oz - Doctorado en Ciencias del Desarrollo y Psicopatolog\u00eda","robots":{"index":"index","follow":"follow","max-snippet":"max-snippet:-1","max-image-preview":"max-image-preview:large","max-video-preview":"max-video-preview:-1"},"canonical":"https:\/\/psicologia.udd.cl\/doctorado\/en\/persona\/gabriel-reyes-munoz\/","og_locale":"es_ES","og_type":"article","og_title":"Gabriel Reyes Mu\u00f1oz - Doctorado en Ciencias del Desarrollo y Psicopatolog\u00eda","og_url":"https:\/\/psicologia.udd.cl\/doctorado\/en\/persona\/gabriel-reyes-munoz\/","og_site_name":"Doctorado en Ciencias del Desarrollo y Psicopatolog\u00eda","og_image":[{"width":683,"height":599,"url":"https:\/\/psicologia.udd.cl\/doctorado\/files\/2016\/09\/gabriel-reyes-2-683x1024-1-e1660055729444.jpg","type":"image\/jpeg"}],"twitter_card":"summary_large_image","schema":{"@context":"https:\/\/schema.org","@graph":[{"@type":"WebPage","@id":"https:\/\/psicologia.udd.cl\/doctorado\/en\/persona\/gabriel-reyes-munoz\/","url":"https:\/\/psicologia.udd.cl\/doctorado\/en\/persona\/gabriel-reyes-munoz\/","name":"Gabriel Reyes Mu\u00f1oz - Doctorado en Ciencias del Desarrollo y Psicopatolog\u00eda","isPartOf":{"@id":"https:\/\/psicologia.udd.cl\/doctorado\/#website"},"primaryImageOfPage":{"@id":"https:\/\/psicologia.udd.cl\/doctorado\/en\/persona\/gabriel-reyes-munoz\/#primaryimage"},"image":{"@id":"https:\/\/psicologia.udd.cl\/doctorado\/en\/persona\/gabriel-reyes-munoz\/#primaryimage"},"thumbnailUrl":"https:\/\/psicologia.udd.cl\/doctorado\/files\/2016\/09\/gabriel-reyes-2-683x1024-1-e1660055729444.jpg","datePublished":"2016-09-09T15:09:21+00:00","breadcrumb":{"@id":"https:\/\/psicologia.udd.cl\/doctorado\/en\/persona\/gabriel-reyes-munoz\/#breadcrumb"},"inLanguage":"es","potentialAction":[{"@type":"ReadAction","target":["https:\/\/psicologia.udd.cl\/doctorado\/en\/persona\/gabriel-reyes-munoz\/"]}]},{"@type":"ImageObject","inLanguage":"es","@id":"https:\/\/psicologia.udd.cl\/doctorado\/en\/persona\/gabriel-reyes-munoz\/#primaryimage","url":"https:\/\/psicologia.udd.cl\/doctorado\/files\/2016\/09\/gabriel-reyes-2-683x1024-1-e1660055729444.jpg","contentUrl":"https:\/\/psicologia.udd.cl\/doctorado\/files\/2016\/09\/gabriel-reyes-2-683x1024-1-e1660055729444.jpg","width":683,"height":599},{"@type":"BreadcrumbList","@id":"https:\/\/psicologia.udd.cl\/doctorado\/en\/persona\/gabriel-reyes-munoz\/#breadcrumb","itemListElement":[{"@type":"ListItem","position":1,"name":"Personas","item":"https:\/\/psicologia.udd.cl\/doctorado\/persona\/"},{"@type":"ListItem","position":2,"name":"Gabriel Reyes Mu\u00f1oz"}]},{"@type":"WebSite","@id":"https:\/\/psicologia.udd.cl\/doctorado\/#website","url":"https:\/\/psicologia.udd.cl\/doctorado\/","name":"Doctorado en Ciencias del Desarrollo y Psicopatolog\u00eda","description":"","inLanguage":"es"}]}},"label":"Gabriel Reyes Mu\u00f1oz","title":{"rendered":"Gabriel Reyes Mu\u00f1oz"},"role":"Assistant Professor","thumbnail_url":"https:\/\/psicologia.udd.cl\/doctorado\/files\/2016\/09\/gabriel-reyes-2-683x1024-1-e1660055729444-500x500.jpg","email":"","tel_job":"","content":{"rendered":"<div class=\"person-modal person-modal--scl\">\n\t<header class=\"person-modal__header\">\n\t\t<div class=\"person-modal__bg\"><\/div>\n\t\t<div class=\"modal-container\">\n\t\t\t\t\t\t<div class=\"person-modal__media\">\n\t\t\t\t<img width=\"500\" height=\"500\" src=\"https:\/\/psicologia.udd.cl\/doctorado\/files\/2016\/09\/gabriel-reyes-2-683x1024-1-e1660055729444-62x62.jpg\" class=\"person-modal__image wp-post-image lazyload\" alt=\"\" decoding=\"async\" loading=\"lazy\" sizes=\"auto, (max-width: 500px) 100vw, 500px\" data-src=\"https:\/\/psicologia.udd.cl\/doctorado\/files\/2016\/09\/gabriel-reyes-2-683x1024-1-e1660055729444-500x500.jpg\" data-srcset=\"https:\/\/psicologia.udd.cl\/doctorado\/files\/2016\/09\/gabriel-reyes-2-683x1024-1-e1660055729444-500x500.jpg 500w, https:\/\/psicologia.udd.cl\/doctorado\/files\/2016\/09\/gabriel-reyes-2-683x1024-1-e1660055729444-150x150.jpg 150w, https:\/\/psicologia.udd.cl\/doctorado\/files\/2016\/09\/gabriel-reyes-2-683x1024-1-e1660055729444-62x62.jpg 62w, https:\/\/psicologia.udd.cl\/doctorado\/files\/2016\/09\/gabriel-reyes-2-683x1024-1-e1660055729444-250x250.jpg 250w, https:\/\/psicologia.udd.cl\/doctorado\/files\/2016\/09\/gabriel-reyes-2-683x1024-1-e1660055729444-126x126.jpg 126w\" \/>\t\t\t<\/div>\n\t\t\t\t\t\t<div class=\"person-modal__data\">\n\t\t\t\t<h1 class=\"person-modal__name\">Gabriel Reyes Mu\u00f1oz<\/h1>\n\t\t\t\t\t\t\t<span class=\"person-modal__description\">Assistant Professor<\/span>\n\t\t\t\t\t\t\t\t\t\t\t\t\t\t\t<\/div>\n\t\t<\/div>\n\t<\/header>\n\t<div class=\"modal-container\">\n\t\t\t<div class=\"person-modal__content text\">\n\t\t\t\t\t\t\t\t\t\t<p class=\"MsoNormal\"><span lang=\"EN-US\">Gabriel Reyes M. is graduate in Psychology of Universidad Mayor and in Philosophy of the Pontificia Universidad Cat\u00f3lica de Chile, Master of Cognitive Science of the \u00c9cole des Hautes \u00c9tudes en Sciences Sociales, and Doctor in Cognitive Science of the Universit\u00e9 Pierre et Marie Curie.<\/span><\/p>\n<p class=\"MsoNormal\"><span lang=\"EN-US\">His research areas of interest are experimental psychology, experimental metacognition and philosophy of mind. His research is oriented to psychological and philosophical foundations of metacognition. He teaches courses for undergraduate and postgraduate at the Universidad Del Desarrollo.<\/span><\/p>\n<p class=\"MsoNormal\"><span lang=\"EN-US\">\u00a0<\/span><\/p>\n<p class=\"MsoNormal\"><b><span lang=\"EN-US\">Presentations (Selected)<\/span><\/b><\/p>\n<p class=\"MsoNormal\"><span>Reyes, G. (2021). Poster. (ASSC). Tel Aviv, Israel.<\/span><\/p>\n<p>Reyes, G. (2020). Talk. Georgia Tech. Univ. (School of Psychology). Atlanta, USA.<br \/>\nReyes, G. (2019). Talk. Sorbonne Univ. (ICPS). Paris, France.<br \/>\nReyes, G. (2018). Talk. Andes Univ. (John Templeton Foundation). Bogot\u00e1, Colombia<br \/>\nReyes, G. (2017). Poster(s). (ESCoP). Potsdam, Germany.<br \/>\nReyes, G. (2015). Poster. (ASSC). Paris, France.<br \/>\nReyes, G. &amp; Sackur, J. (2013). Poster. (ECVP). Bremen, Germany.<br \/>\nReyes, G. &amp; Sackur, J. (2012). Poster. (ECVP). Sardinia, Italy.<\/p>\n<p class=\"MsoNormal\"><b><span lang=\"EN-US\">Publications<\/span><\/b><\/p>\n<p>Marchant, N., de Gardelle, V., Navarrete, G., Sackur, J., Reyes, G. (Sub). Social Cues for Experimenter Competence Influence Choice Blindness Protocols. JEP:LMC.<\/p>\n<p>Barrientos, M., Valenzuela, P., Hojman, V., Reyes, G. (2022). Students With High Metacognition Are Favourable Towards Individualism When Anxious. Front. Psychol. 13,1664-1078. https:\/\/doi.org\/10.3389\/fpsyg.2022.910132<\/p>\n<p>Rahnev, D., [\u2026], Reyes, G. (2022). Consensus Goals in the Field of Visual Metacognition. Perspect. Psychol. Sci. 1-20 https:\/\/doi.org\/10.1177\/17456916221075615<\/p>\n<p>Rouy, M., de Gardelle, V., Reyes, G., Sackur, J., Vergnaud, JC., Filevich, E., Faivre, N. (2022). Metacognitive improvement: Disentangling adaptive training from experimental confounds. JEP:G. https:\/\/doi.org\/10.1037\/xge0001185<\/p>\n<p>Goupil, L., Ponsot, E., Richardson, D., Reyes, G., Aucouturier, J.J. (2021). Listeners\u2019 perceptions of the certainty and honesty of a speaker are associated with a common prosodic signature. Nat. Commun. 12, 861 https:\/\/doi.org\/10.1038\/s41467-020-20649-4<\/p>\n<p>Reyes, G., Vivanco, A., Medina, F., de Gardelle, V., Sackur, J., Silva, J. (2020). Hydrocortisone decreases metacognitive efficiency independent of perceived stress. Sci. Rep. 10, 14100 https:\/\/doi.org\/10.1038\/s41598-020-71061-3<\/p>\n<p>Barrientos, M., Tapia, L., Silva, J., Reyes, G. (2020). Biological Stress Reactivity and Introspective Sensitivity: An Exploratory Study. Front. Psychol. 11, 543-552 https:\/\/doi.org\/10.3389\/fpsyg.2020.00543<\/p>\n<p>Rahnev, D., [\u2026], Reyes, G. (2020). The Confidence Database. Nat. Hum. Behav. 4, 317-325 https:\/\/doi.org\/10.1038\/s41562-019-0813-1<\/p>\n<p>Schmidt, C., Reyes, G., Barrientos, M., Langer, A., Sackur, J. (2019). Meditation focused on self-observation of the body impairs metacognitive efficiency. Conscious Cogn. 70, 116-125 https:\/\/doi.org\/10.1016\/j.concog.2019.03.001<\/p>\n<p class=\"MsoNormal\"><span>Reyes, G. &amp; Sackur, J. (<i>2017<\/i><\/span><span>). Introspection during working memory scanning.\u00a0<em>QJEP.<\/em><\/span><\/p>\n<p class=\"MsoNormal\"><span lang=\"EN-US\">Reyes, G. &amp; Sackur, J. (2017). Introspective access to an implicit shift of attention. Conscious Cogn.48, 11-20.<\/span><\/p>\n<p class=\"MsoNormal\"><span lang=\"EN-US\">Reyes, G., Silva, J., Jaramillo, K., Rehbein, L., &amp; Sackur, J. (2015). Self-knowledge dim-out. PlosOne.10, 1-10.<\/span><\/p>\n<p><span lang=\"EN-US\">Reyes, G. &amp; Sackur, J. (2014). Introspection during Visual Search. Conscious Cogn. 29, 212-229.<\/span><\/p>\n\t\t<\/div>\n\t<\/div>\n<\/div>\n"},"identifier":"fcb5104970b5c0f5f6d7515ff473f65c5218fed1","has_credential":[],"given_name":"Gabriel","family_name":"Reyes Mu\u00f1oz","name":"Gabriel Reyes Mu\u00f1oz","job_title":"Assistant Professor","telephone":"","note":"","im":"","_self_schedule":null,"_links":{"self":[{"href":"https:\/\/psicologia.udd.cl\/doctorado\/wp-json\/wp\/v2\/people\/230","targetHints":{"allow":["GET"]}}],"collection":[{"href":"https:\/\/psicologia.udd.cl\/doctorado\/wp-json\/wp\/v2\/people"}],"about":[{"href":"https:\/\/psicologia.udd.cl\/doctorado\/wp-json\/wp\/v2\/types\/person"}],"wp:featuredmedia":[{"embeddable":true,"href":"https:\/\/psicologia.udd.cl\/doctorado\/wp-json\/wp\/v2\/media\/1824"}],"wp:attachment":[{"href":"https:\/\/psicologia.udd.cl\/doctorado\/wp-json\/wp\/v2\/media?parent=230"}],"wp:term":[{"taxonomy":"people_tax","embeddable":true,"href":"https:\/\/psicologia.udd.cl\/doctorado\/wp-json\/wp\/v2\/people_tax?post=230"},{"taxonomy":"people_areas","embeddable":true,"href":"https:\/\/psicologia.udd.cl\/doctorado\/wp-json\/wp\/v2\/people_areas?post=230"},{"taxonomy":"people_levels","embeddable":true,"href":"https:\/\/psicologia.udd.cl\/doctorado\/wp-json\/wp\/v2\/people_levels?post=230"}],"curies":[{"name":"wp","href":"https:\/\/api.w.org\/{rel}","templated":true}]}}