{"id":34,"date":"2010-05-11T15:22:46","date_gmt":"2010-05-11T19:22:46","guid":{"rendered":"http:\/\/psicologia.udd.cl\/cime\/sobre-el-centro\/tematicas-de-intervencion-a-nivel-escolar\/"},"modified":"2020-07-23T10:06:32","modified_gmt":"2020-07-23T14:06:32","slug":"proyectos-de-investigacion","status":"publish","type":"page","link":"https:\/\/psicologia.udd.cl\/cime\/sobre-el-centro\/proyectos-de-investigacion\/","title":{"rendered":"Proyectos de Investigaci\u00f3n"},"content":{"rendered":"<p style=\"text-align: justify;\"><strong><u>2018 (en proceso)<\/u><\/strong><\/p>\n<ul>\n<li><strong>Villarroel, V.<\/strong> \u00bb <strong>Fondecyt de inicio\u00bb\u00a0<\/strong>Impacto de la evaluaci\u00f3n aut\u00e9ntica en alumnos y profesores de ciencias de la Regi\u00f3n del B\u00edo B\u00edo.<\/li>\n<li><strong>Bruna. D. Fondecyt de Inicio:<\/strong> \u201cPr\u00e1cticas Docentes y su Impacto en la Autorregulaci\u00f3n del Aprendizaje<br \/>\nde Estudiantes Universitarios\u201d.<\/li>\n<li><strong>Alfaro, J., Varela, J. (Fondecyt):<\/strong> <em>\u201cEstudio longitudinal de factores individuales y escolares predictores de la trayectoria del Bienestar Subjetivo durante la adolescencia<\/em>\u201d<\/li>\n<\/ul>\n<p style=\"text-align: justify;\"><strong><u>2017\u00a0<\/u><\/strong><\/p>\n<ul style=\"text-align: justify;\">\n<li><strong>Varela, J., Sirlop\u00fa, D., Mena, J., Guzm\u00e1n, J., Zimmerman, M., (2017). \u201c<\/strong>Fondo Interno UDD: Clima escolar como factor protector de conductas de violencia en la escuela: un enfoque de resiliencia.\u201d<\/li>\n<li><strong>Varela, J. (Fondecyt):<\/strong> \u201c<em>El clima escolar como factor protector de conductas de violencia: identificando aspectos claves para escuelas resilientes<\/em>\u201d.<\/li>\n<li><strong>Villarroel, V., Herrera, M., Bruna, D. Aldoney, D. (2017). \u201cFondo Interfacultades UDD: <\/strong>\u00bfMedimos lo que debemos medir? Un an\u00e1lisis de la complejidad y autenticidad de las pruebas escritas de matem\u00e1ticas y ciencias en establecimientos p\u00fablicos y privados de las provincias de Concepci\u00f3n y Santiago.<\/li>\n<\/ul>\n<p style=\"text-align: justify;\"><strong><u>2015- 2017\u00a0<\/u><\/strong><\/p>\n<ul style=\"text-align: justify;\">\n<li><strong>Sirlop\u00fa, D., P\u00e9rez, C., Villarroel, V., Garc\u00eda, C. (2015- 2017).<\/strong>\u201cFondecyt Regular N\u00b0 1151360: Reconocimiento, Respeto y Participaci\u00f3n de Escolares Chilenos Mapuches, Inmigrantes y\u00a0 con Discapacidad\u201d.<\/li>\n<li><strong>\u00c1valos, B., Bascope, M., Balbolt\u00edn, R., Mena, J. (2015- 2017). \u201c<\/strong>Fondecyt 1150596: Aprendizaje docente colaborativo en contextos escolares: Oportunidades y limitaciones.\u201d<\/li>\n<\/ul>\n<p style=\"text-align: justify;\"><strong><u>2015\u00a0<\/u><\/strong><\/p>\n<ul style=\"text-align: justify;\">\n<li><strong>Bruna, D., Villarroel, V. y Reyes, F. (2015).<\/strong>\u201cValidaci\u00f3n de un Instrumento para Evaluar Autorregulaci\u00f3n del Aprendizaje en Estudiantes y Docentes Universitarios\u201d. Concurso Fondo Interno. UDD.<\/li>\n<\/ul>\n<p style=\"text-align: justify;\"><strong><u>2014-2015 \u00a0<\/u><\/strong><\/p>\n<ul style=\"text-align: justify;\">\n<li><strong>Villarroel, V., Bruna, D., Herrera C., Bruna C., M\u00e1rquez C., Borrero A. (2014-2015) \u201c<\/strong>Vinculando la Universidad con el Mundo Laboral: Implementaci\u00f3n de la Metodolog\u00eda de Evaluaci\u00f3n Aut\u00e9ntica en Educaci\u00f3n Superior.\u201d MINEDUC<\/li>\n<li><strong>Billeke, P. y \u00a0Villarroel, V.\u00a0\u00a0(2014- 2015)<\/strong>\u00a0Desarrollo de la capacidad de tomar perspectiva y su relaci\u00f3n con la teor\u00eda de la mente, empat\u00eda y conducta prosocial en la etapa preescolar.<\/li>\n<\/ul>\n<p style=\"text-align: justify;\"><strong><u>2013<\/u><\/strong><\/p>\n<ul style=\"text-align: justify;\">\n<li><strong>Garc\u00eda, C. y Larra\u00edn, M. (2013).<\/strong>\u201cEn b\u00fasqueda del aprendizaje significativo: uso de una herramienta TIC para evidencia y favorecer el desarrollo cognitivo de alumnos del sistema educativo chileno\u201d. Concurso Fondos Interfacultades. UDD.<\/li>\n<\/ul>\n<p style=\"text-align: justify;\"><strong><u>2012<\/u><\/strong><\/p>\n<ul style=\"text-align: justify;\">\n<li><strong>Salgado, H., Varela, J., Melipill\u00e1n, R. (2012).<\/strong>\u201cPropiedades psicom\u00e9tricas del Cuestionario de Convivencia Escolar para Alumnos en una muestra de estudiantes de Concepci\u00f3n\u201d\u00a0 Concurso Fondo Interno. UDD.<\/li>\n<\/ul>\n<p style=\"text-align: justify;\"><strong><u>2011<\/u><\/strong><\/p>\n<ul>\n<li style=\"text-align: justify;\"><strong>Villarroel, V., Garc\u00eda, C., Melipill\u00e1n, R. (2011).<\/strong>\u201cCaracterizaci\u00f3n de tipo de errores y aciertos comunes que cometen los estudiantes en los \u00edtems de preguntas abiertas y cerradas de la Prueba PISA en Lenguaje, Matem\u00e1ticas y Ciencias\u201d. \u00a0Concurso FONIDE PISA 2009. Concurso Ministerio de Educaci\u00f3n<\/li>\n<\/ul>\n","protected":false},"excerpt":{"rendered":"<p>2018 (en proceso) Villarroel, V. \u00bb Fondecyt de inicio\u00bb\u00a0Impacto de la evaluaci\u00f3n aut\u00e9ntica en alumnos y profesores de ciencias de la Regi\u00f3n del B\u00edo B\u00edo. Bruna. D. Fondecyt de Inicio: \u201cPr\u00e1cticas Docentes y su Impacto en la Autorregulaci\u00f3n del Aprendizaje de Estudiantes Universitarios\u201d. Alfaro, J., Varela, J. (Fondecyt): \u201cEstudio longitudinal de factores individuales y escolares [&hellip;]<\/p>\n","protected":false},"author":1,"featured_media":0,"parent":7,"menu_order":4,"comment_status":"open","ping_status":"open","template":"","meta":{"footnotes":""},"class_list":["post-34","page","type-page","status-publish","hentry"],"_links":{"self":[{"href":"https:\/\/psicologia.udd.cl\/cime\/wp-json\/wp\/v2\/pages\/34","targetHints":{"allow":["GET"]}}],"collection":[{"href":"https:\/\/psicologia.udd.cl\/cime\/wp-json\/wp\/v2\/pages"}],"about":[{"href":"https:\/\/psicologia.udd.cl\/cime\/wp-json\/wp\/v2\/types\/page"}],"author":[{"embeddable":true,"href":"https:\/\/psicologia.udd.cl\/cime\/wp-json\/wp\/v2\/users\/1"}],"replies":[{"embeddable":true,"href":"https:\/\/psicologia.udd.cl\/cime\/wp-json\/wp\/v2\/comments?post=34"}],"version-history":[{"count":21,"href":"https:\/\/psicologia.udd.cl\/cime\/wp-json\/wp\/v2\/pages\/34\/revisions"}],"predecessor-version":[{"id":1239,"href":"https:\/\/psicologia.udd.cl\/cime\/wp-json\/wp\/v2\/pages\/34\/revisions\/1239"}],"up":[{"embeddable":true,"href":"https:\/\/psicologia.udd.cl\/cime\/wp-json\/wp\/v2\/pages\/7"}],"wp:attachment":[{"href":"https:\/\/psicologia.udd.cl\/cime\/wp-json\/wp\/v2\/media?parent=34"}],"curies":[{"name":"wp","href":"https:\/\/api.w.org\/{rel}","templated":true}]}}