{"id":28,"date":"2010-05-11T15:10:50","date_gmt":"2010-05-11T19:10:50","guid":{"rendered":"http:\/\/psicologia.udd.cl\/cime\/sobre-el-centro\/diagnostico-e-intervencion-a-nivel-escolar\/"},"modified":"2020-05-07T13:26:03","modified_gmt":"2020-05-07T17:26:03","slug":"lineas-de-investigacion","status":"publish","type":"page","link":"https:\/\/psicologia.udd.cl\/cime\/sobre-el-centro\/lineas-de-investigacion\/","title":{"rendered":"L\u00edneas de investigaci\u00f3n"},"content":{"rendered":"<p>Las l\u00edneas de investigaci\u00f3n del <strong>Centro de Investigaci\u00f3n y Mejoramiento de la Educaci\u00f3n CIME<\/strong>, se basan en tres distintas \u00e1reas y son desarrolladas por los siguientes investigadores:<\/p>\n<table style=\"height: 852px;\" width=\"896\">\n<tbody>\n<tr>\n<td width=\"216\"><span style=\"color: #000000;\"><b>\u00c1REAS<\/b><\/span><\/td>\n<td width=\"520\"><span style=\"color: #000000;\"><b>\u00a0<\/b><b>L\u00cdNEAS DE INVESTIGACI\u00d3N<\/b><\/span><\/p>\n<p><span style=\"color: #000000;\"><b>\u00a0<\/b><\/span><\/td>\n<td width=\"163\"><span style=\"color: #000000;\"><b>AUTORES<\/b><\/span><\/td>\n<\/tr>\n<tr>\n<td rowspan=\"2\" width=\"216\"><b>Desarrollo Humano<\/b><\/td>\n<td width=\"520\">Agresi\u00f3n a lo largo de la infancia y adolescencia, y su relaci\u00f3n con entornos significativos<\/td>\n<td width=\"163\">\u00a0Dr. Jorge Varela<\/td>\n<\/tr>\n<tr>\n<td width=\"520\">Desarrollo cognitivo y habilidades mentalistas\u00a0 en la primera infancia<\/td>\n<td width=\"163\">Dra. Ver\u00f3nica Villarroel<\/td>\n<\/tr>\n<tr>\n<td rowspan=\"5\" width=\"216\"><b>\u00a0<\/b><\/p>\n<p><b>\u00a0<\/b><\/p>\n<p><b>\u00a0<\/b><\/p>\n<p><b>Pr\u00e1cticas y creencias docentes<\/b><\/p>\n<p><b>\u00a0<\/b><\/td>\n<td width=\"520\">Metodolog\u00eda de la evaluaci\u00f3n aut\u00e9ntica del aprendizaje \u00a0(STEM)<\/td>\n<td width=\"163\">Dra. Ver\u00f3nica Villarroel<\/p>\n<p>Dra. Daniela Bruna<\/td>\n<\/tr>\n<tr>\n<td width=\"520\">Interacciones discursivas y aprendizaje en contextos educativos<\/td>\n<td width=\"163\">Dra. Ver\u00f3nica Villarroel<\/td>\n<\/tr>\n<tr>\n<td width=\"520\">Promoci\u00f3n de la autorregulaci\u00f3n del aprendizaje estudiantes de educaci\u00f3n superior<\/td>\n<td width=\"163\">Dra. Daniela Bruna<\/td>\n<\/tr>\n<tr>\n<td width=\"520\"><\/td>\n<td width=\"163\">Dra. Viviana Hojman<\/td>\n<\/tr>\n<tr>\n<td width=\"520\"><\/td>\n<td width=\"163\">Dra. Viviana\u00a0Hojman<\/td>\n<\/tr>\n<tr>\n<td width=\"216\"><b>Efectividad de las intervenciones psicoeducativas<\/b><\/td>\n<td width=\"520\">Impacto del entrenamiento de docentes universitarios en los procesos de ense\u00f1anza-aprendizaje<\/td>\n<td width=\"163\">Dra. Daniela Bruna<\/td>\n<\/tr>\n<\/tbody>\n<\/table>\n","protected":false},"excerpt":{"rendered":"<p>Las l\u00edneas de investigaci\u00f3n del Centro de Investigaci\u00f3n y Mejoramiento de la Educaci\u00f3n CIME, se basan en tres distintas \u00e1reas y son desarrolladas por los siguientes investigadores: \u00c1REAS \u00a0L\u00cdNEAS DE INVESTIGACI\u00d3N \u00a0 AUTORES Desarrollo Humano Agresi\u00f3n a lo largo de la infancia y adolescencia, y su relaci\u00f3n con entornos significativos \u00a0Dr. Jorge Varela Desarrollo cognitivo [&hellip;]<\/p>\n","protected":false},"author":1,"featured_media":0,"parent":7,"menu_order":4,"comment_status":"open","ping_status":"open","template":"","meta":{"footnotes":""},"class_list":["post-28","page","type-page","status-publish","hentry"],"_links":{"self":[{"href":"https:\/\/psicologia.udd.cl\/cime\/wp-json\/wp\/v2\/pages\/28","targetHints":{"allow":["GET"]}}],"collection":[{"href":"https:\/\/psicologia.udd.cl\/cime\/wp-json\/wp\/v2\/pages"}],"about":[{"href":"https:\/\/psicologia.udd.cl\/cime\/wp-json\/wp\/v2\/types\/page"}],"author":[{"embeddable":true,"href":"https:\/\/psicologia.udd.cl\/cime\/wp-json\/wp\/v2\/users\/1"}],"replies":[{"embeddable":true,"href":"https:\/\/psicologia.udd.cl\/cime\/wp-json\/wp\/v2\/comments?post=28"}],"version-history":[{"count":12,"href":"https:\/\/psicologia.udd.cl\/cime\/wp-json\/wp\/v2\/pages\/28\/revisions"}],"predecessor-version":[{"id":1172,"href":"https:\/\/psicologia.udd.cl\/cime\/wp-json\/wp\/v2\/pages\/28\/revisions\/1172"}],"up":[{"embeddable":true,"href":"https:\/\/psicologia.udd.cl\/cime\/wp-json\/wp\/v2\/pages\/7"}],"wp:attachment":[{"href":"https:\/\/psicologia.udd.cl\/cime\/wp-json\/wp\/v2\/media?parent=28"}],"curies":[{"name":"wp","href":"https:\/\/api.w.org\/{rel}","templated":true}]}}