{"id":32,"date":"2016-10-21T19:39:14","date_gmt":"2016-10-21T19:39:14","guid":{"rendered":"http:\/\/psicologia.udd.cl\/cebcs\/?post_type=person&#038;p=32"},"modified":"2020-11-03T17:32:22","modified_gmt":"2020-11-03T17:32:22","slug":"jorge-varela-torres","status":"publish","type":"person","link":"https:\/\/psicologia.udd.cl\/cebcs\/persona\/jorge-varela-torres\/","featured_media":235,"template":"","people_tax":[31405],"people_areas":[],"people_levels":[],"class_list":["post-32","person","type-person","status-publish","has-post-thumbnail","hentry","people_tax-equipo-cebcs","people_list-equipo-cebcs"],"label":"Jorge Varela Torres","title":{"rendered":"Jorge Varela Torres"},"role":"Director CEBCS","thumbnail_url":"https:\/\/psicologia.udd.cl\/cebcs\/files\/2016\/10\/Jorge-Varela-2019-e1560350695479.jpg","email":"jovarela@udd.cl","tel_job":"","content":{"rendered":"<div class=\"person-modal person-modal--scl\">\n\t<header class=\"person-modal__header\">\n\t\t<div class=\"person-modal__bg\"><\/div>\n\t\t<div class=\"modal-container\">\n\t\t\t\t\t\t<div class=\"person-modal__media\">\n\t\t\t\t<img width=\"483\" height=\"500\" src=\"https:\/\/psicologia.udd.cl\/cebcs\/files\/2016\/10\/Jorge-Varela-2019-e1560350695479-62x62.jpg\" class=\"person-modal__image wp-post-image lazyload\" alt=\"\" decoding=\"async\" loading=\"lazy\" sizes=\"auto, (max-width: 483px) 100vw, 483px\" data-src=\"https:\/\/psicologia.udd.cl\/cebcs\/files\/2016\/10\/Jorge-Varela-2019-e1560350695479.jpg\" data-srcset=\"https:\/\/psicologia.udd.cl\/cebcs\/files\/2016\/10\/Jorge-Varela-2019-e1560350695479.jpg 1470w, https:\/\/psicologia.udd.cl\/cebcs\/files\/2016\/10\/Jorge-Varela-2019-e1560350695479-290x300.jpg 290w, https:\/\/psicologia.udd.cl\/cebcs\/files\/2016\/10\/Jorge-Varela-2019-e1560350695479-768x795.jpg 768w, https:\/\/psicologia.udd.cl\/cebcs\/files\/2016\/10\/Jorge-Varela-2019-e1560350695479-989x1024.jpg 989w, https:\/\/psicologia.udd.cl\/cebcs\/files\/2016\/10\/Jorge-Varela-2019-e1560350695479-927x960.jpg 927w\" \/>\t\t\t<\/div>\n\t\t\t\t\t\t<div class=\"person-modal__data\">\n\t\t\t\t<h1 class=\"person-modal__name\">Jorge Varela Torres<\/h1>\n\t\t\t\t\t\t\t<span class=\"person-modal__description\">Director CEBCS<\/span>\n\t\t\t\t\t\t\t\t\t\t\t\t\t<a href=\"mailto:jo&#118;&#097;&#114;&#101;&#108;a&#064;&#117;&#100;&#100;.&#099;&#108;\" class=\"person-modal__email\">j&#111;&#118;are&#108;&#97;&#64;&#117;&#100;d.cl<\/a>\n\t\t\t\t\t\t\t\t\t<\/div>\n\t\t<\/div>\n\t<\/header>\n\t<div class=\"modal-container\">\n\t\t\t<div class=\"person-modal__content text\">\n\t\t\t\t\t\t\t<ul>\n\t\t\t\t\t\t\t<li>Doctorado en Educaci\u00f3n y Psicolog\u00eda en la Universidad de Michigan, EE.UU.<\/li>\n\t\t\t\t\t\t\t<li>Master en Psicolog\u00eda, Universidad de Michigan<\/li>\n\t\t\t\t\t\t\t<li>Mag\u00edster en Psicolog\u00eda Educacional, Pontificia Universidad Cat\u00f3lica de Chile.<\/li>\n\t\t\t\t\t\t\t<li>Diplomado Pol\u00edticas Sociales: Desarrollo y Pobreza. Universidad Alberto Hurtado<\/li>\n\t\t\t\t\t\t\t<li>Psic\u00f3logo, Pontificia Universidad Cat\u00f3lica de Chile.<\/li>\n\t\t\t\t\t\t<\/ul>\n\t\t\t\t\t\t\t\t<p><strong>ORCID:<\/strong> orcid.org\/0000-0002-3651-9715<\/p>\n<p><strong>Docencia:<\/strong><\/p>\n<ul>\n<li>Diagn\u00f3stico y dise\u00f1o de intervenci\u00f3n en contextos educacionales<\/li>\n<li>Pre pr\u00e1ctica educacional<\/li>\n<\/ul>\n<p class=\"MsoNormal\"><b>L\u00edneas de investigaci\u00f3n:<\/b><\/p>\n<p class=\"MsoNormal\">Educaci\u00f3n, Seguridad Ciudadana, Agresi\u00f3n, Clima escolar<\/p>\n<p class=\"MsoNormal\"><b>Investigaciones en curso:<\/b><\/p>\n<p class=\"MsoNormal\"><b>PARTICIPACI\u00d3N EN ESTUDIOS Y LICITACIONES<\/b><\/p>\n<ul>\n<li class=\"MsoNormal\">Investigador principal (2018-2020). El clima escolar como un factor protector de conductas de violencia: identificando aspectos claves para escuelas resilientes. Fondecyt Iniciaci\u00f3n 2017. Conicyt N\u00b011170746<\/li>\n<li class=\"MsoNormal\">Co \u2013 investigador (2018-2020). Estudio longitudinal de factores individuales y escolares predictores de la trayectoria del Bienestar Subjetivo durante la adolescencia. Fondecyt Regular 2018. Conicyt N\u00b0 1180607<\/li>\n<li class=\"MsoNormal\">Co \u2013 investigador (2017-2019). Encuesta Internacional sobre el Bienestar Infantil. IscWeb.<\/li>\n<li class=\"MsoNormal\">Investigador principal (2017). Estudio evaluaci\u00f3n implementaci\u00f3n Ley Violencia Escolar en Chile: Percepci\u00f3n de actores del sistema a 5 a\u00f1os de su implementaci\u00f3n. C\u00e1mara Diputados de Chile<\/li>\n<li class=\"MsoNormal\">Colaborador (2016-17) Fondef IDEA Plataforma de juegos digitales para la medici\u00f3n de las disposiciones a la cooperaci\u00f3n para la convivencia escolar. Conicyt<\/li>\n<li class=\"MsoNormal\">Investigador principal (2016). Fondo Interno UDD. Clima escolar como factor protector de conductas de violencia en la escuela: un enfoque de resiliencia.<\/li>\n<li class=\"MsoNormal\">Co \u2013 investigador (2016). Fondo Interno UDD. Violencia en el pololeo: construcci\u00f3n de un instrumento multidimensional.<\/li>\n<li class=\"MsoNormal\">Co \u2013 investigador (2015). Fondo Interno UDD. Propuesta de un modelo explicativo del bienestar en adolescentes.<\/li>\n<li class=\"MsoNormal\">Co \u2013 investigador (2012). Fondo Interno UDD. Validaci\u00f3n cuestionario violencia escolar<\/li>\n<li class=\"MsoNormal\">Investigador principal (2009). Banco Interamericano de Desarrollo (BID) en el proyecto: Sistematizaci\u00f3n de Buenas Pr\u00e1cticas y Lecciones Aprendidas en Prevenci\u00f3n de la Violencia Escolar. Formaci\u00f3n de la Pol\u00edtica de Seguridad Ciudadana.<span>\u00a0 <\/span><\/li>\n<li class=\"MsoNormal\">Co &#8211; investigador (2008). Ministerio de Justicia (2008) Estudio sobre modelos de intervenci\u00f3n y administraci\u00f3n de centros privativos de libertad en la Reforma Penal Adolescente.<\/li>\n<\/ul>\n<p><b>Investigaciones y publicaciones:<\/b><\/p>\n<ul>\n<li class=\"MsoNormal\">Reyes, F., Alfaro, J., <b>Varela, J.<\/b> y Guzm\u00e1n, J. (2019). Bienestar subjetivo de ni\u00f1os y ni\u00f1as chilenos.<\/li>\n<li class=\"MsoNormal\">Reyes, F, Alfaro, J., <b>Varela, J.<\/b> y Guzm\u00e1n, J. (En prensa). Diferencias en el bienestar subjetivo de adolescentes chilenos seg\u00fan g\u00e9nero en el contexto internacional. Journal de Ciencias Sociales.<\/li>\n<li class=\"MsoNormal\"><b>Varela, J.<\/b> J., Sirlop\u00fa, D., Melipill\u00e1n, R., Espelage, D., Green, J., &amp; Guzm\u00e1n, J. (2019). Exploring the Influence School Climate on the Relationship between School Violence and Adolescent Subjective Well-Being. Child Indicators Research. https:\/\/doi.org\/10.1007\/s12187-019-09631-9<\/li>\n<li class=\"MsoNormal\">Alfaro-Inzunza, J., Valle, L. R.-C. Del, &amp; <b>Varela, J.<\/b> J. (2019). Notions of Life Satisfaction and Dissatisfaction in Children and Adolescents of Low Socioeconomic Status in Chile. Child Indicators Research, 1. https:\/\/doi.org\/http:\/\/dx.doi.org\/10.1007\/s12187-018-9618-4<\/li>\n<li class=\"MsoNormal\">Sirlop\u00fa, D., <b>Varela, J.<\/b>, &amp; Pacheco, D. (2018). Aculturaci\u00f3n , adaptaci\u00f3n psicol\u00f3gica y sociocultural en escolares inmigrantes peruanos en Chile. Cuadernos M\u00e9dicos Sociales, 58(4), 85\u201395.<\/li>\n<li class=\"MsoNormal\"><b>Varela, J.<\/b>, Guzm\u00e1n, J., Alfaro, J., Reyes, F., Sirlopu, D., Benavente M., Navarrete, T.,\u00a0 Pacheco, D., Rodr\u00edguez, C., Yaikin, T. (2018). Un an\u00e1lisis ecol\u00f3gico de predictores claves del bienestar en ni\u00f1as, ni\u00f1os y adolescentes. En J. Varela (Ed.), Apoyando el bienestar de las comunidades educativas: Programa Habilidades Para la Vida (151-179). Santiago, Chile: JUNAEB. Ministerio de Educaci\u00f3n. Gobierno de Chile.<\/li>\n<li class=\"MsoNormal\"><b>Varela, J.<\/b> J., Zimmerman, M. A., Ryan, A. M., Stoddard, S. A., &amp; Heinze, J. E. (2018). School Attachment and Violent Attitudes Preventing Future Violent Behavior Among Youth. Journal of Interpersonal Violence, 088626051880031. https:\/\/doi.org\/10.1177\/0886260518800314<\/li>\n<li class=\"MsoNormal\"><b>Varela, J.<\/b>, Pacheco, D., &amp; Zimmernan, M. (2018). Acoso escolar cibern\u00e9tico como una nueva forma de agresi\u00f3n: Una revisi\u00f3n conceptual. En J.C. Carozzo (Ed.), La Convivencia Democr\u00e1tica en La Escuela. Una Agenda Pendiente (pp 93-118). Lima: Asociaci\u00f3n Civil Universidad de Ciencias y Humanidades, Fondo Editorial.<\/li>\n<li class=\"MsoNormal\">Benavente, M., Cova, F., P\u00e9rez- Salas, C. P., <b>Varela, J.<\/b> J., Alfaro, J., &amp; Chuecas, J. (2018). Propiedades Psicom\u00e9tricas de la Escala Breve de Bienestar Subjetivo en la Escuela para Adolescentes (BASWBSS) en una Muestra de Adolescentes Chilenos. Revista Iberoamericana de Diagn\u00f3stico y Evaluaci\u00f3n \u2013 e Avalia\u00e7\u00e3o Psicol\u00f3gica. https:\/\/doi.org\/10.21865\/RIDEP48.3.05<\/li>\n<li class=\"MsoNormal\"><b>Varela, J.<\/b> J., Guzm\u00e1n, J., Alfaro, J., &amp; Reyes, F. (2018). Bullying, Cyberbullying, Student Life Satisfaction and the Community of Chilean Adolescents. Applied Research in Quality of Life. https:\/\/doi.org\/10.1007\/s11482-018-9610-7<\/li>\n<li class=\"MsoNormal\">Guzm\u00e1n, J., Alfaro, J., &amp; <b>Varela, J.<\/b> (2018). Sense of Community and Life Satisfaction in Chilean Adolescents. Applied Research Quality Life. https:\/\/doi.org\/10.1007\/s11482-018-9615-2<\/li>\n<li class=\"MsoNormal\"><b>Varela, J.<\/b>J., Zimmerman, M., Ryan, A., &amp; Stoddard, S. (2017). Cyberbullying Among Chilean Students and the Protective Effects of Positive School Communities. Journal of School Violence, doi: 10.1080\/15388220.2017.1358640<\/li>\n<li class=\"MsoNormal\">Guzm\u00e1n, J., <b>Varela, J.<\/b> J., Benavente, M., &amp; Sirlop\u00fa, D. (2017). Sociodemographic Profile of Children\u2019s Well-Being in Chile. In J. C. Sarriera &amp; L. M. Bedin (Eds.), Psychosocial Well-being of Children and Adolescents in Latin America: Evidence-based Interventions (pp. 109\u2013128). Cham: Springer International Publishing. http:\/\/doi.org\/10.1007\/978-3-319-55601-7_6<\/li>\n<li class=\"MsoNormal\">Alfaro, J., Guzm\u00e1n, J., Sirlop\u00fa, D., Oyarz\u00fan, D., Reyes, F., Benavente, M., Varela, J &amp; Fern\u00e1ndez de Rota, J.\u00a0 (2017). Sense of Community Mediates the Relationship Between Social and Community Variables on Adolescent Life Satisfaction. In G. Tonon (Ed.), Quality of Life in Communities of Latin Countries (pp. 185\u2013204). Cham: Springer International Publishing. http:\/\/doi.org\/10.1007\/978-3-319-53183-0_10<\/li>\n<li class=\"MsoNormal\"><b>Varela, J.<\/b> J., Zimmerman, M. A., Ryan, A. M., Stoddard, S. A., Heinze, J. E., &amp; Alfaro, J. (2017). Life Satisfaction, School Satisfaction, and School Violence: A Mediation Analysis for Chilean Adolescent Victims and Perpetrators. Child Indicators Research, 1\u201319. http:\/\/doi.org\/10.1007\/s12187-016-9442-7<\/li>\n<li class=\"MsoNormal\">Alfaro, J., Guzm\u00e1n, J., Oyarz\u00fan, D., Reyes, F., Sirlop\u00fa D., &amp; <b>Varela, J.<\/b> (2016) Bienestar subjetivo de la infancia en Chile en el contexto internacional. Chile: Ediciones Universidad del Desarrollo.<\/li>\n<li class=\"MsoNormal\">Alfaro, J., Guzm\u00e1n, J., Reyes, F., Garc\u00eda, C., <b>Varela, J.<\/b>, &amp; Sirlop\u00fa, D. (2016). Satisfacci\u00f3n Global con la Vida y Satisfacci\u00f3n Escolar en Estudiantes Chilenos. Psykhe, 25(2), 1\u201314. http:\/\/doi.org\/10.7764\/psykhe.25.2.842<\/li>\n<li class=\"MsoNormal\">Alfaro, J., Guzm\u00e1n, J., Garc\u00eda, C., Sirlop\u00fa, D., Reyes, F., &amp; <b>Varela, J.<\/b> (2015). Psychometric Properties of the Spanish Version of the Personal Wellbeing Index-School Children (PWI-SC) in Chilean School Children. Child Indicators Research, 1\u201312. http:\/\/doi.org\/10.1007\/s12187-015-9342-2<\/li>\n<li class=\"MsoNormal\">Stoddard, S. A., <b>Varela, J.<\/b> J., &amp; Zimmerman, M. A. (2015). Future Expectations, Attitude Toward Violence, and Bullying Perpetration During Early Adolescence. Nursing Research, 64(6), 422\u2013433. http:\/\/doi.org\/10.1097\/NNR.0000000000000127<\/li>\n<li class=\"MsoNormal\"><b>Varela, J.<\/b>, Perez, J.C., Schwaderer, H., Astudillo, J. &amp; Lecannelier, F. (2014). Caracterizaci\u00f3n de cyberbullying en el gran Santiago de Chile en el a\u00f1o 2010. Psicolog\u00eda Escolar e Educacional, 18(2), 347-354.\u00a0 http:\/\/dx.doi.org\/10.1590\/ 2175-3539\/2014\/0182794<\/li>\n<li class=\"MsoNormal\">Oyanedel, J., Alfaro, J., <b>Varela, J.<\/b>, &amp; Torres, J. (2014). \u00bfQu\u00e9 afecta el bienestar subjetivo y la calidad de vida de las ni\u00f1as y ni\u00f1os chilenos? Resultados de la Encuesta Internacional sobre Bienestar Subjetivo Infantil. Santiago, Chile: LOM Ediciones-Universidad de Santiago.<\/li>\n<li class=\"MsoNormal\">P\u00e9rez, J.C., Astudillo, J., <b>Varela, J.<\/b>, &amp; Lecannelier, F. (2013). Evaluaci\u00f3n de la efectividad del Programa V\u00ednculos para la prevenci\u00f3n e intervenci\u00f3n del bullying en Santiago de Chile. Psicologia Escolar e Educacional, 17 (1), 163-172. Disponible en: http:\/\/www.abrapee.files.wordpress.com\/2012\/02\/abrape_v17n1_abrapee.pdf<\/li>\n<li class=\"MsoNormal\"><b>Varela, J.<\/b> (2013). Violencia escolar y Bullying en Chile. Whole School Approach para prevenir la violencia escolar. En Carozzo, J. (Ed), Bullying. Views Collected [Opiniones Reunidas] (Bullying.\u00a0 pp. 71-82). Lima, Per\u00fa; Observatorio sobre la Violencia y Convivencia en la Escuela.<\/li>\n<li class=\"MsoNormal\">Castro Santander, A. &amp; <b>Varela, J.<\/b> (2013). Bully y Cyberbully. Depredador Escolar. Buenos Aires: Bonum.<\/li>\n<li class=\"MsoNormal\">Torres, J. &amp; <b>Varela, J.<\/b> (2013). Conceptos N\u00b0 29: Modelo de desarrollo social: la base conceptual del sistema \u00abCommunities That Care\u00bb. Santiago, Chile, Fundaci\u00f3n Paz Ciudadana, 2013. Disponible en: http:\/\/www.pazciudadana.cl\/docs\/pub_20130401150608.pdf<\/li>\n<li class=\"MsoNormal\">Garc\u00eda, C., Salgado, H., Sirlop\u00fa, D. &amp; <b>Varela, J.<\/b> (2012). Convivencia escolar en un escenario intercultural: relaci\u00f3n entre escolares chilenos y peruanos en colegios de Santiago centro. En VII Congreso Nacional de Investigaci\u00f3n sobre Violencia y Delincuencia, Santiago, 28-29 septiembre 2011. Santiago, Chile. Fundaci\u00f3n Paz Ciudadana. Volumen II, pp.63-76. Disponible en: http:\/\/www.fileden.com\/files\/2008\/10\/18\/2148928\/Acoso%20escolar%20escenario%20cultural.pdf<\/li>\n<li class=\"MsoNormal\"><b>Varela, J.<\/b>, Schwaderer, H., C\u00e1rcamo, J. &amp; Oyanedel, J. (2012). Acoso escolar cibern\u00e9tico (ciberbullying) y violencia en el contexto escolar: \u00bfhay una relaci\u00f3n entre ambos tipos de victimizaci\u00f3n? En VII Congreso Nacional de Investigaci\u00f3n sobre Violencia y Delincuencia, Santiago, 28-29 septiembre 2011. Santiago, Chile. Fundaci\u00f3n Paz Ciudadana. Volumen II pp.93-108. Disponible en: http:\/\/www.fileden.com\/files\/2008\/10\/18\/2148928\/Acoso%20escolar%20cibern%C3%A9tico.pdf<\/li>\n<li class=\"MsoNormal\">Blanco, J. &amp; <b>Varela, J.<\/b> (2011). Adaptaci\u00f3n local de pr\u00e1cticas exitosas de prevenci\u00f3n social del delito. En Experiencias en Am\u00e9rica Latina. El desaf\u00edo de evaluar programas de seguridad ciudadana. (pp 13-22). Santiago: Instituto de Asuntos P\u00fablicos. Centro de Estudios en Seguridad Ciudadana. Universidad de Chile. disponible en: http:\/\/www.cesc.uchile.cl\/publicaciones\/sd_08_america_latina.pdf<\/li>\n<li class=\"MsoNormal\">N\u00e9spolo, R., <b>Varela, J.<\/b> &amp; Madriaza, P. (2011). Reflexiones en torno a la violencia escolar en Am\u00e9rica Latina, \u00bfen qu\u00e9 estamos? Bolet\u00edn +Comunidad + Prevenci\u00f3n, 12, pp. 2-6. Santiago: Instituto Asuntos P\u00fablicos. Centro de Estudios en Seguridad Ciudadana. Universidad de Chile. Disponible en: http:\/\/www.comunidadyprevencion.org\/boletines\/com_y_prev_12.pdf<\/li>\n<li class=\"MsoNormal\"><b>Varela, J.<\/b> &amp; Agurto, L. (2011). Acoso escolar, su caracterizaci\u00f3n y modelos de intervenci\u00f3n. Revista Internacional Magisterio, 53. 42-47. Colombia.<\/li>\n<li class=\"MsoNormal\">Blanco, J. &amp; <b>Varela, J.<\/b> (2011). Delincuencia juvenil, violencia y desaf\u00edos para los programas de intervenci\u00f3n. El Observador, 8. 70-81. Santiago de Chile: Servicio Nacional de Menores. Disponible en: http:\/\/www.pazciudadana.cl\/docs\/pub_20111108164211.pdf<\/li>\n<li class=\"MsoNormal\"><b>Varela, J.<\/b> (2011). Efectividad de Estrategias de Prevenci\u00f3n de Violencia Escolar: La Experiencia del Programa Recoleta en Buena. Revista Psykhe, 20(2), 65-78. Disponible en: http:\/\/www.scielo.cl\/scielo.php?pid=S0718-22282011000200006&amp;script=sci_arttext<\/li>\n<li class=\"MsoNormal\"><b>Varela, J.<\/b> (2011). Juventud, violencia y delincuencia desde una mirada de la prevenci\u00f3n social del delito. Revista Observatorio de Juventud. 29(1)8. 39-54. Santiago: Instituto Nacional de la Juventud. Disponible en: http:\/\/www.pazciudadana.cl\/docs\/pub_20110921133215.pdf<\/li>\n<li class=\"MsoNormal\">Lecannelier, F., <b>Varela, J.<\/b>, Astudillo, J., Rodr\u00edguez, J. &amp; Orellana, P. (2011). Adaptaci\u00f3n y validaci\u00f3n del instrumento \u201cInternet experiences questionnaire\u201d a escolares que cursan 7\u00ba a\u00f1o b\u00e1sico a 4\u00ba medio, de la ciudad de Santiago de Chile, en el a\u00f1o 2008. En Sexto Congreso Nacional de Investigaci\u00f3n sobre Violencia y Delincuencia 2010, noviembre 23 y 24 de 2010. (pp.141-162). Santiago, Chile: Fundaci\u00f3n Paz Ciudadana. Disponible en: http:\/\/www.pazciudadana.cl\/docs\/pub_20110920170856.pdf<\/li>\n<li class=\"MsoNormal\">Lecannelier, F., <b>Varela, J.<\/b>, Rodr\u00edguez, J., Hoffmann, M., Flores, F. &amp; Ascanio, L. (2011). Validaci\u00f3n del cuestionario de secundaria de Maltrato entre Iguales por Abuso de Poder (MIAP) para escolares de la ciudad de Concepci\u00f3n. Rev Med Chile 2011; 139: 474-479. Disponible en: http:\/\/www.scielo.cl\/pdf\/rmc\/v139n4\/art09.pdf<\/li>\n<li class=\"MsoNormal\"><b>Varela, J.<\/b> &amp; Lecannelier, F. (2010). Violencia escolar y bullying en Chile. Aportes al proyecto de ley anitbullying desde el modelo Whole School Approach. En Sanhueza, P. ed. Violencia escolar. Una mirada desde la investigaci\u00f3n y los actores educativos (pp.145-160). Valpara\u00edso, Chile: Universidad de Playa Ancha.<\/li>\n<li class=\"MsoNormal\"><b>Varela, J.<\/b> &amp; Astudillo, J. (2010). Aportes para la prevenci\u00f3n de la violencia escolar en Chile. En Sirlop\u00fa, D &amp; Salgado, ed. Infancia y adolescencia en riesgo. Desaf\u00edos y aportes de la psicolog\u00eda en Chile (pp.97-117). Santiago, Chile: Universidad del Desarrollo. Disponible en: http:\/\/psicologia.udd.cl\/cime\/files\/2010\/04\/libro-psicologia_completo-s-registro.pdf<\/li>\n<li class=\"MsoNormal\"><b>Varela, J.<\/b> (2010). Conceptos N\u00ba 17: Mercado de bienes robados. Santiago, Chile, Fundaci\u00f3n Paz Ciudadana, 2010. Disponible en: http:\/\/www.pazciudadana.cl\/docs\/pub_20100825114633.pdf<\/li>\n<li class=\"MsoNormal\"><b>Varela, J.<\/b> &amp; Tijmes, C. (2010). Aprendiendo a convivir en espacios comunes: La supervisi\u00f3n y el monitoreo. Santiago, Chile, Fundaci\u00f3n Paz Ciudadana, 2010. Ficha t\u00e9cnica para el portal www.convivenciaescolar.cl<\/li>\n<li class=\"MsoNormal\"><b>Varela, J.<\/b> (2010). Modelo \u201cPaz Educa\u201d de Fundaci\u00f3n Paz Ciudadana. En Foxley, A., ed. \u201cAprendiendo a vivir juntos\u201d Seminario Internacional \u00bfC\u00f3mo promover una convivencia escolar sin violencia? (pp.223-234). Santiago, Chile: Comisi\u00f3n Nacional Chilena de Cooperaci\u00f3n con UNESCO.<\/li>\n<li class=\"MsoNormal\">Droppelmannn, C. &amp; <b>Varela, J.<\/b> (ed). (2010). Buenas pr\u00e1cticas en rehabilitaci\u00f3n y reinserci\u00f3n de infractores de ley. Primer concurso nacional. Santiago, Chile, Fundaci\u00f3n Paz Ciudadana, 2010. Disponible en: http:\/\/www.pazciudadana.cl\/docs\/pub_20100602181042.pdf<\/li>\n<li class=\"MsoNormal\">Varela, T., Farren, D. &amp; Tijmes, C. (2010). Violencia escolar en educaci\u00f3n b\u00e1sica: Evaluaci\u00f3n de un instrumento para su medici\u00f3n. Santiago, Chile, Fundaci\u00f3n Paz Ciudadana, 2010. Disponible en: http:\/\/www.pazciudadana.cl\/docs\/pub_20100409111517.pdf<\/li>\n<li class=\"MsoNormal\">Tijmes, C. &amp; <b>Varela, J.<\/b> (2009). Resultados programa de prevenci\u00f3n de la violencia en las escuelas \u00abPaz Educa\u00bb. En Fundaci\u00f3n Paz Ciudadana. Quinto Congreso Nacional de Investigaci\u00f3n sobre Violencia y Delincuencia 2008, 20 y 21 de noviembre 2008, (pp.251-266). Santiago. Disponible en: http:\/\/www.pazciudadana.cl\/docs\/pub_20100218170547.pdf<\/li>\n<li class=\"MsoNormal\">Tijmes, C. &amp; <b>Varela, J.<\/b> (2009). Conceptos N\u00ba 11: Seguridad escolar: aplicaci\u00f3n de la metodolog\u00eda \u201cPrevenci\u00f3n del Crimen Mediante el Dise\u00f1o Ambiental\u201d. Santiago, Chile, Fundaci\u00f3n Paz Ciudadana, 2009. Disponible en: http:\/\/www.pazciudadana.cl\/docs\/pub_20100218165954.pdf<\/li>\n<li class=\"MsoNormal\"><b>Varela, J.<\/b>, Tijmes, C. &amp; Sprague, J. (2009). Paz Educa. Prevenci\u00f3n de la violencia escolar. Santiago, Chile, Fundaci\u00f3n Paz Ciudadana, 2009. Disponible en: http:\/\/www.pazciudadana.cl\/docs\/pub_20100218170450.pdf<\/li>\n<li class=\"MsoNormal\">Tijmes, C., <b>Varela, J.<\/b> &amp; Barrera, M. (2009). An\u00e1lisis funcional del comportamiento: una estrategia para el manejo de aula. Santiago, Chile, Fundaci\u00f3n Paz Ciudadana, 2009. Conceptos n\u00ba 6. Disponible en: http:\/\/www.pazciudadana.cl\/docs\/pub_20100218165721.pdf<\/li>\n<li class=\"MsoNormal\"><b>Varela, J.<\/b> &amp; Tijmes, C. (2008) Prevenci\u00f3n de la violencia escolar: Paz Educa. Santiago, Chile, Fundaci\u00f3n Paz Ciudadana, 2008. Conceptos n\u00ba 5. Disponible en: http:\/\/www.pazciudadana.cl\/docs\/pub_20090518161047.pdf<\/li>\n<li class=\"MsoNormal\"><b>Varela, J.<\/b> &amp; Tijmes, C. (2008). Workshop. Violencia escolar: estrategias integrales de prevenci\u00f3n. La experiencia nacional e internacional. Santiago, Chile, Fundaci\u00f3n Paz Ciudadana, 2008. Disponible en: http:\/\/www.pazciudadana.cl\/docs\/pub_20090518164230.pdf<\/li>\n<li class=\"MsoNormal\"><b>Varela, J.<\/b>, Tijmes, C. &amp; Agurto, L. (2007). Juego del Buen Comportamiento: Estrategias de manejo conductual en la sala de clases. Santiago, Chile, Fundaci\u00f3n Paz Ciudadana, 2007.\u00a0 Disponible en: http:\/\/www.pazciudadana.cl\/docs\/pub_20090611112317.pdf<\/li>\n<li class=\"MsoNormal\"><b>Varela, J.<\/b> &amp; Tijmes, C. (2007). Convivencia escolar: recopilaci\u00f3n de experiencias nacionales. Santiago, Chile, Fundaci\u00f3n Paz Ciudadana, 2007. Disponible en: http:\/\/www.pazciudadana.cl\/docs\/pub_20090611110403.pdf<\/li>\n<\/ul>\n\t\t<\/div>\n\t<\/div>\n<\/div>\n"},"identifier":"248b5f6304ba64b56fe461abe63778a02edaa73f","has_credential":["Doctorado en Educaci\u00f3n y Psicolog\u00eda en la Universidad de Michigan, EE.UU.","Master en Psicolog\u00eda, Universidad de Michigan","Mag\u00edster en Psicolog\u00eda Educacional, Pontificia Universidad Cat\u00f3lica de Chile.","Diplomado Pol\u00edticas Sociales: Desarrollo y Pobreza. Universidad Alberto Hurtado","Psic\u00f3logo, Pontificia Universidad Cat\u00f3lica de Chile."],"given_name":"Jorge","family_name":"Varela Torres","name":"Jorge Varela Torres","job_title":"Director CEBCS","telephone":"","note":"","im":"","_self_schedule":null,"_links":{"self":[{"href":"https:\/\/psicologia.udd.cl\/cebcs\/wp-json\/wp\/v2\/people\/32","targetHints":{"allow":["GET"]}}],"collection":[{"href":"https:\/\/psicologia.udd.cl\/cebcs\/wp-json\/wp\/v2\/people"}],"about":[{"href":"https:\/\/psicologia.udd.cl\/cebcs\/wp-json\/wp\/v2\/types\/person"}],"wp:featuredmedia":[{"embeddable":true,"href":"https:\/\/psicologia.udd.cl\/cebcs\/wp-json\/wp\/v2\/media\/235"}],"wp:attachment":[{"href":"https:\/\/psicologia.udd.cl\/cebcs\/wp-json\/wp\/v2\/media?parent=32"}],"wp:term":[{"taxonomy":"people_tax","embeddable":true,"href":"https:\/\/psicologia.udd.cl\/cebcs\/wp-json\/wp\/v2\/people_tax?post=32"},{"taxonomy":"people_areas","embeddable":true,"href":"https:\/\/psicologia.udd.cl\/cebcs\/wp-json\/wp\/v2\/people_areas?post=32"},{"taxonomy":"people_levels","embeddable":true,"href":"https:\/\/psicologia.udd.cl\/cebcs\/wp-json\/wp\/v2\/people_levels?post=32"}],"curies":[{"name":"wp","href":"https:\/\/api.w.org\/{rel}","templated":true}]}}