{"id":250,"date":"2019-06-13T19:12:18","date_gmt":"2019-06-13T19:12:18","guid":{"rendered":"http:\/\/psicologia.udd.cl\/cebcs\/?post_type=person&#038;p=250"},"modified":"2020-09-25T19:12:44","modified_gmt":"2020-09-25T19:12:44","slug":"alejandra-villarroel-gutierrez","status":"publish","type":"person","link":"https:\/\/psicologia.udd.cl\/cebcs\/persona\/alejandra-villarroel-gutierrez\/","featured_media":352,"template":"","people_tax":[32297],"people_areas":[],"people_levels":[],"class_list":["post-250","person","type-person","status-publish","has-post-thumbnail","hentry","people_tax-estudiantes-de-doctorado","people_list-estudiantes-de-doctorado"],"label":"Alejandra Villarroel Guti\u00e9rrez","title":{"rendered":"Alejandra Villarroel Guti\u00e9rrez"},"role":"Doctorante","thumbnail_url":"https:\/\/psicologia.udd.cl\/cebcs\/files\/2019\/06\/images.jpg","email":"a.villarroel@udd.cl","tel_job":"","content":{"rendered":"<div class=\"person-modal person-modal--scl\">\n\t<header class=\"person-modal__header\">\n\t\t<div class=\"person-modal__bg\"><\/div>\n\t\t<div class=\"modal-container\">\n\t\t\t\t\t\t<div class=\"person-modal__media\">\n\t\t\t\t<img width=\"225\" height=\"225\" src=\"https:\/\/psicologia.udd.cl\/cebcs\/files\/2019\/06\/images-62x62.jpg\" class=\"person-modal__image wp-post-image lazyload\" alt=\"\" decoding=\"async\" loading=\"lazy\" sizes=\"auto, (max-width: 225px) 100vw, 225px\" data-src=\"https:\/\/psicologia.udd.cl\/cebcs\/files\/2019\/06\/images.jpg\" data-srcset=\"https:\/\/psicologia.udd.cl\/cebcs\/files\/2019\/06\/images.jpg 225w, https:\/\/psicologia.udd.cl\/cebcs\/files\/2019\/06\/images-150x150.jpg 150w, https:\/\/psicologia.udd.cl\/cebcs\/files\/2019\/06\/images-62x62.jpg 62w, https:\/\/psicologia.udd.cl\/cebcs\/files\/2019\/06\/images-126x126.jpg 126w\" \/>\t\t\t<\/div>\n\t\t\t\t\t\t<div class=\"person-modal__data\">\n\t\t\t\t<h1 class=\"person-modal__name\">Alejandra Villarroel Guti\u00e9rrez<\/h1>\n\t\t\t\t\t\t\t<span class=\"person-modal__description\">Doctorante<\/span>\n\t\t\t\t\t\t\t\t\t\t\t\t\t<a href=\"mailto:&#097;&#046;v&#105;&#108;lar&#114;&#111;&#101;l&#064;&#117;dd.c&#108;\" class=\"person-modal__email\">a.vil&#108;&#97;&#114;&#114;&#111;el&#64;&#117;dd.&#99;l<\/a>\n\t\t\t\t\t\t\t\t\t<\/div>\n\t\t<\/div>\n\t<\/header>\n\t<div class=\"modal-container\">\n\t\t\t<div class=\"person-modal__content text\">\n\t\t\t\t\t\t\t<ul>\n\t\t\t\t\t\t\t<li>Mag\u00edster en Desarrollo Humano a Escala Local y Regional - Universidad de La Frontera.<\/li>\n\t\t\t\t\t\t\t<li>Diplomado Psicodiagn\u00f3stico en ni\u00f1os y adolescentes. Universidad del Desarrollo.<\/li>\n\t\t\t\t\t\t\t<li>Diplomado a distancia \u201cPromoci\u00f3n del buen trato y abordaje de la violencia en la escuela\u201d, Centro de estudio y promoci\u00f3n del Buen Trato, Pontificia Universidad Cat\u00f3lica.<\/li>\n\t\t\t\t\t\t\t<li>Pasant\u00eda Cl\u00ednica en Servicio de Psicolog\u00eda de la Facultad de Psicolog\u00eda de la Universidad del Desarrollo. Sede Concepci\u00f3n.<\/li>\n\t\t\t\t\t\t\t<li>Psic\u00f3loga y Licenciada en Psicolog\u00eda, Universidad de La Frontera.<\/li>\n\t\t\t\t\t\t<\/ul>\n\t\t\t\t\t\t\t\t<p class=\"MsoNormal\"><b>Docencia:<\/b><\/p>\n<p class=\"MsoNormal\">Docente Facultad de Psicolog\u00eda. Universidad del Desarrollo. Sede Concepci\u00f3n. Electivo I: Rol del Psic\u00f3logo en la Comunidad, Responsabilidad P\u00fablica y Taller competencias profesionales IV.<\/p>\n<p class=\"MsoNormal\">Docente Planta Facultad de Psicolog\u00eda. Universidad San Sebasti\u00e1n. Sede Concepci\u00f3n. Coordinadora \u00c1rea Social Comunitaria.<\/p>\n<p class=\"MsoNormal\">Convenio de prestaci\u00f3n de Servicios como Psic\u00f3loga Infanto-Juvenil con Centro de Psiquiatr\u00eda y Psicolog\u00eda de Sanatorio Alem\u00e1n. Concepci\u00f3n.<\/p>\n<p class=\"MsoNormal\"><strong>L\u00edneas de investigaci\u00f3n:<\/strong><\/p>\n<p class=\"MsoNormal\">Sentido de comunidad, bienestar e infancia y Tecnolog\u00edas de Informaci\u00f3n y Comunicaci\u00f3n para el desarrollo.<br \/><!-- [if !supportLineBreakNewLine]--><br \/><!--[endif]--><\/p>\n<p class=\"MsoNormal\"><strong>Investigaciones en curso:<\/strong><\/p>\n<p class=\"MsoNormal\">Personal t\u00e9cnico en proyecto FONDECYT 1180607, \u201cEstudio longitudinal de factores individuales y escolares predictores de la trayectoria del Bienestar Subjetivo durante la adolescencia\u201d.<\/p>\n<p class=\"MsoNormal\"><strong>Investigaciones y publicaciones:<\/strong><\/p>\n<p class=\"MsoNormal\"><strong>Publicaciones<\/strong><\/p>\n<ul>\n<li class=\"MsoNormal\">Garrido, R., <b>Villarroel, A.<\/b>, Morales, M. &amp; Millar, E. (2005) \u201cRed de Informaci\u00f3n Comunitaria: siete a\u00f1os aportando al cierre de la brecha digital en La Araucan\u00eda\u201d. Santiago de Chile: FLACSO<span>\u00a0 <\/span>ISBN 956-205-195-1<\/li>\n<\/ul>\n<p class=\"MsoNormal\"><strong>Divulgaci\u00f3n de Investigaci\u00f3n<\/strong><\/p>\n<ul>\n<li class=\"MsoNormal\">Sentido de Comunidad y Bienestar en la Poblaci\u00f3n Infanto- Juvenil: desaf\u00edos por resolver hacia una intervenci\u00f3n y acci\u00f3n comunitaria. Ponencia Libre. 7\u00aa Conferencia Internacional de Psicolog\u00eda Comunitaria. Santiago. Chile.<\/li>\n<li class=\"MsoNormal\">Construcci\u00f3n narrativa aplicada a la elaboraci\u00f3n de proyectos sociales, en la docencia con estudiantes de psicolog\u00eda, en la ciudad de Concepci\u00f3n, Chile. Presentaci\u00f3n de experiencia junto a H. Sanhueza. 7\u00aa Conferencia Internacional de Psicolog\u00eda Comunitaria. Santiago. Chile.<\/li>\n<li class=\"MsoNormal\">Comunidad y apoyo comunitario percibido, asociaciones posibles con el bienestar subjetivo en adolescente. Mesa tem\u00e1tica: Bienestar subjetivo en la infancia: Dimensiones socio comunitarias y sociodemogr\u00e1ficas. Junto a L. Ditzel y F. Reyes. 7\u00aa Conferencia Internacional de Psicolog\u00eda Comunitaria. Santiago. Chile.<\/li>\n<li class=\"MsoNormal\">Desde la Intervenci\u00f3n Social Comunitaria a la Apropiaci\u00f3n Social de TIC: el camino de la Psicolog\u00eda Comunitaria como aporte a la Inform\u00e1tica Comunitaria. II Conferencia Psicolog\u00eda Comunitaria. Lisboa. Portugal.<\/li>\n<li class=\"MsoNormal\">Evaluaci\u00f3n de la Estrategia de Intervenci\u00f3n Comunitaria de la Red de Informaci\u00f3n Comunitaria de La Araucan\u00eda. Granada Espa\u00f1a.<\/li>\n<li class=\"MsoNormal\">Estrategia de Intervenci\u00f3n Comunitaria de La Red de Informaci\u00f3n Comunitaria de La Araucan\u00eda. IV CONGRESO IBEROAMERICANO DE PSICOLOG\u00cdA. Santiago Chile.<\/li>\n<\/ul>\n<p class=\"MsoNormal\"><strong>Desarrollo de Proyectos<\/strong><\/p>\n<ul>\n<li class=\"MsoNormal\">Implementaci\u00f3n Programa de Capacitaci\u00f3n \u201cLiderazgo y TIC\u201d para miembros de Comunidades Ind\u00edgenas. Universidad Arturo Prat Sede Victoria. Coordinador de Equipo de Especialistas. CONADI<\/li>\n<li class=\"MsoNormal\">Formaci\u00f3n y Tecnolog\u00edas para Emprendimiento Tur\u00edstico. Innova Chile. CORFO. Responsable de Proyecto, coordinaci\u00f3n de gesti\u00f3n y encargada de apropiaci\u00f3n.<\/li>\n<li class=\"MsoNormal\">Visita Virtual en el Hospital. Coordinadora Apropiaci\u00f3n y Coordinaci\u00f3n para la regi\u00f3n del Biob\u00edo. Minsal.<\/li>\n<li class=\"MsoNormal\">Programa Chilenos sin l\u00edmites. Coordinaci\u00f3n para la regi\u00f3n del Biob\u00edo. Microsoft \u2013 ATACH.<\/li>\n<li class=\"MsoNormal\">Fortaleciendo la Asociaci\u00f3n de Telecentro de Chile- IDRC- Canad\u00e1.<\/li>\n<li class=\"MsoNormal\">Desarrollo Modelo de Innovaci\u00f3n Educativa: TIC \u2013 ETP: comunidades de pr\u00e1ctica para liceos t\u00e9cnicos profesionales. Centro de Educaci\u00f3n y Tecnolog\u00eda \u2013 Mineduc.<\/li>\n<li class=\"MsoNormal\">Evaluaci\u00f3n de la Estrategia de Intervenci\u00f3n Comunitaria de la Araucan\u00eda. Red de Informaci\u00f3n Comunitaria de La Araucan\u00eda. Investigador Titular.<\/li>\n<li class=\"MsoNormal\">Estrategia de Intervenci\u00f3n Comunitaria de la Red de Intervenci\u00f3n Comunitaria de La Araucan\u00eda. \u00c1rea Desarrollo Social y Tic. Instituto de Inform\u00e1tica de la Araucan\u00eda.<\/li>\n<li class=\"MsoNormal\">Implementaci\u00f3n de Telecentros Comunitarios en la Red de Informaci\u00f3n Comunitaria de la Araucan\u00eda. Coordinador de Apropiaci\u00f3n. Fondo de Desarrollo de las Telecomunicaciones. Subtel<\/li>\n<li class=\"MsoNormal\">\u201cEstudio Buenas Pr\u00e1cticas de Sustentabilidad en Establecimientos Programa Red Enlaces Abierto a la Comunidad: orientando el dise\u00f1o hacia la sustentabilidad de establecimientos Red I y Red II.\u201d Red Enlaces Abierta a la Comunidad. Mineduc.<\/li>\n<\/ul>\n\t\t<\/div>\n\t<\/div>\n<\/div>\n"},"identifier":"5bb37fc94d1f2bb965fb3a2b4679cbd124aac224","has_credential":["Mag\u00edster en Desarrollo Humano a Escala Local y Regional - Universidad de La Frontera.","Diplomado Psicodiagn\u00f3stico en ni\u00f1os y adolescentes. Universidad del Desarrollo.","Diplomado a distancia \u201cPromoci\u00f3n del buen trato y abordaje de la violencia en la escuela\u201d, Centro de estudio y promoci\u00f3n del Buen Trato, Pontificia Universidad Cat\u00f3lica.","Pasant\u00eda Cl\u00ednica en Servicio de Psicolog\u00eda de la Facultad de Psicolog\u00eda de la Universidad del Desarrollo. Sede Concepci\u00f3n.","Psic\u00f3loga y Licenciada en Psicolog\u00eda, Universidad de La Frontera."],"given_name":"Alejandra","family_name":"Villarroel Guti\u00e9rrez","name":"Alejandra Villarroel Guti\u00e9rrez","job_title":"Doctorante","telephone":"","note":"","im":"","_self_schedule":null,"_links":{"self":[{"href":"https:\/\/psicologia.udd.cl\/cebcs\/wp-json\/wp\/v2\/people\/250","targetHints":{"allow":["GET"]}}],"collection":[{"href":"https:\/\/psicologia.udd.cl\/cebcs\/wp-json\/wp\/v2\/people"}],"about":[{"href":"https:\/\/psicologia.udd.cl\/cebcs\/wp-json\/wp\/v2\/types\/person"}],"wp:featuredmedia":[{"embeddable":true,"href":"https:\/\/psicologia.udd.cl\/cebcs\/wp-json\/wp\/v2\/media\/352"}],"wp:attachment":[{"href":"https:\/\/psicologia.udd.cl\/cebcs\/wp-json\/wp\/v2\/media?parent=250"}],"wp:term":[{"taxonomy":"people_tax","embeddable":true,"href":"https:\/\/psicologia.udd.cl\/cebcs\/wp-json\/wp\/v2\/people_tax?post=250"},{"taxonomy":"people_areas","embeddable":true,"href":"https:\/\/psicologia.udd.cl\/cebcs\/wp-json\/wp\/v2\/people_areas?post=250"},{"taxonomy":"people_levels","embeddable":true,"href":"https:\/\/psicologia.udd.cl\/cebcs\/wp-json\/wp\/v2\/people_levels?post=250"}],"curies":[{"name":"wp","href":"https:\/\/api.w.org\/{rel}","templated":true}]}}