{"id":244,"date":"2019-06-12T16:18:58","date_gmt":"2019-06-12T16:18:58","guid":{"rendered":"http:\/\/psicologia.udd.cl\/cebcs\/?post_type=person&#038;p=244"},"modified":"2020-09-25T19:13:51","modified_gmt":"2020-09-25T19:13:51","slug":"ana-loreto-ditzel-lacoa","status":"publish","type":"person","link":"https:\/\/psicologia.udd.cl\/cebcs\/persona\/ana-loreto-ditzel-lacoa\/","featured_media":245,"template":"","people_tax":[32297],"people_areas":[],"people_levels":[],"class_list":["post-244","person","type-person","status-publish","has-post-thumbnail","hentry","people_tax-estudiantes-de-doctorado","people_list-estudiantes-de-doctorado"],"label":"Ana Loreto Ditzel Lacoa","title":{"rendered":"Ana Loreto Ditzel Lacoa"},"role":"Doctorante","thumbnail_url":"https:\/\/psicologia.udd.cl\/cebcs\/files\/2019\/06\/IMG_1418-e1560356221978.jpg","email":"anaditzel@udd.cl","tel_job":"","content":{"rendered":"<div class=\"person-modal person-modal--scl\">\n\t<header class=\"person-modal__header\">\n\t\t<div class=\"person-modal__bg\"><\/div>\n\t\t<div class=\"modal-container\">\n\t\t\t\t\t\t<div class=\"person-modal__media\">\n\t\t\t\t<img width=\"452\" height=\"500\" src=\"https:\/\/psicologia.udd.cl\/cebcs\/files\/2019\/06\/IMG_1418-e1560356221978-62x62.jpg\" class=\"person-modal__image wp-post-image lazyload\" alt=\"\" decoding=\"async\" loading=\"lazy\" sizes=\"auto, (max-width: 452px) 100vw, 452px\" data-src=\"https:\/\/psicologia.udd.cl\/cebcs\/files\/2019\/06\/IMG_1418-e1560356221978.jpg\" data-srcset=\"https:\/\/psicologia.udd.cl\/cebcs\/files\/2019\/06\/IMG_1418-e1560356221978.jpg 2073w, https:\/\/psicologia.udd.cl\/cebcs\/files\/2019\/06\/IMG_1418-e1560356221978-271x300.jpg 271w, https:\/\/psicologia.udd.cl\/cebcs\/files\/2019\/06\/IMG_1418-e1560356221978-768x849.jpg 768w, https:\/\/psicologia.udd.cl\/cebcs\/files\/2019\/06\/IMG_1418-e1560356221978-926x1024.jpg 926w, https:\/\/psicologia.udd.cl\/cebcs\/files\/2019\/06\/IMG_1418-e1560356221978-868x960.jpg 868w\" \/>\t\t\t<\/div>\n\t\t\t\t\t\t<div class=\"person-modal__data\">\n\t\t\t\t<h1 class=\"person-modal__name\">Ana Loreto Ditzel Lacoa<\/h1>\n\t\t\t\t\t\t\t<span class=\"person-modal__description\">Doctorante<\/span>\n\t\t\t\t\t\t\t\t\t\t\t\t\t<a href=\"mailto:&#097;&#110;ad&#105;&#116;ze&#108;&#064;ud&#100;.&#099;l\" class=\"person-modal__email\">&#97;&#110;&#97;&#100;&#105;&#116;z&#101;l&#64;&#117;dd&#46;c&#108;<\/a>\n\t\t\t\t\t\t\t\t\t<\/div>\n\t\t<\/div>\n\t<\/header>\n\t<div class=\"modal-container\">\n\t\t\t<div class=\"person-modal__content text\">\n\t\t\t\t\t\t\t<ul>\n\t\t\t\t\t\t\t<li>Cursando Programa de Doctorado en Psicolog\u00eda, Salud y Calidad de Vida, Universidad de Girona.<\/li>\n\t\t\t\t\t\t\t<li>Mag\u00edster de Gerencia y Pol\u00edticas P\u00fablica, Universidad Adolfo Ib\u00e1\u00f1ez<\/li>\n\t\t\t\t\t\t\t<li>Psic\u00f3loga, P. Universidad Cat\u00f3lica.<\/li>\n\t\t\t\t\t\t<\/ul>\n\t\t\t\t\t\t\t\t<p class=\"MsoNormal\">ORCID: orcid.org\/0000-0002-0107-2378<\/p>\n<p>&nbsp;<\/p>\n<p class=\"MsoNormal\"><b>Docencia:<\/b><\/p>\n<p class=\"MsoNormal\">Docente Facultad de Psicolog\u00eda Universidad del Desarrollo, \u00e1rea de Psicolog\u00eda social<\/p>\n<p class=\"MsoNormal\">Docente Mag\u00edster Psicolog\u00eda Social, Universidad Adolfo Ib\u00e1\u00f1ez<\/p>\n<p class=\"MsoNormal\">Asesora pol\u00edticas de infancia a trav\u00e9s del ejercicio libre de la profesi\u00f3n<\/p>\n<p>&nbsp;<\/p>\n<p class=\"MsoNormal\"><b><br \/>\nL\u00edneas de investigaci\u00f3n:<\/b><\/p>\n<p class=\"MsoNormal\">Bienestar subjetivo en la infancia y Sistemas locales de ni\u00f1ez y adolescencia.<\/p>\n<p>&nbsp;<\/p>\n<p class=\"MsoNormal\"><b>Investigaciones en curso:<\/b><\/p>\n<p class=\"MsoNormal\">Bienestar subjetivo en ni\u00f1os, ni\u00f1as y adolescentes que participan en programas p\u00fablicos despu\u00e9s de clases en Chile. Tesis Programa de Doctorado Psicolog\u00eda, Salud y Calidad de vida ( 2018-2023). Universidad de la Girona, Espa\u00f1a.<\/p>\n<p class=\"MsoNormal\"><!-- [if !supportLineBreakNewLine]--><br \/><!--[endif]--><b><\/b><\/p>\n<p class=\"MsoNormal\"><b>Investigaciones y publicaciones:<\/b><\/p>\n<ul>\n<li class=\"MsoNormal\">Instituto Intramericano del Ni\u00f1o ( 2012). Lineamientos para la implementaci\u00f3n y gesti\u00f3n de pol\u00edticas p\u00fablicas de protecci\u00f3n integral dirigidas a la Primera infancia. IIN, Organizaci\u00f3n de Estados Americanos, OEA. Montevideo, Uruguay.<\/li>\n<li class=\"MsoNormal\">Centro de Pol\u00edticas P\u00fablicas UC (2011). \u00bfQu\u00e9 Hacer con la Educaci\u00f3n Municipal?\u201d Recomendaciones y Desaf\u00edos para un Nuevo Sistema. CEPPE, Pontificia Universidad Cat\u00f3lica, Santiago de Chile, septiembre.<\/li>\n<li class=\"MsoNormal\">Servicio Nacional de Menores (2004). Estrategias de Intervenci\u00f3n con Ni\u00f1os, Ni\u00f1as y Adolescentes V\u00edctimas de explotaci\u00f3n sexual comercial y estrategias con explotadores\/clientes. Conferencia Explotaci\u00f3n Sexual Infantil, Publicaciones ediciones Sename, Santiago de Chile.<\/li>\n<li class=\"MsoNormal\">Organizaci\u00f3n Internacional del Trabajo (2004). Pol\u00edtica Nacional en la Lucha Contra la explotaci\u00f3n Sexual Comercial Infantil. Memorias Taller Regional Tejiendo el Futuro. Buenas Pr\u00e1cticas en la Lucha Contra la Explotaci\u00f3n Sexual Comercial en Am\u00e9rica Latina y el Caribe, Cartagena de Indias. IPEC. pp.115-128.<\/li>\n<li class=\"MsoNormal\">Instituto Interamericano del Ni\u00f1o (2004). El apoyo a la Familia en sus Funciones Primordiales, un eje fundamental de la Reforma del Sename. XIX Congreso Panamericano del Ni\u00f1o, Instituto Interamericano del Ni\u00f1o, Organizaci\u00f3n de Estados Americanos OEA, M\u00e9xico, 2004<\/li>\n<li class=\"MsoNormal\">Servicio Nacional de Menores (2003). Protecci\u00f3n de la infancia y adolescencia en Chile: las OPD, Servicio Nacional de Menores. Chile. Reformas en materia de infancia y adolescencia., Santiago, Chile: SENAME, dic. pp. 158-166.<\/li>\n<\/ul>\n\t\t<\/div>\n\t<\/div>\n<\/div>\n"},"identifier":"c87b67bc65fd2aad1f73539dc4008c0275500eae","has_credential":["Cursando Programa de Doctorado en Psicolog\u00eda, Salud y Calidad de Vida, Universidad de Girona.","Mag\u00edster de Gerencia y Pol\u00edticas P\u00fablica, Universidad Adolfo Ib\u00e1\u00f1ez","Psic\u00f3loga, P. Universidad Cat\u00f3lica."],"given_name":"Ana Loreto","family_name":"Ditzel Lacoa","name":"Ana Loreto Ditzel Lacoa","job_title":"Doctorante","telephone":"","note":"","im":"","_self_schedule":null,"_links":{"self":[{"href":"https:\/\/psicologia.udd.cl\/cebcs\/wp-json\/wp\/v2\/people\/244","targetHints":{"allow":["GET"]}}],"collection":[{"href":"https:\/\/psicologia.udd.cl\/cebcs\/wp-json\/wp\/v2\/people"}],"about":[{"href":"https:\/\/psicologia.udd.cl\/cebcs\/wp-json\/wp\/v2\/types\/person"}],"wp:featuredmedia":[{"embeddable":true,"href":"https:\/\/psicologia.udd.cl\/cebcs\/wp-json\/wp\/v2\/media\/245"}],"wp:attachment":[{"href":"https:\/\/psicologia.udd.cl\/cebcs\/wp-json\/wp\/v2\/media?parent=244"}],"wp:term":[{"taxonomy":"people_tax","embeddable":true,"href":"https:\/\/psicologia.udd.cl\/cebcs\/wp-json\/wp\/v2\/people_tax?post=244"},{"taxonomy":"people_areas","embeddable":true,"href":"https:\/\/psicologia.udd.cl\/cebcs\/wp-json\/wp\/v2\/people_areas?post=244"},{"taxonomy":"people_levels","embeddable":true,"href":"https:\/\/psicologia.udd.cl\/cebcs\/wp-json\/wp\/v2\/people_levels?post=244"}],"curies":[{"name":"wp","href":"https:\/\/api.w.org\/{rel}","templated":true}]}}