{"id":156,"date":"2017-07-11T18:42:40","date_gmt":"2017-07-11T18:42:40","guid":{"rendered":"http:\/\/psicologia.udd.cl\/cebcs\/?post_type=person&#038;p=156"},"modified":"2020-09-25T19:15:08","modified_gmt":"2020-09-25T19:15:08","slug":"jose-maria-fernandez-de-rota","status":"publish","type":"person","link":"https:\/\/psicologia.udd.cl\/cebcs\/persona\/jose-maria-fernandez-de-rota\/","featured_media":243,"template":"","people_tax":[32291],"people_areas":[],"people_levels":[],"class_list":["post-156","person","type-person","status-publish","has-post-thumbnail","hentry","people_tax-asistentes","people_list-asistentes-de-investigacion"],"label":"Jos\u00e9 Mar\u00eda Fern\u00e1ndez de Rota","title":{"rendered":"Jos\u00e9 Mar\u00eda Fern\u00e1ndez de Rota"},"role":"Asistente de Investigaci\u00f3n","thumbnail_url":"https:\/\/psicologia.udd.cl\/cebcs\/files\/2017\/07\/IMG_2614.jpg","email":"jfernandezderot@udd.cl","tel_job":"","content":{"rendered":"<div class=\"person-modal person-modal--scl\">\n\t<header class=\"person-modal__header\">\n\t\t<div class=\"person-modal__bg\"><\/div>\n\t\t<div class=\"modal-container\">\n\t\t\t\t\t\t<div class=\"person-modal__media\">\n\t\t\t\t<img width=\"500\" height=\"375\" src=\"https:\/\/psicologia.udd.cl\/cebcs\/files\/2017\/07\/IMG_2614-62x62.jpg\" class=\"person-modal__image wp-post-image lazyload\" alt=\"\" decoding=\"async\" loading=\"lazy\" sizes=\"auto, (max-width: 500px) 100vw, 500px\" data-src=\"https:\/\/psicologia.udd.cl\/cebcs\/files\/2017\/07\/IMG_2614.jpg\" data-srcset=\"https:\/\/psicologia.udd.cl\/cebcs\/files\/2017\/07\/IMG_2614.jpg 3264w, https:\/\/psicologia.udd.cl\/cebcs\/files\/2017\/07\/IMG_2614-300x225.jpg 300w, https:\/\/psicologia.udd.cl\/cebcs\/files\/2017\/07\/IMG_2614-768x576.jpg 768w, https:\/\/psicologia.udd.cl\/cebcs\/files\/2017\/07\/IMG_2614-1024x768.jpg 1024w, https:\/\/psicologia.udd.cl\/cebcs\/files\/2017\/07\/IMG_2614-960x720.jpg 960w\" \/>\t\t\t<\/div>\n\t\t\t\t\t\t<div class=\"person-modal__data\">\n\t\t\t\t<h1 class=\"person-modal__name\">Jos\u00e9 Mar\u00eda Fern\u00e1ndez de Rota<\/h1>\n\t\t\t\t\t\t\t<span class=\"person-modal__description\">Asistente de Investigaci\u00f3n<\/span>\n\t\t\t\t\t\t\t\t\t\t\t\t\t<a href=\"mailto:j&#102;&#101;&#114;&#110;&#097;&#110;&#100;ezde&#114;&#111;t&#064;u&#100;&#100;.&#099;l\" class=\"person-modal__email\">j&#102;&#101;&#114;n&#97;nd&#101;&#122;d&#101;&#114;ot&#64;ud&#100;&#46;cl<\/a>\n\t\t\t\t\t\t\t\t\t<\/div>\n\t\t<\/div>\n\t<\/header>\n\t<div class=\"modal-container\">\n\t\t\t<div class=\"person-modal__content text\">\n\t\t\t\t\t\t\t<ul>\n\t\t\t\t\t\t\t<li>Psic\u00f3logo, Universidad del Desarrollo<\/li>\n\t\t\t\t\t\t\t<li>Mag\u00edster en Sociolog\u00eda, Pontificia Universidad Cat\u00f3lica<\/li>\n\t\t\t\t\t\t<\/ul>\n\t\t\t\t\t\t\t\t<p class=\"MsoNormal\"><b>Docencia:<\/b><\/p>\n<p class=\"MsoNormal\">Investigador de la Direcci\u00f3n de Estudios e Innovaci\u00f3n en Fundaci\u00f3n Ciudad del Ni\u00f1o.<\/p>\n<p class=\"MsoNormal\">Docente de Identidad, Cultura &amp; Sociedad y Responsabilidad P\u00fablica en Psicolog\u00eda UDD.<\/p>\n<p>&nbsp;<\/p>\n<p class=\"MsoNormal\"><b>L\u00edneas de investigaci\u00f3n:<\/b><\/p>\n<p class=\"MsoNormal\">Psicolog\u00eda y Pol\u00edticas Sociales, Diagn\u00f3stico, dise\u00f1o y evaluaci\u00f3n de programas sociales, Intervenci\u00f3n Psicosocial.<span>\u00a0\u00a0\u00a0\u00a0\u00a0\u00a0\u00a0\u00a0\u00a0\u00a0\u00a0\u00a0\u00a0\u00a0<\/span><\/p>\n<p>&nbsp;<\/p>\n<p class=\"MsoNormal\"><b>Investigaciones en curso:<\/b><\/p>\n<p class=\"MsoNormal\">Situaci\u00f3n de ni\u00f1os y ni\u00f1as migrantes en comunas de la Regi\u00f3n Metropolitana.<\/p>\n<p class=\"MsoNormal\">Hacia una evaluaci\u00f3n con enfoque ecol\u00f3gico-sist\u00e9mico de intervenciones comunitarias multinivel.<\/p>\n<p class=\"MsoNormal\">El aporte de los psic\u00f3logos y la psicolog\u00eda en la formulaci\u00f3n de pol\u00edticas de infancia en Chile.<b><br \/><!-- [if !supportLineBreakNewLine]--><br \/><!--[endif]--><\/b><\/p>\n<p class=\"MsoNormal\"><b>Investigaciones y publicaciones:<\/b><\/p>\n<p class=\"MsoNormal\"><b><span>Publicaciones:<\/span><\/b><\/p>\n<p class=\"MsoNormal\"><span>Alfaro, J., Guzm\u00e1n, J., Sirlop\u00fa, D., Oyarz\u00fan, D., Reyes, F., Benavente, M., Varela, J. &amp;\u00a0<strong><span>Fern\u00e1ndez de Rota, J.<\/span><\/strong>(2017). Chapter 10. Sense of community mediates the relationship between social and community variables on adolescent life satisfaction. In Tonon, G. (Ed.) Quality of Life in Communities of Latin Countries (pp. 185-204) Springer International Publishing.<\/span><\/p>\n<p>&nbsp;<\/p>\n<p>&nbsp;<\/p>\n<p class=\"MsoNormal\"><b><span>Investigaciones finalizadas: <\/span><\/b><\/p>\n<ul>\n<li class=\"MsoNormal\"><span><span>Tesis de posgrado en Instituto de Sociolog\u00eda PUC: \u201cFormas de agencia pol\u00edtica de los pescadores de la caleta de Ventanas frente a la contaminaci\u00f3n del mar: Un estudio sobre resistencias no espectaculares en contextos de violencias lentas\u201d.<\/span><\/span><\/li>\n<li class=\"MsoNormal\"><span>Ayudante de investigaci\u00f3n en FONDECYT Regular N\u00b01150938 (2015-2017):\u00a0\u201cLa configuraci\u00f3n del campo t\u00e9cnico del psic\u00f3logo en las pol\u00edticas sociales: an\u00e1lisis de la formulaci\u00f3n e implementaci\u00f3n de programas sociales con componente psicosocial\u201d.<\/span><\/li>\n<\/ul>\n\t\t<\/div>\n\t<\/div>\n<\/div>\n"},"identifier":"c62a05adf4a7edea6dc9f953ec658e022c194749","has_credential":["Psic\u00f3logo, Universidad del Desarrollo","Mag\u00edster en Sociolog\u00eda, Pontificia Universidad Cat\u00f3lica"],"given_name":"Jos\u00e9 Mar\u00eda","family_name":"Fern\u00e1ndez de Rota","name":"Jos\u00e9 Mar\u00eda Fern\u00e1ndez de Rota","job_title":"Asistente de Investigaci\u00f3n","telephone":"","note":"","im":"","_self_schedule":null,"_links":{"self":[{"href":"https:\/\/psicologia.udd.cl\/cebcs\/wp-json\/wp\/v2\/people\/156","targetHints":{"allow":["GET"]}}],"collection":[{"href":"https:\/\/psicologia.udd.cl\/cebcs\/wp-json\/wp\/v2\/people"}],"about":[{"href":"https:\/\/psicologia.udd.cl\/cebcs\/wp-json\/wp\/v2\/types\/person"}],"wp:featuredmedia":[{"embeddable":true,"href":"https:\/\/psicologia.udd.cl\/cebcs\/wp-json\/wp\/v2\/media\/243"}],"wp:attachment":[{"href":"https:\/\/psicologia.udd.cl\/cebcs\/wp-json\/wp\/v2\/media?parent=156"}],"wp:term":[{"taxonomy":"people_tax","embeddable":true,"href":"https:\/\/psicologia.udd.cl\/cebcs\/wp-json\/wp\/v2\/people_tax?post=156"},{"taxonomy":"people_areas","embeddable":true,"href":"https:\/\/psicologia.udd.cl\/cebcs\/wp-json\/wp\/v2\/people_areas?post=156"},{"taxonomy":"people_levels","embeddable":true,"href":"https:\/\/psicologia.udd.cl\/cebcs\/wp-json\/wp\/v2\/people_levels?post=156"}],"curies":[{"name":"wp","href":"https:\/\/api.w.org\/{rel}","templated":true}]}}